{"id":897,"date":"2026-02-26T20:39:44","date_gmt":"2026-02-26T19:39:44","guid":{"rendered":"https:\/\/www.isentieridelbenessere.com\/?page_id=897"},"modified":"2026-06-14T17:17:13","modified_gmt":"2026-06-14T15:17:13","slug":"attestati-del-diploma-di-massaggiatore-professionale","status":"publish","type":"page","link":"https:\/\/www.isentieridelbenessere.com\/en\/attestati-del-diploma-di-massaggiatore-professionale\/","title":{"rendered":"Attestati del Diploma di Massaggiatore Professionale"},"content":{"rendered":"<div style=\"height:61px\" aria-hidden=\"true\" class=\"wp-block-spacer\"><\/div>\n\n\n\n<h2 class=\"wp-block-heading has-text-align-center\">\ud83c\udf3f <strong>Diploma di Massaggiatore Professionale \u2013 Le radici del gesto<\/strong><\/h2>\n\n\n\n<div style=\"height:40px\" aria-hidden=\"true\" class=\"wp-block-spacer\"><\/div>\n\n\n\n<p class=\"wp-block-paragraph\">a<\/p>\n\n\n\n<div class=\"wp-block-media-text alignwide is-stacked-on-mobile\"><figure class=\"wp-block-media-text__media\"><img loading=\"lazy\" decoding=\"async\" width=\"678\" height=\"1024\" src=\"https:\/\/www.isentieridelbenessere.com\/wp-content\/uploads\/2026\/02\/tremaestro-massage-therapy-1584711-1-678x1024.jpg\" alt=\"\" class=\"wp-image-904 size-full\" srcset=\"https:\/\/www.isentieridelbenessere.com\/wp-content\/uploads\/2026\/02\/tremaestro-massage-therapy-1584711-1-678x1024.jpg 678w, https:\/\/www.isentieridelbenessere.com\/wp-content\/uploads\/2026\/02\/tremaestro-massage-therapy-1584711-1-199x300.jpg 199w, https:\/\/www.isentieridelbenessere.com\/wp-content\/uploads\/2026\/02\/tremaestro-massage-therapy-1584711-1-768x1160.jpg 768w, https:\/\/www.isentieridelbenessere.com\/wp-content\/uploads\/2026\/02\/tremaestro-massage-therapy-1584711-1-1017x1536.jpg 1017w, https:\/\/www.isentieridelbenessere.com\/wp-content\/uploads\/2026\/02\/tremaestro-massage-therapy-1584711-1-1356x2048.jpg 1356w, https:\/\/www.isentieridelbenessere.com\/wp-content\/uploads\/2026\/02\/tremaestro-massage-therapy-1584711-1-8x12.jpg 8w, https:\/\/www.isentieridelbenessere.com\/wp-content\/uploads\/2026\/02\/tremaestro-massage-therapy-1584711-1-scaled.jpg 1696w\" sizes=\"auto, (max-width: 678px) 100vw, 678px\" \/><\/figure><div class=\"wp-block-media-text__content\">\n<p class=\"has-text-align-center wp-block-paragraph\"><em>Ci sono percorsi che non iniziano da un titolo, ma da un bisogno pi\u00f9 profondo: quello di capire il corpo, di ascoltarlo, di rispettarne i tempi, i silenzi, le domande.<\/em><\/p>\n\n\n\n<p class=\"has-text-align-center wp-block-paragraph\"><em>Il Diploma di Massaggiatore Professionale \u00e8 stato questo: <strong>un cammino fatto di passi diversi<\/strong>, ognuno con la sua voce, ognuno con una qualit\u00e0 che ha lasciato un segno nella mano e nella presenza.<\/em><\/p>\n\n\n\n<p class=\"has-text-align-center wp-block-paragraph\"><em>Non \u00e8 un insieme di tecniche. Non \u00e8 una collezione di attestati. \u00c8 <strong>la nascita di un linguaggio<\/strong>.<\/em><\/p>\n\n\n\n<p class=\"has-text-align-center wp-block-paragraph\"><em>Un linguaggio che si impara toccando, respirando, osservando. Un linguaggio che non si memorizza: si attraversa.<\/em><\/p>\n<\/div><\/div>\n\n\n\n<div style=\"height:40px\" aria-hidden=\"true\" class=\"wp-block-spacer\"><\/div>\n\n\n\n<p class=\"wp-block-paragraph\">.<\/p>\n\n\n\n<h2 class=\"wp-block-heading has-text-align-center\">\ud83c\udf3e <strong><em>Cosa rappresenta questo Diploma nel mio cammino<\/em><\/strong><\/h2>\n\n\n\n<div style=\"height:30px\" aria-hidden=\"true\" class=\"wp-block-spacer\"><\/div>\n\n\n\n<div class=\"wp-block-media-text alignwide has-media-on-the-right is-stacked-on-mobile\"><div class=\"wp-block-media-text__content\">\n<p class=\"has-text-align-center wp-block-paragraph\"><em>Ogni corso \u00e8 stato una soglia.<br>Una piccola trasformazione.<br>Un incontro con un modo diverso di stare davanti al corpo dell\u2019altro.<\/em><\/p>\n\n\n\n<p class=\"has-text-align-center wp-block-paragraph\"><em>In questo percorso ho imparato che:<\/em><\/p>\n\n\n\n<p class=\"has-text-align-center wp-block-paragraph\"><em>la mano non \u00e8 uno strumento, \u00e8 un ascolto<\/em><\/p>\n\n\n\n<p class=\"has-text-align-center wp-block-paragraph\"><em>la tecnica non \u00e8 un fine, \u00e8 una direzione<\/em><\/p>\n\n\n\n<p class=\"has-text-align-center wp-block-paragraph\"><em>il corpo non va \u201caggiustato\u201d, va accompagnato<\/em><\/p>\n\n\n\n<p class=\"has-text-align-center wp-block-paragraph\"><em>il ritmo non si impone, si segue<\/em><\/p>\n\n\n\n<p class=\"has-text-align-center wp-block-paragraph\"><em>la profondit\u00e0 non \u00e8 forza, \u00e8 presenza<\/em><\/p>\n\n\n\n<p class=\"has-text-align-center wp-block-paragraph\"><em>E soprattutto ho imparato che <strong>non si smette mai di imparare<\/strong>.<\/em><\/p>\n\n\n\n<p class=\"has-text-align-center wp-block-paragraph\"><em>Ogni attestato \u00e8 stato una domanda nuova, non una risposta definitiva.<\/em><\/p>\n<\/div><figure class=\"wp-block-media-text__media\"><img loading=\"lazy\" decoding=\"async\" width=\"768\" height=\"1024\" src=\"https:\/\/www.isentieridelbenessere.com\/wp-content\/uploads\/2026\/02\/Foto-di-Engin-Akyurt-da-Pixabay-768x1024.jpg\" alt=\"\" class=\"wp-image-905 size-full\" srcset=\"https:\/\/www.isentieridelbenessere.com\/wp-content\/uploads\/2026\/02\/Foto-di-Engin-Akyurt-da-Pixabay-768x1024.jpg 768w, https:\/\/www.isentieridelbenessere.com\/wp-content\/uploads\/2026\/02\/Foto-di-Engin-Akyurt-da-Pixabay-225x300.jpg 225w, https:\/\/www.isentieridelbenessere.com\/wp-content\/uploads\/2026\/02\/Foto-di-Engin-Akyurt-da-Pixabay-9x12.jpg 9w\" sizes=\"auto, (max-width: 768px) 100vw, 768px\" \/><\/figure><\/div>\n\n\n\n<div style=\"height:40px\" aria-hidden=\"true\" class=\"wp-block-spacer\"><\/div>\n\n\n\n<h2 class=\"wp-block-heading has-text-align-center\">\ud83c\udf31 <strong><em>Come arricchisce il mio modo di lavorare<\/em><\/strong><\/h2>\n\n\n\n<div style=\"height:40px\" aria-hidden=\"true\" class=\"wp-block-spacer\"><\/div>\n\n\n\n<div class=\"wp-block-media-text alignwide is-stacked-on-mobile\"><figure class=\"wp-block-media-text__media\"><img loading=\"lazy\" decoding=\"async\" width=\"1024\" height=\"576\" src=\"https:\/\/www.isentieridelbenessere.com\/wp-content\/uploads\/2026\/02\/Foto-di-Ced-Cl-da-Pixabay-1024x576.jpg\" alt=\"\" class=\"wp-image-907 size-full\" srcset=\"https:\/\/www.isentieridelbenessere.com\/wp-content\/uploads\/2026\/02\/Foto-di-Ced-Cl-da-Pixabay-1024x576.jpg 1024w, https:\/\/www.isentieridelbenessere.com\/wp-content\/uploads\/2026\/02\/Foto-di-Ced-Cl-da-Pixabay-300x169.jpg 300w, https:\/\/www.isentieridelbenessere.com\/wp-content\/uploads\/2026\/02\/Foto-di-Ced-Cl-da-Pixabay-768x432.jpg 768w, https:\/\/www.isentieridelbenessere.com\/wp-content\/uploads\/2026\/02\/Foto-di-Ced-Cl-da-Pixabay-1536x864.jpg 1536w, https:\/\/www.isentieridelbenessere.com\/wp-content\/uploads\/2026\/02\/Foto-di-Ced-Cl-da-Pixabay-2048x1152.jpg 2048w, https:\/\/www.isentieridelbenessere.com\/wp-content\/uploads\/2026\/02\/Foto-di-Ced-Cl-da-Pixabay-18x10.jpg 18w\" sizes=\"auto, (max-width: 1024px) 100vw, 1024px\" \/><\/figure><div class=\"wp-block-media-text__content\">\n<p class=\"has-text-align-center wp-block-paragraph\"><em>Questo Diploma ha portato nella mia pratica tre qualit\u00e0 che oggi sono fondamentali:<\/em><\/p>\n<\/div><\/div>\n\n\n\n<div style=\"height:40px\" aria-hidden=\"true\" class=\"wp-block-spacer\"><\/div>\n\n\n\n<div class=\"wp-block-media-text alignwide has-media-on-the-right is-stacked-on-mobile\"><div class=\"wp-block-media-text__content\">\n<p class=\"has-text-align-center wp-block-paragraph\"><em><strong>Presenza<\/strong><\/em><\/p>\n\n\n\n<p class=\"has-text-align-center wp-block-paragraph\"><em>Il trattamento inizia prima del tocco:<br>nel modo in cui entro nella stanza, nel modo in cui respiro, nel modo in cui ascolto.<\/em><\/p>\n<\/div><figure class=\"wp-block-media-text__media\"><img loading=\"lazy\" decoding=\"async\" width=\"1024\" height=\"685\" src=\"https:\/\/www.isentieridelbenessere.com\/wp-content\/uploads\/2026\/02\/Foto-di-Heike-Frohnhoff-1-da-Pixabay-1024x685.jpg\" alt=\"\" class=\"wp-image-908 size-full\" srcset=\"https:\/\/www.isentieridelbenessere.com\/wp-content\/uploads\/2026\/02\/Foto-di-Heike-Frohnhoff-1-da-Pixabay-1024x685.jpg 1024w, https:\/\/www.isentieridelbenessere.com\/wp-content\/uploads\/2026\/02\/Foto-di-Heike-Frohnhoff-1-da-Pixabay-300x201.jpg 300w, https:\/\/www.isentieridelbenessere.com\/wp-content\/uploads\/2026\/02\/Foto-di-Heike-Frohnhoff-1-da-Pixabay-768x514.jpg 768w, https:\/\/www.isentieridelbenessere.com\/wp-content\/uploads\/2026\/02\/Foto-di-Heike-Frohnhoff-1-da-Pixabay-1536x1028.jpg 1536w, https:\/\/www.isentieridelbenessere.com\/wp-content\/uploads\/2026\/02\/Foto-di-Heike-Frohnhoff-1-da-Pixabay-2048x1371.jpg 2048w, https:\/\/www.isentieridelbenessere.com\/wp-content\/uploads\/2026\/02\/Foto-di-Heike-Frohnhoff-1-da-Pixabay-18x12.jpg 18w\" sizes=\"auto, (max-width: 1024px) 100vw, 1024px\" \/><\/figure><\/div>\n\n\n\n<div style=\"height:30px\" aria-hidden=\"true\" class=\"wp-block-spacer\"><\/div>\n\n\n\n<div class=\"wp-block-media-text alignwide is-stacked-on-mobile\"><figure class=\"wp-block-media-text__media\"><img loading=\"lazy\" decoding=\"async\" width=\"1024\" height=\"683\" src=\"https:\/\/www.isentieridelbenessere.com\/wp-content\/uploads\/2026\/02\/Foto-di-Milius007-1-da-Pixabay-1024x683.jpg\" alt=\"\" class=\"wp-image-909 size-full\" srcset=\"https:\/\/www.isentieridelbenessere.com\/wp-content\/uploads\/2026\/02\/Foto-di-Milius007-1-da-Pixabay-1024x683.jpg 1024w, https:\/\/www.isentieridelbenessere.com\/wp-content\/uploads\/2026\/02\/Foto-di-Milius007-1-da-Pixabay-300x200.jpg 300w, https:\/\/www.isentieridelbenessere.com\/wp-content\/uploads\/2026\/02\/Foto-di-Milius007-1-da-Pixabay-768x512.jpg 768w, https:\/\/www.isentieridelbenessere.com\/wp-content\/uploads\/2026\/02\/Foto-di-Milius007-1-da-Pixabay-1536x1024.jpg 1536w, https:\/\/www.isentieridelbenessere.com\/wp-content\/uploads\/2026\/02\/Foto-di-Milius007-1-da-Pixabay-2048x1365.jpg 2048w, https:\/\/www.isentieridelbenessere.com\/wp-content\/uploads\/2026\/02\/Foto-di-Milius007-1-da-Pixabay-18x12.jpg 18w\" sizes=\"auto, (max-width: 1024px) 100vw, 1024px\" \/><\/figure><div class=\"wp-block-media-text__content\">\n<p class=\"has-text-align-center wp-block-paragraph\"><strong><em>Chiarezza<\/em><\/strong><\/p>\n\n\n\n<p class=\"has-text-align-center wp-block-paragraph\"><em>Ho imparato a scegliere il gesto giusto, non quello pi\u00f9 complesso.<br>A distinguere ci\u00f2 che serve da ci\u00f2 che \u00e8 superfluo.<\/em><\/p>\n<\/div><\/div>\n\n\n\n<div style=\"height:31px\" aria-hidden=\"true\" class=\"wp-block-spacer\"><\/div>\n\n\n\n<div class=\"wp-block-media-text alignwide has-media-on-the-right is-stacked-on-mobile\"><div class=\"wp-block-media-text__content\">\n<p class=\"has-text-align-center wp-block-paragraph\"><em><strong>Umilt\u00e0 del cammino<\/strong><\/em><\/p>\n\n\n\n<p class=\"has-text-align-center wp-block-paragraph\"><em>Ogni corpo \u00e8 un mondo.<br>Ogni incontro \u00e8 unico.<br>Ogni trattamento \u00e8 un dialogo che non si ripete mai allo stesso modo.<\/em><\/p>\n<\/div><figure class=\"wp-block-media-text__media\"><img loading=\"lazy\" decoding=\"async\" width=\"1024\" height=\"681\" src=\"https:\/\/www.isentieridelbenessere.com\/wp-content\/uploads\/2026\/02\/Foto-di-giuseppeblu-da-Pixabay-1024x681.jpg\" alt=\"\" class=\"wp-image-910 size-full\" srcset=\"https:\/\/www.isentieridelbenessere.com\/wp-content\/uploads\/2026\/02\/Foto-di-giuseppeblu-da-Pixabay-1024x681.jpg 1024w, https:\/\/www.isentieridelbenessere.com\/wp-content\/uploads\/2026\/02\/Foto-di-giuseppeblu-da-Pixabay-300x200.jpg 300w, https:\/\/www.isentieridelbenessere.com\/wp-content\/uploads\/2026\/02\/Foto-di-giuseppeblu-da-Pixabay-768x511.jpg 768w, https:\/\/www.isentieridelbenessere.com\/wp-content\/uploads\/2026\/02\/Foto-di-giuseppeblu-da-Pixabay-1536x1022.jpg 1536w, https:\/\/www.isentieridelbenessere.com\/wp-content\/uploads\/2026\/02\/Foto-di-giuseppeblu-da-Pixabay-2048x1363.jpg 2048w, https:\/\/www.isentieridelbenessere.com\/wp-content\/uploads\/2026\/02\/Foto-di-giuseppeblu-da-Pixabay-18x12.jpg 18w\" sizes=\"auto, (max-width: 1024px) 100vw, 1024px\" \/><\/figure><\/div>\n\n\n\n<div style=\"height:41px\" aria-hidden=\"true\" class=\"wp-block-spacer\"><\/div>\n\n\n\n<h2 class=\"wp-block-heading has-text-align-center\">\ud83c\udf0a<em> <strong>Verso gli attestati<\/strong><\/em><\/h2>\n\n\n\n<div style=\"height:40px\" aria-hidden=\"true\" class=\"wp-block-spacer\"><\/div>\n\n\n\n<div class=\"wp-block-media-text alignwide is-stacked-on-mobile\"><figure class=\"wp-block-media-text__media\"><img loading=\"lazy\" decoding=\"async\" width=\"1024\" height=\"683\" src=\"https:\/\/www.isentieridelbenessere.com\/wp-content\/uploads\/2026\/02\/Foto-di-\ud83c\udd93-Use-at-your-Ease-\ud83d\udc4c\ud83c\udffc-da-Pixabay-1024x683.jpg\" alt=\"\" class=\"wp-image-911 size-full\" srcset=\"https:\/\/www.isentieridelbenessere.com\/wp-content\/uploads\/2026\/02\/Foto-di-\ud83c\udd93-Use-at-your-Ease-\ud83d\udc4c\ud83c\udffc-da-Pixabay-1024x683.jpg 1024w, https:\/\/www.isentieridelbenessere.com\/wp-content\/uploads\/2026\/02\/Foto-di-\ud83c\udd93-Use-at-your-Ease-\ud83d\udc4c\ud83c\udffc-da-Pixabay-300x200.jpg 300w, https:\/\/www.isentieridelbenessere.com\/wp-content\/uploads\/2026\/02\/Foto-di-\ud83c\udd93-Use-at-your-Ease-\ud83d\udc4c\ud83c\udffc-da-Pixabay-768x512.jpg 768w, https:\/\/www.isentieridelbenessere.com\/wp-content\/uploads\/2026\/02\/Foto-di-\ud83c\udd93-Use-at-your-Ease-\ud83d\udc4c\ud83c\udffc-da-Pixabay-1536x1024.jpg 1536w, https:\/\/www.isentieridelbenessere.com\/wp-content\/uploads\/2026\/02\/Foto-di-\ud83c\udd93-Use-at-your-Ease-\ud83d\udc4c\ud83c\udffc-da-Pixabay-2048x1365.jpg 2048w, https:\/\/www.isentieridelbenessere.com\/wp-content\/uploads\/2026\/02\/Foto-di-\ud83c\udd93-Use-at-your-Ease-\ud83d\udc4c\ud83c\udffc-da-Pixabay-18x12.jpg 18w\" sizes=\"auto, (max-width: 1024px) 100vw, 1024px\" \/><\/figure><div class=\"wp-block-media-text__content\">\n<p class=\"has-text-align-center wp-block-paragraph\"><em>Ogni attestato che segue non \u00e8 un documento da mostrare, ma <strong>una tappa del sentiero<\/strong> che ha formato la mia mano e la mia presenza.<\/em><\/p>\n\n\n\n<p class=\"has-text-align-center wp-block-paragraph\"><em>Sono corsi che hanno affinato il gesto, hanno dato radici alla tecnica, hanno aperto spazi nuovi nel modo di ascoltare.<\/em><\/p>\n\n\n\n<p class=\"has-text-align-center wp-block-paragraph\"><em>Ognuno di essi porta con s\u00e9 una qualit\u00e0, un insegnamento, una piccola rivoluzione silenziosa<\/em>.<\/p>\n<\/div><\/div>\n\n\n\n<div style=\"height:93px\" aria-hidden=\"true\" class=\"wp-block-spacer\"><\/div>\n\n\n\n<figure class=\"wp-block-image size-large\"><img loading=\"lazy\" decoding=\"async\" width=\"1024\" height=\"683\" src=\"https:\/\/www.isentieridelbenessere.com\/wp-content\/uploads\/2026\/02\/Foto-di-THO-VUONG-HONG-da-Pixabay-1024x683.jpg\" alt=\"\" class=\"wp-image-912\" srcset=\"https:\/\/www.isentieridelbenessere.com\/wp-content\/uploads\/2026\/02\/Foto-di-THO-VUONG-HONG-da-Pixabay-1024x683.jpg 1024w, https:\/\/www.isentieridelbenessere.com\/wp-content\/uploads\/2026\/02\/Foto-di-THO-VUONG-HONG-da-Pixabay-300x200.jpg 300w, https:\/\/www.isentieridelbenessere.com\/wp-content\/uploads\/2026\/02\/Foto-di-THO-VUONG-HONG-da-Pixabay-768x512.jpg 768w, https:\/\/www.isentieridelbenessere.com\/wp-content\/uploads\/2026\/02\/Foto-di-THO-VUONG-HONG-da-Pixabay-1536x1024.jpg 1536w, https:\/\/www.isentieridelbenessere.com\/wp-content\/uploads\/2026\/02\/Foto-di-THO-VUONG-HONG-da-Pixabay-2048x1365.jpg 2048w, https:\/\/www.isentieridelbenessere.com\/wp-content\/uploads\/2026\/02\/Foto-di-THO-VUONG-HONG-da-Pixabay-18x12.jpg 18w\" sizes=\"auto, (max-width: 1024px) 100vw, 1024px\" \/><\/figure>\n\n\n\n<div style=\"height:30px\" aria-hidden=\"true\" class=\"wp-block-spacer\"><\/div>\n\n\n\n<h2 class=\"wp-block-heading has-text-align-center\">\ud83c\udf19<em><strong>\u201cIl gesto che nasce\u201d<\/strong><\/em><\/h2>\n\n\n\n<div style=\"height:15px\" aria-hidden=\"true\" class=\"wp-block-spacer\"><\/div>\n\n\n\n<p class=\"has-text-align-center wp-block-paragraph\"><em>Ci sono gesti che non si imparano, ma si rivelano.<\/em><\/p>\n\n\n\n<p class=\"has-text-align-center wp-block-paragraph\"><em>Come un seme che rompe la terra senza chiedere permesso, cos\u00ec la mano trova il suo modo di toccare il mondo.<\/em><\/p>\n\n\n\n<p class=\"has-text-align-center wp-block-paragraph\"><em>Non \u00e8 tecnica, non \u00e8 memoria, \u00e8 un ritorno.<\/em><\/p>\n\n\n\n<p class=\"has-text-align-center wp-block-paragraph\"><em>Un ritorno alla semplicit\u00e0, alla verit\u00e0 del corpo, alla presenza che non chiede nulla eppure d\u00e0 tutto.<\/em><\/p>\n\n\n\n<div style=\"height:60px\" aria-hidden=\"true\" class=\"wp-block-spacer\"><\/div>\n\n\n\n<h2 class=\"wp-block-heading has-text-align-center\">\ud83c\udf0a<em><strong>Un cammino che si fa gesto, presenza, radice<\/strong><\/em><\/h2>\n\n\n\n<div style=\"height:31px\" aria-hidden=\"true\" class=\"wp-block-spacer\"><\/div>\n\n\n\n<div class=\"wp-block-media-text alignwide is-stacked-on-mobile\"><figure class=\"wp-block-media-text__media\"><img loading=\"lazy\" decoding=\"async\" width=\"786\" height=\"1024\" src=\"https:\/\/www.isentieridelbenessere.com\/wp-content\/uploads\/2026\/02\/Foto-di-Gundula-Vogel-1-da-Pixabay-786x1024.jpg\" alt=\"\" class=\"wp-image-899 size-full\" srcset=\"https:\/\/www.isentieridelbenessere.com\/wp-content\/uploads\/2026\/02\/Foto-di-Gundula-Vogel-1-da-Pixabay-786x1024.jpg 786w, https:\/\/www.isentieridelbenessere.com\/wp-content\/uploads\/2026\/02\/Foto-di-Gundula-Vogel-1-da-Pixabay-230x300.jpg 230w, https:\/\/www.isentieridelbenessere.com\/wp-content\/uploads\/2026\/02\/Foto-di-Gundula-Vogel-1-da-Pixabay-768x1001.jpg 768w, https:\/\/www.isentieridelbenessere.com\/wp-content\/uploads\/2026\/02\/Foto-di-Gundula-Vogel-1-da-Pixabay-1179x1536.jpg 1179w, https:\/\/www.isentieridelbenessere.com\/wp-content\/uploads\/2026\/02\/Foto-di-Gundula-Vogel-1-da-Pixabay-1572x2048.jpg 1572w, https:\/\/www.isentieridelbenessere.com\/wp-content\/uploads\/2026\/02\/Foto-di-Gundula-Vogel-1-da-Pixabay-9x12.jpg 9w, https:\/\/www.isentieridelbenessere.com\/wp-content\/uploads\/2026\/02\/Foto-di-Gundula-Vogel-1-da-Pixabay-scaled.jpg 1964w\" sizes=\"auto, (max-width: 786px) 100vw, 786px\" \/><\/figure><div class=\"wp-block-media-text__content\">\n<p class=\"has-text-align-center wp-block-paragraph\"><em>Ogni attestato che compone questo Diploma non \u00e8 solo un documento: \u00e8 <strong>una soglia attraversata<\/strong>, un incontro con il corpo, un passo che affina la mano e la rende pi\u00f9 consapevole.<\/em><\/p>\n\n\n\n<p class=\"has-text-align-center wp-block-paragraph\"><em>Questa pagina raccoglie le tappe fondamentali del percorso, ognuna con la sua identit\u00e0, il suo ritmo, la sua impronta. Sono attestati che non parlano solo di tecnica, ma di <strong>cura, ascolto, responsabilit\u00e0<\/strong>.<\/em><\/p>\n<\/div><\/div>\n\n\n\n<div style=\"height:29px\" aria-hidden=\"true\" class=\"wp-block-spacer\"><\/div>\n\n\n\n<p class=\"has-text-align-center wp-block-paragraph\"><em>Quello che segue non \u00e8 un elenco, ma <strong>la mappa di un cammino<\/strong>. Ogni attestato \u00e8 una tappa, ogni tappa una trasformazione, ogni trasformazione un nuovo modo di stare davanti al corpo dell\u2019altro.<\/em><\/p>\n\n\n\n<div style=\"height:21px\" aria-hidden=\"true\" class=\"wp-block-spacer\"><\/div>\n\n\n\n<div style=\"height:20px\" aria-hidden=\"true\" class=\"wp-block-spacer\"><\/div>\n\n\n\n<h2 class=\"wp-block-heading has-text-align-center\">\ud83c\udf3f <strong><em>Attestati del Diploma di Massaggiatore Professionale<\/em><\/strong><\/h2>\n\n\n\n<div style=\"height:41px\" aria-hidden=\"true\" class=\"wp-block-spacer\"><\/div>\n\n\n\n<h2 class=\"wp-block-heading has-text-align-center\">\ud83c\udf3f<em><strong>Corso<\/strong><\/em> <strong>Massaggio Base   La prima soglia<\/strong><\/h2>\n\n\n\n<div style=\"height:43px\" aria-hidden=\"true\" class=\"wp-block-spacer\"><\/div>\n\n\n\n<p class=\"has-text-align-center wp-block-paragraph\">\ud83c\udf43<em>Ogni cammino inizia da un gesto semplice. Un gesto che non pretende, non corregge, non interviene: ascolta. Il Massaggio Base \u00e8 stato la mia prima soglia, il luogo dove ho imparato che la mano non serve a \u201cfare\u201d, ma a sentire.<\/em><\/p>\n\n\n\n<div style=\"height:30px\" aria-hidden=\"true\" class=\"wp-block-spacer\"><\/div>\n\n\n\n<div class=\"wp-block-media-text alignwide is-stacked-on-mobile\"><figure class=\"wp-block-media-text__media\"><img loading=\"lazy\" decoding=\"async\" width=\"744\" height=\"1024\" src=\"https:\/\/www.isentieridelbenessere.com\/wp-content\/uploads\/2026\/02\/Foto-di-Leonhard-Niederwimmer-da-Pixabay-744x1024.jpg\" alt=\"\" class=\"wp-image-914 size-full\" srcset=\"https:\/\/www.isentieridelbenessere.com\/wp-content\/uploads\/2026\/02\/Foto-di-Leonhard-Niederwimmer-da-Pixabay-744x1024.jpg 744w, https:\/\/www.isentieridelbenessere.com\/wp-content\/uploads\/2026\/02\/Foto-di-Leonhard-Niederwimmer-da-Pixabay-218x300.jpg 218w, https:\/\/www.isentieridelbenessere.com\/wp-content\/uploads\/2026\/02\/Foto-di-Leonhard-Niederwimmer-da-Pixabay-768x1057.jpg 768w, https:\/\/www.isentieridelbenessere.com\/wp-content\/uploads\/2026\/02\/Foto-di-Leonhard-Niederwimmer-da-Pixabay-1116x1536.jpg 1116w, https:\/\/www.isentieridelbenessere.com\/wp-content\/uploads\/2026\/02\/Foto-di-Leonhard-Niederwimmer-da-Pixabay-1488x2048.jpg 1488w, https:\/\/www.isentieridelbenessere.com\/wp-content\/uploads\/2026\/02\/Foto-di-Leonhard-Niederwimmer-da-Pixabay-9x12.jpg 9w, https:\/\/www.isentieridelbenessere.com\/wp-content\/uploads\/2026\/02\/Foto-di-Leonhard-Niederwimmer-da-Pixabay-scaled.jpg 1860w\" sizes=\"auto, (max-width: 744px) 100vw, 744px\" \/><\/figure><div class=\"wp-block-media-text__content\">\n<p class=\"has-text-align-center wp-block-paragraph\"><strong><em>Poesia<\/em><\/strong> \ud83c\udf43<strong><em> prima soglia\u201d<\/em><\/strong><\/p>\n\n\n\n<p class=\"has-text-align-center wp-block-paragraph\"><em>C\u2019\u00e8 un momento in cui il tocco diventa presenza.<br>Un istante in cui la mano smette di cercare<br>e comincia ad ascoltare ci\u00f2 che incontra.<br>\u00c8 da qui che nasce ogni cammino.<\/em><\/p>\n\n\n\n<p class=\"has-text-align-center wp-block-paragraph\"><em>La mano si posa,<br>ascolta,<br>impara il ritmo dell\u2019altro.<br>\u00c8 qui che il cammino comincia.<\/em><\/p>\n\n\n\n<p class=\"has-text-align-center wp-block-paragraph\"><em>\u2019\u00e8 un istante in cui la mano si ferma e il mondo sembra respirare pi\u00f9 piano. Non c\u2019\u00e8 fretta, non c\u2019\u00e8 scopo, solo un ascolto che si apre come una porta socchiusa.<\/em><\/p>\n\n\n\n<p class=\"has-text-align-center wp-block-paragraph\"><em>Il corpo non chiede risposte, chiede presenza. Chiede un gesto che non giudica, che non pretende di cambiare nulla, che semplicemente accompagna ci\u00f2 che gi\u00e0 c\u2019\u00e8.<\/em><\/p>\n\n\n\n<p class=\"has-text-align-center wp-block-paragraph\"><em>In quel silenzio nasce il massaggio base: un linguaggio semplice, fatto di ritmo, calore e rispetto. Un linguaggio che non vuole risolvere, ma incontrare.<\/em><\/p>\n\n\n\n<p class=\"has-text-align-center wp-block-paragraph\"><em>E in questo incontro, qualcosa si distende, non per effetto del gesto, ma per la quiete che si crea intorno.<\/em><\/p>\n<\/div><\/div>\n\n\n\n<div style=\"height:40px\" aria-hidden=\"true\" class=\"wp-block-spacer\"><\/div>\n\n\n\n<div class=\"wp-block-media-text alignwide has-media-on-the-right is-stacked-on-mobile\"><div class=\"wp-block-media-text__content\">\n<p class=\"has-text-align-center wp-block-paragraph\">\ud83c\udf43 <strong><em>Spiegazione tecnica<\/em><\/strong><\/p>\n\n\n\n<p class=\"has-text-align-center wp-block-paragraph\"><em>Il corso di Massaggio Base mi ha insegnato le fondamenta del lavoro corporeo non sanitario ne estetico:<\/em><\/p>\n\n\n\n<p class=\"has-text-align-center wp-block-paragraph\"><em>manovre semplici e rispettose<\/em><\/p>\n\n\n\n<p class=\"has-text-align-center wp-block-paragraph\"><em>ascolto del ritmo naturale della persona<\/em><\/p>\n\n\n\n<p class=\"has-text-align-center wp-block-paragraph\"><em>uso consapevole delle mani per favorire rilassamento e comfort<\/em><\/p>\n\n\n\n<p class=\"has-text-align-center wp-block-paragraph\"><em>attenzione alla postura, al respiro e alla qualit\u00e0 del contatto<\/em><\/p>\n<\/div><figure class=\"wp-block-media-text__media\"><img loading=\"lazy\" decoding=\"async\" width=\"706\" height=\"546\" src=\"https:\/\/www.isentieridelbenessere.com\/wp-content\/uploads\/2026\/02\/Corso-Massaggio-Base-2.jpg\" alt=\"\" class=\"wp-image-917 size-full\" srcset=\"https:\/\/www.isentieridelbenessere.com\/wp-content\/uploads\/2026\/02\/Corso-Massaggio-Base-2.jpg 706w, https:\/\/www.isentieridelbenessere.com\/wp-content\/uploads\/2026\/02\/Corso-Massaggio-Base-2-300x232.jpg 300w, https:\/\/www.isentieridelbenessere.com\/wp-content\/uploads\/2026\/02\/Corso-Massaggio-Base-2-16x12.jpg 16w\" sizes=\"auto, (max-width: 706px) 100vw, 706px\" \/><\/figure><\/div>\n\n\n\n<div style=\"height:28px\" aria-hidden=\"true\" class=\"wp-block-spacer\"><\/div>\n\n\n\n<p class=\"has-text-align-center wp-block-paragraph\"><em>Questo tipo di massaggio <strong>non ha finalit\u00e0 terapeutiche, sanitarie o estetiche<\/strong>. \u00c8 un trattamento di benessere generale, rivolto alla distensione e alla percezione del proprio corpo.<\/em><\/p>\n\n\n\n<p class=\"has-text-align-center wp-block-paragraph\"><em>Per qualsiasi dolore, disturbo, tensione persistente o condizione specifica, la persona deve sempre rivolgersi alle figure sanitarie o estetiche competenti.<br>Il mio lavoro si colloca in un\u2019altra dimensione: quella dell\u2019ascolto, della presenza e del benessere naturale.<\/em><\/p>\n\n\n\n<div style=\"height:31px\" aria-hidden=\"true\" class=\"wp-block-spacer\"><\/div>\n\n\n\n<div class=\"wp-block-media-text alignwide is-stacked-on-mobile\"><figure class=\"wp-block-media-text__media\"><img loading=\"lazy\" decoding=\"async\" width=\"1024\" height=\"683\" src=\"https:\/\/www.isentieridelbenessere.com\/wp-content\/uploads\/2026\/02\/evamichalkova-scent-8328482-1-1-1024x683.png\" alt=\"\" class=\"wp-image-919 size-full\" srcset=\"https:\/\/www.isentieridelbenessere.com\/wp-content\/uploads\/2026\/02\/evamichalkova-scent-8328482-1-1-1024x683.png 1024w, https:\/\/www.isentieridelbenessere.com\/wp-content\/uploads\/2026\/02\/evamichalkova-scent-8328482-1-1-300x200.png 300w, https:\/\/www.isentieridelbenessere.com\/wp-content\/uploads\/2026\/02\/evamichalkova-scent-8328482-1-1-768x512.png 768w, https:\/\/www.isentieridelbenessere.com\/wp-content\/uploads\/2026\/02\/evamichalkova-scent-8328482-1-1-1536x1024.png 1536w, https:\/\/www.isentieridelbenessere.com\/wp-content\/uploads\/2026\/02\/evamichalkova-scent-8328482-1-1-2048x1365.png 2048w, https:\/\/www.isentieridelbenessere.com\/wp-content\/uploads\/2026\/02\/evamichalkova-scent-8328482-1-1-18x12.png 18w\" sizes=\"auto, (max-width: 1024px) 100vw, 1024px\" \/><\/figure><div class=\"wp-block-media-text__content\">\n<p class=\"has-text-align-center wp-block-paragraph\"><em>Da questa prima soglia ho imparato che la mano non guida: accompagna. E quando il gesto trova la sua radice, pu\u00f2 incontrare la profondit\u00e0 del corpo con pi\u00f9 consapevolezza.<\/em><\/p>\n<\/div><\/div>\n\n\n\n<div style=\"height:40px\" aria-hidden=\"true\" class=\"wp-block-spacer\"><\/div>\n\n\n\n<p class=\"has-text-align-center wp-block-paragraph\">\ud83c\udf2c\ufe0f<em>Il passo successivo nasce proprio da qui: dalla necessit\u00e0 di comprendere come lavorare sulle tensioni senza forzare, con un gesto che scende in profondit\u00e0 rimanendo sempre rispettoso. Cos\u00ec inizia il cammino verso il Massaggio Decontratturante.<\/em><\/p>\n\n\n\n<p class=\"wp-block-paragraph\"><\/p>\n\n\n\n<h2 class=\"wp-block-heading has-text-align-center\">\ud83c\udf3f<em><strong> Massaggio Decontratturante   La forza che ascolta<\/strong><\/em><\/h2>\n\n\n\n<div style=\"height:29px\" aria-hidden=\"true\" class=\"wp-block-spacer\"><\/div>\n\n\n\n<p class=\"has-text-align-center wp-block-paragraph\">\ud83c\udf2c\ufe0f   <em>Il cammino prosegue, e dopo aver imparato la presenza del gesto, arriva il momento di incontrare la profondit\u00e0.<br>Non quella che spinge: quella che ascolta.<\/em><\/p>\n\n\n\n<div style=\"height:40px\" aria-hidden=\"true\" class=\"wp-block-spacer\"><\/div>\n\n\n\n<div class=\"wp-block-media-text alignwide has-media-on-the-right is-stacked-on-mobile\"><div class=\"wp-block-media-text__content\">\n<p class=\"has-text-align-center wp-block-paragraph\"><strong><em>Poesia <\/em><\/strong>\ud83c\udf2c\ufe0f<em><strong> forza che ascolta<\/strong><\/em><\/p>\n\n\n\n<p class=\"has-text-align-center wp-block-paragraph\"><em>C\u2019\u00e8 una forza che non rompe, ma libera.<br>Una pressione che non invade, ma accompagna.<br>La profondit\u00e0 non \u00e8 peso: \u00e8 precisione.<\/em><\/p>\n\n\n\n<p class=\"has-text-align-center wp-block-paragraph\"><em>C\u2019\u00e8 una profondit\u00e0 che non pesa, una forza che non spinge, un\u2019intensit\u00e0 che non invade.<\/em><\/p>\n\n\n\n<p class=\"has-text-align-center wp-block-paragraph\"><em>\u00c8 la forza che nasce dall\u2019ascolto, non dal controllo. Una forza che scende piano, come una radice che cerca la terra senza mai ferirla.<\/em><\/p>\n\n\n\n<p class=\"has-text-align-center wp-block-paragraph\"><em>Ogni muscolo racconta una storia antica: abitudini, posture, giorni pieni, respiri trattenuti. E la mano, con rispetto, sfiora quella storia senza volerla cambiare.<\/em><\/p>\n\n\n\n<p class=\"has-text-align-center wp-block-paragraph\"><em>La profondit\u00e0 non \u00e8 mai un\u2019imposizione: \u00e8 un invito. Un invito a lasciare andare ci\u00f2 che non serve pi\u00f9, nel tempo naturale della persona, nel ritmo che il corpo riconosce come suo.<\/em><\/p>\n<\/div><figure class=\"wp-block-media-text__media\"><img loading=\"lazy\" decoding=\"async\" width=\"1024\" height=\"685\" src=\"https:\/\/www.isentieridelbenessere.com\/wp-content\/uploads\/2026\/02\/Foto-di-Heike-Frohnhoff-2-da-Pixabay-1024x685.jpg\" alt=\"\" class=\"wp-image-920 size-full\" srcset=\"https:\/\/www.isentieridelbenessere.com\/wp-content\/uploads\/2026\/02\/Foto-di-Heike-Frohnhoff-2-da-Pixabay-1024x685.jpg 1024w, https:\/\/www.isentieridelbenessere.com\/wp-content\/uploads\/2026\/02\/Foto-di-Heike-Frohnhoff-2-da-Pixabay-300x201.jpg 300w, https:\/\/www.isentieridelbenessere.com\/wp-content\/uploads\/2026\/02\/Foto-di-Heike-Frohnhoff-2-da-Pixabay-768x514.jpg 768w, https:\/\/www.isentieridelbenessere.com\/wp-content\/uploads\/2026\/02\/Foto-di-Heike-Frohnhoff-2-da-Pixabay-1536x1028.jpg 1536w, https:\/\/www.isentieridelbenessere.com\/wp-content\/uploads\/2026\/02\/Foto-di-Heike-Frohnhoff-2-da-Pixabay-2048x1371.jpg 2048w, https:\/\/www.isentieridelbenessere.com\/wp-content\/uploads\/2026\/02\/Foto-di-Heike-Frohnhoff-2-da-Pixabay-18x12.jpg 18w\" sizes=\"auto, (max-width: 1024px) 100vw, 1024px\" \/><\/figure><\/div>\n\n\n\n<div style=\"height:40px\" aria-hidden=\"true\" class=\"wp-block-spacer\"><\/div>\n\n\n\n<div class=\"wp-block-media-text alignwide is-stacked-on-mobile\"><figure class=\"wp-block-media-text__media\"><img loading=\"lazy\" decoding=\"async\" width=\"1024\" height=\"683\" src=\"https:\/\/www.isentieridelbenessere.com\/wp-content\/uploads\/2026\/02\/Foto-di-Anna-Mikkelgaard-1-da-Pixabay-1024x683.jpg\" alt=\"\" class=\"wp-image-921 size-full\" srcset=\"https:\/\/www.isentieridelbenessere.com\/wp-content\/uploads\/2026\/02\/Foto-di-Anna-Mikkelgaard-1-da-Pixabay-1024x683.jpg 1024w, https:\/\/www.isentieridelbenessere.com\/wp-content\/uploads\/2026\/02\/Foto-di-Anna-Mikkelgaard-1-da-Pixabay-300x200.jpg 300w, https:\/\/www.isentieridelbenessere.com\/wp-content\/uploads\/2026\/02\/Foto-di-Anna-Mikkelgaard-1-da-Pixabay-768x512.jpg 768w, https:\/\/www.isentieridelbenessere.com\/wp-content\/uploads\/2026\/02\/Foto-di-Anna-Mikkelgaard-1-da-Pixabay-1536x1024.jpg 1536w, https:\/\/www.isentieridelbenessere.com\/wp-content\/uploads\/2026\/02\/Foto-di-Anna-Mikkelgaard-1-da-Pixabay-2048x1365.jpg 2048w, https:\/\/www.isentieridelbenessere.com\/wp-content\/uploads\/2026\/02\/Foto-di-Anna-Mikkelgaard-1-da-Pixabay-18x12.jpg 18w\" sizes=\"auto, (max-width: 1024px) 100vw, 1024px\" \/><\/figure><div class=\"wp-block-media-text__content\">\n<p class=\"has-text-align-center wp-block-paragraph\">\ud83c\udf43 <strong><em>Spiegazione tecnica<\/em><\/strong><\/p>\n\n\n\n<p class=\"has-text-align-center wp-block-paragraph\"><em>Il corso di Massaggio Decontratturante mi ha insegnato a lavorare sulle tensioni muscolari con attenzione e rispetto. Ho imparato a:<\/em><\/p>\n\n\n\n<p class=\"has-text-align-center wp-block-paragraph\"><em>riconoscere le aree di contrattura<\/em><\/p>\n\n\n\n<p class=\"has-text-align-center wp-block-paragraph\"><em>modulare la pressione in modo progressivo<\/em><\/p>\n\n\n\n<p class=\"has-text-align-center wp-block-paragraph\"><em>lavorare sulle fasce muscolari senza creare dolore inutile<\/em><\/p>\n\n\n\n<p class=\"has-text-align-center wp-block-paragraph\"><em>integrare respirazione e ritmo per favorire il rilascio<\/em><\/p>\n\n\n\n<p class=\"wp-block-paragraph\"><em>\u00c8 un lavoro che richiede presenza, sensibilit\u00e0 e capacit\u00e0 di ascolto profondo.<\/em><\/p>\n<\/div><\/div>\n\n\n\n<figure class=\"wp-block-image size-full\"><img loading=\"lazy\" decoding=\"async\" width=\"706\" height=\"541\" src=\"https:\/\/www.isentieridelbenessere.com\/wp-content\/uploads\/2026\/02\/Attestato-Corso-Massaggio-Decontratturante-Masfulness-1.jpg\" alt=\"\" class=\"wp-image-964\" srcset=\"https:\/\/www.isentieridelbenessere.com\/wp-content\/uploads\/2026\/02\/Attestato-Corso-Massaggio-Decontratturante-Masfulness-1.jpg 706w, https:\/\/www.isentieridelbenessere.com\/wp-content\/uploads\/2026\/02\/Attestato-Corso-Massaggio-Decontratturante-Masfulness-1-300x230.jpg 300w, https:\/\/www.isentieridelbenessere.com\/wp-content\/uploads\/2026\/02\/Attestato-Corso-Massaggio-Decontratturante-Masfulness-1-16x12.jpg 16w\" sizes=\"auto, (max-width: 706px) 100vw, 706px\" \/><\/figure>\n\n\n\n<div style=\"height:28px\" aria-hidden=\"true\" class=\"wp-block-spacer\"><\/div>\n\n\n\n<p class=\"has-text-align-center wp-block-paragraph\"><em>Ogni muscolo che si scioglie \u00e8 un passo che si apre.<br>E da questa profondit\u00e0 nasce il bisogno di un gesto pi\u00f9 lento, pi\u00f9 fluido, pi\u00f9 drenante.<\/em><\/p>\n\n\n\n<div style=\"height:73px\" aria-hidden=\"true\" class=\"wp-block-spacer\"><\/div>\n\n\n\n<h2 class=\"wp-block-heading has-text-align-center\">\ud83d\udca7<em> <strong>Linfodrenaggio Vodder   Il ritmo dell\u2019acqua<\/strong><\/em><\/h2>\n\n\n\n<div style=\"height:40px\" aria-hidden=\"true\" class=\"wp-block-spacer\"><\/div>\n\n\n\n<div class=\"wp-block-media-text alignwide has-media-on-the-right is-stacked-on-mobile\"><div class=\"wp-block-media-text__content\">\n<p class=\"has-text-align-center wp-block-paragraph\">\ud83d\udca7<em>Dopo aver incontrato la profondit\u00e0 del gesto, il cammino si fa pi\u00f9 lento.<br>Il corpo chiede morbidezza, un ritmo che scorre senza forzare, come un\u2019onda che accompagna e non invade.<\/em><\/p>\n<\/div><figure class=\"wp-block-media-text__media\"><img loading=\"lazy\" decoding=\"async\" width=\"1024\" height=\"675\" src=\"https:\/\/www.isentieridelbenessere.com\/wp-content\/uploads\/2026\/02\/Foto-di-mike-wolf-da-Pixabay-1024x675.jpg\" alt=\"\" class=\"wp-image-923 size-full\" srcset=\"https:\/\/www.isentieridelbenessere.com\/wp-content\/uploads\/2026\/02\/Foto-di-mike-wolf-da-Pixabay-1024x675.jpg 1024w, https:\/\/www.isentieridelbenessere.com\/wp-content\/uploads\/2026\/02\/Foto-di-mike-wolf-da-Pixabay-300x198.jpg 300w, https:\/\/www.isentieridelbenessere.com\/wp-content\/uploads\/2026\/02\/Foto-di-mike-wolf-da-Pixabay-768x506.jpg 768w, https:\/\/www.isentieridelbenessere.com\/wp-content\/uploads\/2026\/02\/Foto-di-mike-wolf-da-Pixabay-1536x1013.jpg 1536w, https:\/\/www.isentieridelbenessere.com\/wp-content\/uploads\/2026\/02\/Foto-di-mike-wolf-da-Pixabay-2048x1350.jpg 2048w, https:\/\/www.isentieridelbenessere.com\/wp-content\/uploads\/2026\/02\/Foto-di-mike-wolf-da-Pixabay-18x12.jpg 18w\" sizes=\"auto, (max-width: 1024px) 100vw, 1024px\" \/><\/figure><\/div>\n\n\n\n<div style=\"height:40px\" aria-hidden=\"true\" class=\"wp-block-spacer\"><\/div>\n\n\n\n<div class=\"wp-block-media-text alignwide has-media-on-the-right is-stacked-on-mobile\"><div class=\"wp-block-media-text__content\">\n<p class=\"has-text-align-center wp-block-paragraph\">\ud83c\udf43 <strong><em>Spiegazione tecnica<\/em><\/strong><\/p>\n\n\n\n<p class=\"has-text-align-center wp-block-paragraph\"><em>Il Metodo Vodder mi ha insegnato una tecnica manuale dolce e ritmica, basata su movimenti lenti e leggeri. Nel mio lavoro di Operatore del Benessere utilizzo queste manovre esclusivamente per:<\/em><\/p>\n\n\n\n<p class=\"has-text-align-center wp-block-paragraph\"><em>favorire una sensazione di leggerezza e rilassamento<\/em><\/p>\n\n\n\n<p class=\"has-text-align-center wp-block-paragraph\"><em>accompagnare la percezione del proprio corpo<\/em><\/p>\n\n\n\n<p class=\"has-text-align-center wp-block-paragraph\"><em>sostenere un\u2019esperienza di benessere generale<\/em><\/p>\n\n\n\n<p class=\"has-text-align-center wp-block-paragraph\"><em>offrire un tocco rispettoso, non invasivo, non finalizzato al trattamento di condizioni specifiche<\/em><\/p>\n<\/div><figure class=\"wp-block-media-text__media\"><img loading=\"lazy\" decoding=\"async\" width=\"1024\" height=\"846\" src=\"https:\/\/www.isentieridelbenessere.com\/wp-content\/uploads\/2026\/02\/Foto-di-Tibor-Janosi-Mozes-da-Pixabay-1-1024x846.jpg\" alt=\"\" class=\"wp-image-931 size-full\" srcset=\"https:\/\/www.isentieridelbenessere.com\/wp-content\/uploads\/2026\/02\/Foto-di-Tibor-Janosi-Mozes-da-Pixabay-1-1024x846.jpg 1024w, https:\/\/www.isentieridelbenessere.com\/wp-content\/uploads\/2026\/02\/Foto-di-Tibor-Janosi-Mozes-da-Pixabay-1-300x248.jpg 300w, https:\/\/www.isentieridelbenessere.com\/wp-content\/uploads\/2026\/02\/Foto-di-Tibor-Janosi-Mozes-da-Pixabay-1-768x635.jpg 768w, https:\/\/www.isentieridelbenessere.com\/wp-content\/uploads\/2026\/02\/Foto-di-Tibor-Janosi-Mozes-da-Pixabay-1-1536x1269.jpg 1536w, https:\/\/www.isentieridelbenessere.com\/wp-content\/uploads\/2026\/02\/Foto-di-Tibor-Janosi-Mozes-da-Pixabay-1-2048x1693.jpg 2048w, https:\/\/www.isentieridelbenessere.com\/wp-content\/uploads\/2026\/02\/Foto-di-Tibor-Janosi-Mozes-da-Pixabay-1-15x12.jpg 15w\" sizes=\"auto, (max-width: 1024px) 100vw, 1024px\" \/><\/figure><\/div>\n\n\n\n<div class=\"wp-block-media-text alignwide is-stacked-on-mobile\"><figure class=\"wp-block-media-text__media\"><img loading=\"lazy\" decoding=\"async\" width=\"1024\" height=\"683\" src=\"https:\/\/www.isentieridelbenessere.com\/wp-content\/uploads\/2026\/02\/Foto-di-Sven-Lachmann-da-Pixabay-1024x683.jpg\" alt=\"\" class=\"wp-image-925 size-full\" srcset=\"https:\/\/www.isentieridelbenessere.com\/wp-content\/uploads\/2026\/02\/Foto-di-Sven-Lachmann-da-Pixabay-1024x683.jpg 1024w, https:\/\/www.isentieridelbenessere.com\/wp-content\/uploads\/2026\/02\/Foto-di-Sven-Lachmann-da-Pixabay-300x200.jpg 300w, https:\/\/www.isentieridelbenessere.com\/wp-content\/uploads\/2026\/02\/Foto-di-Sven-Lachmann-da-Pixabay-768x512.jpg 768w, https:\/\/www.isentieridelbenessere.com\/wp-content\/uploads\/2026\/02\/Foto-di-Sven-Lachmann-da-Pixabay-1536x1024.jpg 1536w, https:\/\/www.isentieridelbenessere.com\/wp-content\/uploads\/2026\/02\/Foto-di-Sven-Lachmann-da-Pixabay-2048x1365.jpg 2048w, https:\/\/www.isentieridelbenessere.com\/wp-content\/uploads\/2026\/02\/Foto-di-Sven-Lachmann-da-Pixabay-18x12.jpg 18w\" sizes=\"auto, (max-width: 1024px) 100vw, 1024px\" \/><\/figure><div class=\"wp-block-media-text__content\">\n<p class=\"has-text-align-center wp-block-paragraph\"><em><strong>Poesia<\/strong><\/em>\ud83d\udca7<em><strong>Il ritmo dell\u2019acqua<\/strong><\/em><\/p>\n\n\n\n<p class=\"has-text-align-center wp-block-paragraph\"><em>L\u2019acqua non spinge, non forza, non pretende. Scivola dove trova spazio, accarezza ci\u00f2 che incontra, porta con s\u00e9 ci\u00f2 che non serve pi\u00f9 senza mai chiedere nulla in cambio.<\/em><\/p>\n\n\n\n<p class=\"has-text-align-center wp-block-paragraph\"><em>C\u2019\u00e8 una saggezza antica nel suo movimento: una lentezza che non \u00e8 attesa, ma presenza. Una morbidezza che non \u00e8 debolezza, ma fiducia nel ritmo naturale delle cose.<\/em><\/p>\n\n\n\n<p class=\"has-text-align-center wp-block-paragraph\"><em>Cos\u00ec il gesto si fa onda. Un\u2019onda che non invade, che non cerca di cambiare, che non vuole risolvere. Un\u2019onda che accompagna, che ascolta, che segue il respiro di chi si affida.<\/em><\/p>\n\n\n\n<p class=\"has-text-align-center wp-block-paragraph\"><em>E in questo fluire silenzioso il corpo ritrova un modo diverso di sentirsi, pi\u00f9 vicino alla sua verit\u00e0, pi\u00f9 vicino al suo tempo.<\/em><\/p>\n<\/div><\/div>\n\n\n\n<div style=\"height:40px\" aria-hidden=\"true\" class=\"wp-block-spacer\"><\/div>\n\n\n\n<div style=\"height:40px\" aria-hidden=\"true\" class=\"wp-block-spacer\"><\/div>\n\n\n\n<div class=\"wp-block-media-text alignwide is-stacked-on-mobile\"><figure class=\"wp-block-media-text__media\"><img loading=\"lazy\" decoding=\"async\" width=\"706\" height=\"540\" src=\"https:\/\/www.isentieridelbenessere.com\/wp-content\/uploads\/2026\/02\/Attestato-Corso-Linfidrenaggio-Vodder-Masfulness-1.jpg\" alt=\"\" class=\"wp-image-932 size-full\" srcset=\"https:\/\/www.isentieridelbenessere.com\/wp-content\/uploads\/2026\/02\/Attestato-Corso-Linfidrenaggio-Vodder-Masfulness-1.jpg 706w, https:\/\/www.isentieridelbenessere.com\/wp-content\/uploads\/2026\/02\/Attestato-Corso-Linfidrenaggio-Vodder-Masfulness-1-300x229.jpg 300w, https:\/\/www.isentieridelbenessere.com\/wp-content\/uploads\/2026\/02\/Attestato-Corso-Linfidrenaggio-Vodder-Masfulness-1-16x12.jpg 16w\" sizes=\"auto, (max-width: 706px) 100vw, 706px\" \/><\/figure><div class=\"wp-block-media-text__content\">\n<p class=\"has-text-align-center wp-block-paragraph\"><em>Questa tecnica <strong>non ha finalit\u00e0 terapeutiche, sanitarie o estetiche<\/strong>. Per qualsiasi gonfiore, disturbo o condizione specifica, la persona deve rivolgersi alle figure sanitarie o estetiche competenti.<\/em><\/p>\n<\/div><\/div>\n\n\n\n<div style=\"height:30px\" aria-hidden=\"true\" class=\"wp-block-spacer\"><\/div>\n\n\n\n<p class=\"has-text-align-center wp-block-paragraph\">\ud83d\udca7<em>Quando il corpo ritrova un ritmo pi\u00f9 morbido, anche il gesto cambia.<br>Dalla fluidit\u00e0 nasce il bisogno di un massaggio che unisca calore, armonia e continuit\u00e0.<\/em><\/p>\n\n\n\n<div style=\"height:30px\" aria-hidden=\"true\" class=\"wp-block-spacer\"><\/div>\n\n\n\n<div class=\"wp-block-media-text alignwide has-media-on-the-right is-stacked-on-mobile\"><div class=\"wp-block-media-text__content\">\n<p class=\"has-text-align-center wp-block-paragraph\">\ud83c\udf43<em>Ed \u00e8 proprio da questa leggerezza che prende forma il passo successivo:<br>un massaggio che avvolge, scalda e accompagna il corpo nel suo ritmo naturale.<\/em><\/p>\n<\/div><figure class=\"wp-block-media-text__media\"><img loading=\"lazy\" decoding=\"async\" width=\"1024\" height=\"683\" src=\"https:\/\/www.isentieridelbenessere.com\/wp-content\/uploads\/2026\/02\/Foto-di-Jurgen-Rubig-1-da-Pixabay-1024x683.jpg\" alt=\"\" class=\"wp-image-934 size-full\" srcset=\"https:\/\/www.isentieridelbenessere.com\/wp-content\/uploads\/2026\/02\/Foto-di-Jurgen-Rubig-1-da-Pixabay-1024x683.jpg 1024w, https:\/\/www.isentieridelbenessere.com\/wp-content\/uploads\/2026\/02\/Foto-di-Jurgen-Rubig-1-da-Pixabay-300x200.jpg 300w, https:\/\/www.isentieridelbenessere.com\/wp-content\/uploads\/2026\/02\/Foto-di-Jurgen-Rubig-1-da-Pixabay-768x512.jpg 768w, https:\/\/www.isentieridelbenessere.com\/wp-content\/uploads\/2026\/02\/Foto-di-Jurgen-Rubig-1-da-Pixabay-1536x1024.jpg 1536w, https:\/\/www.isentieridelbenessere.com\/wp-content\/uploads\/2026\/02\/Foto-di-Jurgen-Rubig-1-da-Pixabay-2048x1365.jpg 2048w, https:\/\/www.isentieridelbenessere.com\/wp-content\/uploads\/2026\/02\/Foto-di-Jurgen-Rubig-1-da-Pixabay-18x12.jpg 18w\" sizes=\"auto, (max-width: 1024px) 100vw, 1024px\" \/><\/figure><\/div>\n\n\n\n<div style=\"height:50px\" aria-hidden=\"true\" class=\"wp-block-spacer\"><\/div>\n\n\n\n<h2 class=\"wp-block-heading has-text-align-center\">\ud83c\udf43<strong><em>Massaggio Svedese  L\u2019armonia del gesto<\/em><\/strong><\/h2>\n\n\n\n<div style=\"height:39px\" aria-hidden=\"true\" class=\"wp-block-spacer\"><\/div>\n\n\n\n<div class=\"wp-block-media-text alignwide is-stacked-on-mobile\"><figure class=\"wp-block-media-text__media\"><img loading=\"lazy\" decoding=\"async\" width=\"680\" height=\"1024\" src=\"https:\/\/www.isentieridelbenessere.com\/wp-content\/uploads\/2026\/02\/Foto-di-Peter-Woelfel-da-Pixabay-680x1024.jpg\" alt=\"\" class=\"wp-image-937 size-full\" srcset=\"https:\/\/www.isentieridelbenessere.com\/wp-content\/uploads\/2026\/02\/Foto-di-Peter-Woelfel-da-Pixabay-680x1024.jpg 680w, https:\/\/www.isentieridelbenessere.com\/wp-content\/uploads\/2026\/02\/Foto-di-Peter-Woelfel-da-Pixabay-199x300.jpg 199w, https:\/\/www.isentieridelbenessere.com\/wp-content\/uploads\/2026\/02\/Foto-di-Peter-Woelfel-da-Pixabay-768x1156.jpg 768w, https:\/\/www.isentieridelbenessere.com\/wp-content\/uploads\/2026\/02\/Foto-di-Peter-Woelfel-da-Pixabay-1020x1536.jpg 1020w, https:\/\/www.isentieridelbenessere.com\/wp-content\/uploads\/2026\/02\/Foto-di-Peter-Woelfel-da-Pixabay-1361x2048.jpg 1361w, https:\/\/www.isentieridelbenessere.com\/wp-content\/uploads\/2026\/02\/Foto-di-Peter-Woelfel-da-Pixabay-8x12.jpg 8w, https:\/\/www.isentieridelbenessere.com\/wp-content\/uploads\/2026\/02\/Foto-di-Peter-Woelfel-da-Pixabay-scaled.jpg 1701w\" sizes=\"auto, (max-width: 680px) 100vw, 680px\" \/><\/figure><div class=\"wp-block-media-text__content\">\n<p class=\"wp-block-paragraph\">\ud83c\udf43 <strong><em>Poesia \ud83c\udf43<\/em><\/strong> <strong><em>L\u2019armonia del gesto<\/em><\/strong>\ud83c\udf43<\/p>\n\n\n\n<p class=\"has-text-align-center wp-block-paragraph\"><em> Ci sono gesti che scaldano come un raggio di sole, gesti che distendono come un sentiero che si apre, gesti che riportano il corpo alla sua musica.<\/em><\/p>\n\n\n\n<p class=\"has-text-align-center wp-block-paragraph\"><em>Il massaggio svedese \u00e8 un viaggio lento, fatto di manovre ampie, continue, avvolgenti. \u00c8 un ritmo che non interrompe, una danza che accompagna, un fluire che non chiede nulla.<\/em><\/p>\n\n\n\n<p class=\"has-text-align-center wp-block-paragraph\"><em>Ogni gesto \u00e8 un ritorno alla semplicit\u00e0: una carezza che diventa respiro, un movimento che diventa spazio, una presenza che diventa quiete.<\/em><\/p>\n\n\n\n<p class=\"has-text-align-center wp-block-paragraph\"><em>E in questa armonia, il corpo ritrova un modo pi\u00f9 morbido di stare, pi\u00f9 vicino alla sua natura, pi\u00f9 vicino al suo tempo.<\/em><\/p>\n<\/div><\/div>\n\n\n\n<div style=\"height:40px\" aria-hidden=\"true\" class=\"wp-block-spacer\"><\/div>\n\n\n\n<div class=\"wp-block-media-text alignwide has-media-on-the-right is-stacked-on-mobile\"><div class=\"wp-block-media-text__content\">\n<p class=\"has-text-align-center wp-block-paragraph\">\ud83c\udf43 <strong>Spiegazione tecnica<\/strong><\/p>\n\n\n\n<p class=\"has-text-align-center wp-block-paragraph\"><em>Il Massaggio Svedese \u00e8 un massaggio di benessere, non sanitario n\u00e9 estetico.<br>Mi ha insegnato:<\/em><\/p>\n\n\n\n<p class=\"has-text-align-center wp-block-paragraph\"><em>manovre ampie e avvolgenti<\/em><\/p>\n\n\n\n<p class=\"has-text-align-center wp-block-paragraph\"><em>alternanza tra sfioramenti, impastamenti e frizioni<\/em><\/p>\n\n\n\n<p class=\"has-text-align-center wp-block-paragraph\"><em>un ritmo fluido e continuo<\/em><\/p>\n\n\n\n<p class=\"has-text-align-center wp-block-paragraph\"><em>un approccio globale e rispettoso<\/em><\/p>\n\n\n\n<p class=\"has-text-align-center wp-block-paragraph\"><em>Per qualsiasi esigenza specifica o problematica, la persona deve rivolgersi alle figure sanitarie o estetiche competenti.<\/em><\/p>\n<\/div><figure class=\"wp-block-media-text__media\"><img loading=\"lazy\" decoding=\"async\" width=\"706\" height=\"540\" src=\"https:\/\/www.isentieridelbenessere.com\/wp-content\/uploads\/2026\/02\/Attestato-Corso-Massaggio-Svedese-Masfulness.jpg\" alt=\"\" class=\"wp-image-940 size-full\" srcset=\"https:\/\/www.isentieridelbenessere.com\/wp-content\/uploads\/2026\/02\/Attestato-Corso-Massaggio-Svedese-Masfulness.jpg 706w, https:\/\/www.isentieridelbenessere.com\/wp-content\/uploads\/2026\/02\/Attestato-Corso-Massaggio-Svedese-Masfulness-300x229.jpg 300w, https:\/\/www.isentieridelbenessere.com\/wp-content\/uploads\/2026\/02\/Attestato-Corso-Massaggio-Svedese-Masfulness-16x12.jpg 16w\" sizes=\"auto, (max-width: 706px) 100vw, 706px\" \/><\/figure><\/div>\n\n\n\n<div style=\"height:39px\" aria-hidden=\"true\" class=\"wp-block-spacer\"><\/div>\n\n\n\n<div class=\"wp-block-media-text alignwide is-stacked-on-mobile\"><figure class=\"wp-block-media-text__media\"><img loading=\"lazy\" decoding=\"async\" width=\"1024\" height=\"585\" src=\"https:\/\/www.isentieridelbenessere.com\/wp-content\/uploads\/2026\/02\/Foto-di-Satheesh-Sankaran-da-Pixabay-1024x585.jpg\" alt=\"\" class=\"wp-image-944 size-full\" srcset=\"https:\/\/www.isentieridelbenessere.com\/wp-content\/uploads\/2026\/02\/Foto-di-Satheesh-Sankaran-da-Pixabay-1024x585.jpg 1024w, https:\/\/www.isentieridelbenessere.com\/wp-content\/uploads\/2026\/02\/Foto-di-Satheesh-Sankaran-da-Pixabay-300x171.jpg 300w, https:\/\/www.isentieridelbenessere.com\/wp-content\/uploads\/2026\/02\/Foto-di-Satheesh-Sankaran-da-Pixabay-768x439.jpg 768w, https:\/\/www.isentieridelbenessere.com\/wp-content\/uploads\/2026\/02\/Foto-di-Satheesh-Sankaran-da-Pixabay-1536x878.jpg 1536w, https:\/\/www.isentieridelbenessere.com\/wp-content\/uploads\/2026\/02\/Foto-di-Satheesh-Sankaran-da-Pixabay-2048x1170.jpg 2048w, https:\/\/www.isentieridelbenessere.com\/wp-content\/uploads\/2026\/02\/Foto-di-Satheesh-Sankaran-da-Pixabay-18x10.jpg 18w\" sizes=\"auto, (max-width: 1024px) 100vw, 1024px\" \/><\/figure><div class=\"wp-block-media-text__content\">\n<p class=\"has-text-align-center wp-block-paragraph\"><em>E quando il corpo si distende, il volto chiama.<br>Perch\u00e9 anche l\u00ec vive una storia da ascoltare.<\/em><\/p>\n\n\n\n<p class=\"has-text-align-center wp-block-paragraph\"><em>Il cammino ora sale verso il volto,<br>dove ogni linea racconta un\u2019emozione<br>e ogni gesto diventa luce.<\/em><\/p>\n<\/div><\/div>\n\n\n\n<div style=\"height:32px\" aria-hidden=\"true\" class=\"wp-block-spacer\"><\/div>\n\n\n\n<h2 class=\"wp-block-heading has-text-align-center\">\ud83c\udf1f<strong><em>Massaggio Viso \u2013 La quiete che illumina<\/em><\/strong><\/h2>\n\n\n\n<div style=\"height:30px\" aria-hidden=\"true\" class=\"wp-block-spacer\"><\/div>\n\n\n\n<div class=\"wp-block-media-text alignwide has-media-on-the-right is-stacked-on-mobile\"><div class=\"wp-block-media-text__content\">\n<p class=\"has-text-align-center wp-block-paragraph\">\ud83c\udf19<strong><em>Poesia \ud83c\udf19  La quiete che illumina<\/em><\/strong><\/p>\n\n\n\n<p class=\"has-text-align-center wp-block-paragraph\"><em>Il volto \u00e8 un paesaggio. Ogni linea \u00e8 un ricordo, ogni tensione una parola non detta, ogni espressione un frammento di storia.<\/em><\/p>\n\n\n\n<p class=\"has-text-align-center wp-block-paragraph\"><em>Il gesto sul viso \u00e8 un gesto sacro: non invade, non corregge, non cerca di cambiare ci\u00f2 che appare. Accarezza ci\u00f2 che \u00e8.<\/em><\/p>\n\n\n\n<p class=\"has-text-align-center wp-block-paragraph\"><em>\u00c8 un tocco che illumina senza brillare, che apre senza forzare, that ascolta senza chiedere.<\/em><\/p>\n\n\n\n<p class=\"has-text-align-center wp-block-paragraph\"><em>E in questa delicatezza, il volto trova un momento di quiete, un respiro che si allarga, una luce che non viene dal fuori, ma dal dentro.<\/em><\/p>\n<\/div><figure class=\"wp-block-media-text__media\"><img loading=\"lazy\" decoding=\"async\" width=\"786\" height=\"1024\" src=\"https:\/\/www.isentieridelbenessere.com\/wp-content\/uploads\/2026\/02\/Foto-di-Gundula-Vogel-1-da-Pixabay-1-786x1024.jpg\" alt=\"\" class=\"wp-image-966 size-full\" srcset=\"https:\/\/www.isentieridelbenessere.com\/wp-content\/uploads\/2026\/02\/Foto-di-Gundula-Vogel-1-da-Pixabay-1-786x1024.jpg 786w, https:\/\/www.isentieridelbenessere.com\/wp-content\/uploads\/2026\/02\/Foto-di-Gundula-Vogel-1-da-Pixabay-1-230x300.jpg 230w, https:\/\/www.isentieridelbenessere.com\/wp-content\/uploads\/2026\/02\/Foto-di-Gundula-Vogel-1-da-Pixabay-1-768x1001.jpg 768w, https:\/\/www.isentieridelbenessere.com\/wp-content\/uploads\/2026\/02\/Foto-di-Gundula-Vogel-1-da-Pixabay-1-1179x1536.jpg 1179w, https:\/\/www.isentieridelbenessere.com\/wp-content\/uploads\/2026\/02\/Foto-di-Gundula-Vogel-1-da-Pixabay-1-1572x2048.jpg 1572w, https:\/\/www.isentieridelbenessere.com\/wp-content\/uploads\/2026\/02\/Foto-di-Gundula-Vogel-1-da-Pixabay-1-9x12.jpg 9w, https:\/\/www.isentieridelbenessere.com\/wp-content\/uploads\/2026\/02\/Foto-di-Gundula-Vogel-1-da-Pixabay-1-scaled.jpg 1964w\" sizes=\"auto, (max-width: 786px) 100vw, 786px\" \/><\/figure><\/div>\n\n\n\n<div style=\"height:30px\" aria-hidden=\"true\" class=\"wp-block-spacer\"><\/div>\n\n\n\n<div class=\"wp-block-media-text alignwide is-stacked-on-mobile\"><figure class=\"wp-block-media-text__media\"><img loading=\"lazy\" decoding=\"async\" width=\"706\" height=\"542\" src=\"https:\/\/www.isentieridelbenessere.com\/wp-content\/uploads\/2026\/02\/Attestato-Corso-Massaggio-al-Viso-Masfulness-1.jpg\" alt=\"\" class=\"wp-image-967 size-full\" srcset=\"https:\/\/www.isentieridelbenessere.com\/wp-content\/uploads\/2026\/02\/Attestato-Corso-Massaggio-al-Viso-Masfulness-1.jpg 706w, https:\/\/www.isentieridelbenessere.com\/wp-content\/uploads\/2026\/02\/Attestato-Corso-Massaggio-al-Viso-Masfulness-1-300x230.jpg 300w, https:\/\/www.isentieridelbenessere.com\/wp-content\/uploads\/2026\/02\/Attestato-Corso-Massaggio-al-Viso-Masfulness-1-16x12.jpg 16w\" sizes=\"auto, (max-width: 706px) 100vw, 706px\" \/><\/figure><div class=\"wp-block-media-text__content\">\n<p class=\"has-text-align-center wp-block-paragraph\">\u2728<strong><em>Spiegazione tecnica<\/em><\/strong><\/p>\n\n\n\n<p class=\"has-text-align-center wp-block-paragraph\"><em>Il Massaggio Viso \u00e8 un trattamento di benessere, non estetico n\u00e9 sanitario. Mi ha insegnato:<\/em><\/p>\n\n\n\n<ul class=\"wp-block-list\">\n<li><em>manovre delicate e rispettose<\/em><\/li>\n\n\n\n<li><em>attenzione ai punti di tensione<\/em><\/li>\n\n\n\n<li><em>ascolto delle micro&nbsp;espressioni<\/em><\/li>\n\n\n\n<li><em>cura del ritmo e della presenza<\/em><\/li>\n<\/ul>\n\n\n\n<p class=\"has-text-align-center wp-block-paragraph\"><em>Per qualsiasi esigenza estetica o problematica specifica, la persona deve rivolgersi ai professionisti competenti.<\/em><\/p>\n<\/div><\/div>\n\n\n\n<div style=\"height:30px\" aria-hidden=\"true\" class=\"wp-block-spacer\"><\/div>\n\n\n\n<div class=\"wp-block-media-text alignwide has-media-on-the-right is-stacked-on-mobile\"><div class=\"wp-block-media-text__content\">\n<p class=\"has-text-align-center wp-block-paragraph\"><br><br><br><em>E quando il volto si apre, anche il flusso interno cambia. \u00c8 il momento di sostenere il corpo dall\u2019interno.<\/em><\/p>\n\n\n\n<p class=\"has-text-align-center wp-block-paragraph\"><br><br><br><em>Ora il cammino incontra un sostegno leggero, una presenza che rimane accanto alla persona anche quando la mano si ritira.<\/em><\/p>\n<\/div><figure class=\"wp-block-media-text__media\"><img loading=\"lazy\" decoding=\"async\" width=\"1024\" height=\"681\" src=\"https:\/\/www.isentieridelbenessere.com\/wp-content\/uploads\/2026\/02\/Foto-di-William-Adams-da-Pixabay-1024x681.jpg\" alt=\"\" class=\"wp-image-969 size-full\" srcset=\"https:\/\/www.isentieridelbenessere.com\/wp-content\/uploads\/2026\/02\/Foto-di-William-Adams-da-Pixabay-1024x681.jpg 1024w, https:\/\/www.isentieridelbenessere.com\/wp-content\/uploads\/2026\/02\/Foto-di-William-Adams-da-Pixabay-300x199.jpg 300w, https:\/\/www.isentieridelbenessere.com\/wp-content\/uploads\/2026\/02\/Foto-di-William-Adams-da-Pixabay-768x511.jpg 768w, https:\/\/www.isentieridelbenessere.com\/wp-content\/uploads\/2026\/02\/Foto-di-William-Adams-da-Pixabay-1536x1021.jpg 1536w, https:\/\/www.isentieridelbenessere.com\/wp-content\/uploads\/2026\/02\/Foto-di-William-Adams-da-Pixabay-2048x1362.jpg 2048w, https:\/\/www.isentieridelbenessere.com\/wp-content\/uploads\/2026\/02\/Foto-di-William-Adams-da-Pixabay-18x12.jpg 18w\" sizes=\"auto, (max-width: 1024px) 100vw, 1024px\" \/><\/figure><\/div>\n\n\n\n<div style=\"height:30px\" aria-hidden=\"true\" class=\"wp-block-spacer\"><\/div>\n\n\n\n<h2 class=\"wp-block-heading has-text-align-center\"><strong><em>Linfotape \ud83c\udf2c\ufe0f Il sostegno che respira<\/em><\/strong><\/h2>\n\n\n\n<div style=\"height:29px\" aria-hidden=\"true\" class=\"wp-block-spacer\"><\/div>\n\n\n\n<div class=\"wp-block-media-text alignwide is-stacked-on-mobile\"><figure class=\"wp-block-media-text__media\"><img loading=\"lazy\" decoding=\"async\" width=\"683\" height=\"1024\" src=\"https:\/\/www.isentieridelbenessere.com\/wp-content\/uploads\/2026\/02\/Foto-di-Danik-Prihodko-da-pexels-683x1024.jpg\" alt=\"\" class=\"wp-image-970 size-full\" srcset=\"https:\/\/www.isentieridelbenessere.com\/wp-content\/uploads\/2026\/02\/Foto-di-Danik-Prihodko-da-pexels-683x1024.jpg 683w, https:\/\/www.isentieridelbenessere.com\/wp-content\/uploads\/2026\/02\/Foto-di-Danik-Prihodko-da-pexels-200x300.jpg 200w, https:\/\/www.isentieridelbenessere.com\/wp-content\/uploads\/2026\/02\/Foto-di-Danik-Prihodko-da-pexels-768x1152.jpg 768w, https:\/\/www.isentieridelbenessere.com\/wp-content\/uploads\/2026\/02\/Foto-di-Danik-Prihodko-da-pexels-1024x1536.jpg 1024w, https:\/\/www.isentieridelbenessere.com\/wp-content\/uploads\/2026\/02\/Foto-di-Danik-Prihodko-da-pexels-1365x2048.jpg 1365w, https:\/\/www.isentieridelbenessere.com\/wp-content\/uploads\/2026\/02\/Foto-di-Danik-Prihodko-da-pexels-8x12.jpg 8w, https:\/\/www.isentieridelbenessere.com\/wp-content\/uploads\/2026\/02\/Foto-di-Danik-Prihodko-da-pexels-scaled.jpg 1707w\" sizes=\"auto, (max-width: 683px) 100vw, 683px\" \/><\/figure><div class=\"wp-block-media-text__content\">\n<p class=\"wp-block-paragraph\">\ud83c\udf2c\ufe0f <strong><em>Poesia <\/em> \ud83c\udf2c\ufe0f<\/strong> <strong><em>Il sostegno che respira<\/em><\/strong><\/p>\n\n\n\n<p class=\"has-text-align-center wp-block-paragraph\"><em>Ci sono gesti che restano. Non perch\u00e9 trattengono, ma perch\u00e9 accompagnano.<\/em><\/p>\n\n\n\n<p class=\"has-text-align-center wp-block-paragraph\"><em>Il linfotape \u00e8 una presenza leggera, una linea che segue il corpo come un filo d\u2019aria che sostiene senza peso.<\/em><\/p>\n\n\n\n<p class=\"has-text-align-center wp-block-paragraph\"><em>\u00c8 un gesto che continua nel tempo, che rimane accanto alla persona anche dopo che la mano si \u00e8 ritirata. Un gesto che respira con lei, che si adatta ai suoi movimenti, che la accompagna nel suo ritmo naturale.<\/em><\/p>\n\n\n\n<p class=\"has-text-align-center wp-block-paragraph\"><em>Non \u00e8 una correzione, non \u00e8 un intervento: \u00e8 un sostegno gentile, una compagnia silenziosa.<\/em><\/p>\n<\/div><\/div>\n\n\n\n<div style=\"height:30px\" aria-hidden=\"true\" class=\"wp-block-spacer\"><\/div>\n\n\n\n<div class=\"wp-block-media-text alignwide has-media-on-the-right is-stacked-on-mobile\"><div class=\"wp-block-media-text__content\">\n<p class=\"has-text-align-center wp-block-paragraph\"><strong><em>Spiegazione <strong>\ud83c\udf2c\ufe0f<\/strong><\/em><\/strong> <strong><em>tecnica<\/em><\/strong><\/p>\n\n\n\n<p class=\"has-text-align-center wp-block-paragraph\"><em>Il linfotape, nel mio lavoro, \u00e8 un supporto leggero e non invasivo, privo di finalit\u00e0 terapeutiche o estetiche. Serve a:<\/em><\/p>\n\n\n\n<ul class=\"wp-block-list\">\n<li><em>accompagnare la percezione corporea<\/em><\/li>\n\n\n\n<li><em>offrire una sensazione di sostegno<\/em><\/li>\n\n\n\n<li><em>prolungare l\u2019esperienza di benessere<\/em><\/li>\n<\/ul>\n\n\n\n<p class=\"has-text-align-center wp-block-paragraph\"><em>Per qualsiasi esigenza clinica o estetica, la persona deve rivolgersi ai professionisti qualificati.<\/em><\/p>\n<\/div><figure class=\"wp-block-media-text__media\"><img loading=\"lazy\" decoding=\"async\" width=\"706\" height=\"537\" src=\"https:\/\/www.isentieridelbenessere.com\/wp-content\/uploads\/2026\/02\/Attestato-Corso-Linfotape-Masfulness-1.jpg\" alt=\"\" class=\"wp-image-971 size-full\" srcset=\"https:\/\/www.isentieridelbenessere.com\/wp-content\/uploads\/2026\/02\/Attestato-Corso-Linfotape-Masfulness-1.jpg 706w, https:\/\/www.isentieridelbenessere.com\/wp-content\/uploads\/2026\/02\/Attestato-Corso-Linfotape-Masfulness-1-300x228.jpg 300w, https:\/\/www.isentieridelbenessere.com\/wp-content\/uploads\/2026\/02\/Attestato-Corso-Linfotape-Masfulness-1-16x12.jpg 16w\" sizes=\"auto, (max-width: 706px) 100vw, 706px\" \/><\/figure><\/div>\n\n\n\n<div style=\"height:40px\" aria-hidden=\"true\" class=\"wp-block-spacer\"><\/div>\n\n\n\n<h2 class=\"wp-block-heading has-text-align-center\"><strong><em>Anatomia Palpatoria  \ud83c\udf42 La mappa del corpo<\/em><\/strong><\/h2>\n\n\n\n<div style=\"height:40px\" aria-hidden=\"true\" class=\"wp-block-spacer\"><\/div>\n\n\n\n<div class=\"wp-block-media-text alignwide is-stacked-on-mobile\"><figure class=\"wp-block-media-text__media\"><img loading=\"lazy\" decoding=\"async\" width=\"683\" height=\"1024\" src=\"https:\/\/www.isentieridelbenessere.com\/wp-content\/uploads\/2026\/02\/Foto-di-Milius007-da-Pixabay-683x1024.jpg\" alt=\"\" class=\"wp-image-974 size-full\" srcset=\"https:\/\/www.isentieridelbenessere.com\/wp-content\/uploads\/2026\/02\/Foto-di-Milius007-da-Pixabay-683x1024.jpg 683w, https:\/\/www.isentieridelbenessere.com\/wp-content\/uploads\/2026\/02\/Foto-di-Milius007-da-Pixabay-200x300.jpg 200w, https:\/\/www.isentieridelbenessere.com\/wp-content\/uploads\/2026\/02\/Foto-di-Milius007-da-Pixabay-768x1152.jpg 768w, https:\/\/www.isentieridelbenessere.com\/wp-content\/uploads\/2026\/02\/Foto-di-Milius007-da-Pixabay-1024x1536.jpg 1024w, https:\/\/www.isentieridelbenessere.com\/wp-content\/uploads\/2026\/02\/Foto-di-Milius007-da-Pixabay-1365x2048.jpg 1365w, https:\/\/www.isentieridelbenessere.com\/wp-content\/uploads\/2026\/02\/Foto-di-Milius007-da-Pixabay-8x12.jpg 8w, https:\/\/www.isentieridelbenessere.com\/wp-content\/uploads\/2026\/02\/Foto-di-Milius007-da-Pixabay-scaled.jpg 1707w\" sizes=\"auto, (max-width: 683px) 100vw, 683px\" \/><\/figure><div class=\"wp-block-media-text__content\">\n<p class=\"wp-block-paragraph\">\ud83c\udf42<em> <strong>Poesia<\/strong><\/em><strong> \ud83c\udf42 <em>La mappa del corpo<\/em><\/strong><\/p>\n\n\n\n<p class=\"has-text-align-center wp-block-paragraph\"><em>Sotto la pelle c\u2019\u00e8 un mondo. Ossa che sostengono, muscoli che raccontano, fasce che collegano, spazi che respirano.<\/em><\/p>\n\n\n\n<p class=\"has-text-align-center wp-block-paragraph\"><em>La mano impara a vedere senza occhi, a riconoscere forme, direzioni, profondit\u00e0. Non per intervenire, ma per orientarsi.<\/em><\/p>\n\n\n\n<p class=\"has-text-align-center wp-block-paragraph\"><em>\u00c8 come camminare in un bosco antico: pi\u00f9 conosci il sentiero, pi\u00f9 puoi muoverti con rispetto. Pi\u00f9 conosci la mappa, pi\u00f9 puoi ascoltare ci\u00f2 che incontri.<\/em><\/p>\n\n\n\n<p class=\"has-text-align-center wp-block-paragraph\"><em>L\u2019anatomia palpatoria non \u00e8 sapere tecnico: \u00e8 un modo di stare davanti al corpo con umilt\u00e0, precisione e presenza.<\/em><\/p>\n<\/div><\/div>\n\n\n\n<div style=\"height:30px\" aria-hidden=\"true\" class=\"wp-block-spacer\"><\/div>\n\n\n\n<div class=\"wp-block-media-text alignwide has-media-on-the-right is-stacked-on-mobile\"><div class=\"wp-block-media-text__content\">\n<p class=\"wp-block-paragraph\"><strong><em>Spiegazione <\/em>\ud83c\udf42<\/strong> <strong><em>tecnica<\/em><\/strong><\/p>\n\n\n\n<p class=\"has-text-align-center wp-block-paragraph\"><em>Questo corso mi ha dato una conoscenza rispettosa e non sanitaria della struttura corporea. Mi permette di:<\/em><\/p>\n\n\n\n<ul class=\"wp-block-list\">\n<li><em>mantenere un approccio sicuro e non invasivo<\/em><\/li>\n\n\n\n<li><em>orientare il gesto<\/em><\/li>\n\n\n\n<li><em>riconoscere punti e direzioni<\/em><\/li>\n\n\n\n<li><em>lavorare con maggiore consapevolezza<\/em><\/li>\n<\/ul>\n<\/div><figure class=\"wp-block-media-text__media\"><img loading=\"lazy\" decoding=\"async\" width=\"706\" height=\"568\" src=\"https:\/\/www.isentieridelbenessere.com\/wp-content\/uploads\/2026\/02\/Attestato-Anatomia-Palpatoria-Masfulness-1.jpg\" alt=\"\" class=\"wp-image-976 size-full\" srcset=\"https:\/\/www.isentieridelbenessere.com\/wp-content\/uploads\/2026\/02\/Attestato-Anatomia-Palpatoria-Masfulness-1.jpg 706w, https:\/\/www.isentieridelbenessere.com\/wp-content\/uploads\/2026\/02\/Attestato-Anatomia-Palpatoria-Masfulness-1-300x241.jpg 300w, https:\/\/www.isentieridelbenessere.com\/wp-content\/uploads\/2026\/02\/Attestato-Anatomia-Palpatoria-Masfulness-1-15x12.jpg 15w\" sizes=\"auto, (max-width: 706px) 100vw, 706px\" \/><\/figure><\/div>\n\n\n\n<div style=\"height:45px\" aria-hidden=\"true\" class=\"wp-block-spacer\"><\/div>\n\n\n\n<div class=\"wp-block-media-text alignwide is-stacked-on-mobile\"><figure class=\"wp-block-media-text__media\"><img loading=\"lazy\" decoding=\"async\" width=\"1024\" height=\"681\" src=\"https:\/\/www.isentieridelbenessere.com\/wp-content\/uploads\/2026\/02\/Foto-di-William-Adams-2-da-Pixabay-1024x681.jpg\" alt=\"\" class=\"wp-image-979 size-full\" srcset=\"https:\/\/www.isentieridelbenessere.com\/wp-content\/uploads\/2026\/02\/Foto-di-William-Adams-2-da-Pixabay-1024x681.jpg 1024w, https:\/\/www.isentieridelbenessere.com\/wp-content\/uploads\/2026\/02\/Foto-di-William-Adams-2-da-Pixabay-300x199.jpg 300w, https:\/\/www.isentieridelbenessere.com\/wp-content\/uploads\/2026\/02\/Foto-di-William-Adams-2-da-Pixabay-768x511.jpg 768w, https:\/\/www.isentieridelbenessere.com\/wp-content\/uploads\/2026\/02\/Foto-di-William-Adams-2-da-Pixabay-1536x1021.jpg 1536w, https:\/\/www.isentieridelbenessere.com\/wp-content\/uploads\/2026\/02\/Foto-di-William-Adams-2-da-Pixabay-2048x1362.jpg 2048w, https:\/\/www.isentieridelbenessere.com\/wp-content\/uploads\/2026\/02\/Foto-di-William-Adams-2-da-Pixabay-18x12.jpg 18w\" sizes=\"auto, (max-width: 1024px) 100vw, 1024px\" \/><\/figure><div class=\"wp-block-media-text__content\">\n<p class=\"has-text-align-center wp-block-paragraph\"><br><br><br><em>E quando la mano conosce la struttura, pu\u00f2 tornare al volto. Ma questa volta con un\u2019arte antica.<\/em><\/p>\n\n\n\n<p class=\"has-text-align-center wp-block-paragraph\"><br><br><br><em>Ora il cammino incontra un rito: un\u2019arte che unisce ritmo, presenza e tradizione.<\/em><\/p>\n<\/div><\/div>\n\n\n\n<div style=\"height:51px\" aria-hidden=\"true\" class=\"wp-block-spacer\"><\/div>\n\n\n\n<h2 class=\"wp-block-heading has-text-align-center\"><strong><em>Massaggio Kobido \ud83c\udf3f Il volto come rito<\/em><\/strong><\/h2>\n\n\n\n<div style=\"height:43px\" aria-hidden=\"true\" class=\"wp-block-spacer\"><\/div>\n\n\n\n<div class=\"wp-block-media-text alignwide has-media-on-the-right is-stacked-on-mobile\"><div class=\"wp-block-media-text__content\">\n<p class=\"has-text-align-center wp-block-paragraph\"><strong><em>Poesia \ud83c\udf3f<\/em><\/strong> <strong><em>Il volto come rito<\/em><\/strong><\/p>\n\n\n\n<p class=\"has-text-align-center wp-block-paragraph\"><em>Il Kobido \u00e8 un rito antico, un dialogo tra ritmo e silenzio, tra velocit\u00e0 e delicatezza, tra gesto e respiro.<\/em><\/p>\n\n\n\n<p class=\"has-text-align-center wp-block-paragraph\"><em>Il volto diventa un tempio, non da cambiare, ma da onorare.<\/em><\/p>\n\n\n\n<p class=\"has-text-align-center wp-block-paragraph\"><em>Ogni manovra \u00e8 un soffio, ogni movimento un richiamo, ogni ritmo un invito a tornare a s\u00e9.<\/em><\/p>\n\n\n\n<p class=\"has-text-align-center wp-block-paragraph\"><em>Non \u00e8 un massaggio che promette, \u00e8 un massaggio che accompagna. Accompagna la persona nel suo tempo, nel suo sentire, nel suo modo unico di essere presente.<\/em><\/p>\n<\/div><figure class=\"wp-block-media-text__media\"><img loading=\"lazy\" decoding=\"async\" width=\"683\" height=\"1024\" src=\"https:\/\/www.isentieridelbenessere.com\/wp-content\/uploads\/2026\/02\/Foto-di-Darya-Greengrey-da-Pixabay-683x1024.jpg\" alt=\"\" class=\"wp-image-980 size-full\" srcset=\"https:\/\/www.isentieridelbenessere.com\/wp-content\/uploads\/2026\/02\/Foto-di-Darya-Greengrey-da-Pixabay-683x1024.jpg 683w, https:\/\/www.isentieridelbenessere.com\/wp-content\/uploads\/2026\/02\/Foto-di-Darya-Greengrey-da-Pixabay-200x300.jpg 200w, https:\/\/www.isentieridelbenessere.com\/wp-content\/uploads\/2026\/02\/Foto-di-Darya-Greengrey-da-Pixabay-768x1152.jpg 768w, https:\/\/www.isentieridelbenessere.com\/wp-content\/uploads\/2026\/02\/Foto-di-Darya-Greengrey-da-Pixabay-1024x1536.jpg 1024w, https:\/\/www.isentieridelbenessere.com\/wp-content\/uploads\/2026\/02\/Foto-di-Darya-Greengrey-da-Pixabay-1365x2048.jpg 1365w, https:\/\/www.isentieridelbenessere.com\/wp-content\/uploads\/2026\/02\/Foto-di-Darya-Greengrey-da-Pixabay-8x12.jpg 8w, https:\/\/www.isentieridelbenessere.com\/wp-content\/uploads\/2026\/02\/Foto-di-Darya-Greengrey-da-Pixabay-scaled.jpg 1707w\" sizes=\"auto, (max-width: 683px) 100vw, 683px\" \/><\/figure><\/div>\n\n\n\n<div style=\"height:30px\" aria-hidden=\"true\" class=\"wp-block-spacer\"><\/div>\n\n\n\n<div class=\"wp-block-media-text alignwide is-stacked-on-mobile\"><figure class=\"wp-block-media-text__media\"><img loading=\"lazy\" decoding=\"async\" width=\"681\" height=\"544\" src=\"https:\/\/www.isentieridelbenessere.com\/wp-content\/uploads\/2026\/02\/Atytestato-Corso-Massaggio-Kobido-Masfulness.jpg\" alt=\"\" class=\"wp-image-982 size-full\" srcset=\"https:\/\/www.isentieridelbenessere.com\/wp-content\/uploads\/2026\/02\/Atytestato-Corso-Massaggio-Kobido-Masfulness.jpg 681w, https:\/\/www.isentieridelbenessere.com\/wp-content\/uploads\/2026\/02\/Atytestato-Corso-Massaggio-Kobido-Masfulness-300x240.jpg 300w, https:\/\/www.isentieridelbenessere.com\/wp-content\/uploads\/2026\/02\/Atytestato-Corso-Massaggio-Kobido-Masfulness-15x12.jpg 15w\" sizes=\"auto, (max-width: 681px) 100vw, 681px\" \/><\/figure><div class=\"wp-block-media-text__content\">\n<p class=\"wp-block-paragraph\">\ud83c\udf3f<strong><em>Spiegazione \ud83c\udf3f tecnica<\/em><\/strong><\/p>\n\n\n\n<p class=\"has-text-align-center wp-block-paragraph\"><em>Il Kobido, nel mio lavoro, \u00e8 un massaggio di benessere, non estetico n\u00e9 sanitario. Mi ha insegnato:<\/em><\/p>\n\n\n\n<ul class=\"wp-block-list\">\n<li>un approccio rituale e rispettoso<\/li>\n\n\n\n<li>manovre ritmiche e delicate<\/li>\n\n\n\n<li>ascolto profondo del volto<\/li>\n\n\n\n<li>cura del ritmo e della presenza<\/li>\n<\/ul>\n<\/div><\/div>\n\n\n\n<div style=\"height:45px\" aria-hidden=\"true\" class=\"wp-block-spacer\"><\/div>\n\n\n\n<p class=\"has-text-align-center wp-block-paragraph\"><em><strong>Con questo ultimo attestato, il cammino si chiude. Non come fine, ma come radice.<\/strong><\/em><\/p>\n\n\n\n<figure class=\"wp-block-image size-large\"><img loading=\"lazy\" decoding=\"async\" width=\"683\" height=\"1024\" src=\"https:\/\/www.isentieridelbenessere.com\/wp-content\/uploads\/2026\/02\/Foto-di-Avelino-Calvar-Martinez-da-Pixabay-683x1024.jpg\" alt=\"\" class=\"wp-image-983\" srcset=\"https:\/\/www.isentieridelbenessere.com\/wp-content\/uploads\/2026\/02\/Foto-di-Avelino-Calvar-Martinez-da-Pixabay-683x1024.jpg 683w, https:\/\/www.isentieridelbenessere.com\/wp-content\/uploads\/2026\/02\/Foto-di-Avelino-Calvar-Martinez-da-Pixabay-200x300.jpg 200w, https:\/\/www.isentieridelbenessere.com\/wp-content\/uploads\/2026\/02\/Foto-di-Avelino-Calvar-Martinez-da-Pixabay-768x1152.jpg 768w, https:\/\/www.isentieridelbenessere.com\/wp-content\/uploads\/2026\/02\/Foto-di-Avelino-Calvar-Martinez-da-Pixabay-1024x1536.jpg 1024w, https:\/\/www.isentieridelbenessere.com\/wp-content\/uploads\/2026\/02\/Foto-di-Avelino-Calvar-Martinez-da-Pixabay-1365x2048.jpg 1365w, https:\/\/www.isentieridelbenessere.com\/wp-content\/uploads\/2026\/02\/Foto-di-Avelino-Calvar-Martinez-da-Pixabay-8x12.jpg 8w, https:\/\/www.isentieridelbenessere.com\/wp-content\/uploads\/2026\/02\/Foto-di-Avelino-Calvar-Martinez-da-Pixabay-scaled.jpg 1707w\" sizes=\"auto, (max-width: 683px) 100vw, 683px\" \/><\/figure>\n\n\n\n<div style=\"height:31px\" aria-hidden=\"true\" class=\"wp-block-spacer\"><\/div>\n\n\n\n<h2 class=\"wp-block-heading has-text-align-center\"><strong><em>Poesia di chiusura \ud83c\udf3f<\/em><\/strong> <strong><em>Il cammino che rimane<\/em><\/strong><\/h2>\n\n\n\n<p class=\"has-text-align-center wp-block-paragraph\"><em>Ogni attestato \u00e8 stato un passo, ogni passo un incontro, ogni incontro un frammento di verit\u00e0.<\/em><\/p>\n\n\n\n<p class=\"has-text-align-center wp-block-paragraph\"><em>Non c\u2019\u00e8 un punto di arrivo, solo un cammino che continua, un gesto che si affina, una presenza che cresce.<\/em><\/p>\n\n\n\n<p class=\"has-text-align-center wp-block-paragraph\"><em>Il corpo \u00e8 un territorio sacro, non da correggere, non da interpretare, ma da ascoltare.<\/em><\/p>\n\n\n\n<p class=\"has-text-align-center wp-block-paragraph\"><em>E in questo ascolto nasce il mio modo di lavorare: un gesto che non promette, che non interviene, che non sostituisce nessuno.<\/em><\/p>\n\n\n\n<p class=\"has-text-align-center wp-block-paragraph\"><em>Un gesto che accompagna. Che accoglie. Che rispetta.<\/em><\/p>\n\n\n\n<p class=\"has-text-align-center wp-block-paragraph\"><em>E quando la pagina si chiude, il cammino rimane. Rimane nella mano, nel respiro, nel modo in cui incontro ogni persona con semplicit\u00e0, verit\u00e0, e presenza.<\/em><\/p>\n\n\n\n<div style=\"height:100px\" aria-hidden=\"true\" class=\"wp-block-spacer\"><\/div>\n\n\n\n<div style=\"text-align:center; margin-top:12px;\">\n  <a href=\"\/en\/contatti-e-connessioni-di-benessere\/\" \n     style=\"display:inline-flex; align-items:center; gap:8px; background:#4CAF50; color:#ffffff; padding:12px 22px; border-radius:30px; text-decoration:none; font-weight:600;\">\n    <span style=\"font-size:18px;\">\ud83c\udf43<\/span>\n    Inizia un dialogo con me\n  <\/a>\n<\/div>\n\n\n\n<div style=\"text-align:center; margin: 30px 0;\">\n  <a href=\"https:\/\/www.isentieridelbenessere.com\/en\/masfulness-un-cammino-che-si-fa-radice\/\"\n     style=\"        display:inline-block;        background-color:#4b7f52;        color:#ffffff;        padding:12px 28px;        border-radius:40px;        text-decoration:none;        font-size:1.05rem;        font-weight:500;        letter-spacing:0.3px;        transition:0.3s ease;     \"\n     onmouseover=\"this.style.backgroundColor='#3f6c46'\"\n     onmouseout=\"this.style.backgroundColor='#4b7f52'\">\n     \ud83c\udf3f Torna alla pagina della Scuola Masfulness\n  <\/a>\n<\/div>\n\n\n\n<div style=\"text-align:center; margin:40px 0;\">\n   <a href=\"\/en\/\" \n      style=\"display:inline-flex; align-items:center; gap:8px; background:#4CAF50; color:#ffffff; padding:12px 22px; border-radius:30px; text-decoration:none; font-weight:600; font-size:16px;\">\n      <span style=\"font-size:18px;\">\ud83c\udf43<\/span>\n      Torna allo spazio dove nasce l\u2019armonia\n   <\/a>\n<\/div>\n\n\n\n<div style=\"height:100px\" aria-hidden=\"true\" class=\"wp-block-spacer\"><\/div>\n\n\n\n<p class=\"has-text-align-center wp-block-paragraph\"><em>\u00a9 2025 Riccardo Patania \u2013 Tutti i testi e i contenuti narrativi presenti in questo sito, incluse le poesie, sono opere originali di Riccardo Patania e sono protette dalla legge sul diritto d&#8217;autore (L: 633\/1941).<br>Ne \u00e9 vietata la copia, la riproduzione e la diffusione, anche parziale, senza autorizzazione.<\/em> <em>Per ulteriori chiarimenti consultare la pagina Note legali e di Trasparenza <\/em>\ud83d\udc47\ud83d\udc47\ud83d\udc47<\/p>\n\n\n\n<p class=\"has-text-align-center wp-block-paragraph\">\ud83d\udcdc<em>Questo sito promuove percorsi di benessere olistico nel rispetto della normativa vigente e con totale trasparenza. Per maggiori dettagli \u00e8 disponibile la pagina Note Legali e di Trasparenza.\u201d <\/em>\ud83d\udc47\ud83d\udc47\ud83d\udc47<\/p>\n\n\n\n<div class=\"button-block\">\n  <a href=\"\/en\/note-legali\/\" class=\"main-button\">\n    \ud83c\udf31 Note Legali e di Trasparenza\n  <\/a>\n<\/div>\n\n<style>\n.button-block {\n  text-align: center;\n  margin: 2rem 0;\n}\n\n.main-button {\n  display: inline-block;\n  padding: 0.8rem 1.6rem;\n  background-color: #4CAF50; \/* verde principale *\/\n  color: #fff;               \/* testo bianco *\/\n  font-size: 1rem;\n  font-weight: 600;\n  text-decoration: none;\n  border-radius: 6px;\n  transition: background-color 0.3s ease;\n}\n\n.main-button:hover,\n.main-button:focus {\n  background-color: #388E3C; \/* verde pi\u00f9 scuro al passaggio *\/\n}\n<\/style>","protected":false},"excerpt":{"rendered":"<p>\ud83c\udf3f Diploma di Massaggiatore Professionale \u2013 Le radici del gesto a Ci sono percorsi che non iniziano da un titolo, ma da un bisogno pi\u00f9 profondo: quello di capire il corpo, di ascoltarlo, di rispettarne i tempi, i silenzi, le domande. Il Diploma di Massaggiatore Professionale \u00e8 stato questo: un cammino fatto di passi diversi, [&hellip;]<\/p>\n","protected":false},"author":1,"featured_media":898,"parent":0,"menu_order":0,"comment_status":"closed","ping_status":"closed","template":"","meta":{"footnotes":""},"class_list":["post-897","page","type-page","status-publish","has-post-thumbnail","hentry"],"_links":{"self":[{"href":"https:\/\/www.isentieridelbenessere.com\/en\/wp-json\/wp\/v2\/pages\/897","targetHints":{"allow":["GET"]}}],"collection":[{"href":"https:\/\/www.isentieridelbenessere.com\/en\/wp-json\/wp\/v2\/pages"}],"about":[{"href":"https:\/\/www.isentieridelbenessere.com\/en\/wp-json\/wp\/v2\/types\/page"}],"author":[{"embeddable":true,"href":"https:\/\/www.isentieridelbenessere.com\/en\/wp-json\/wp\/v2\/users\/1"}],"replies":[{"embeddable":true,"href":"https:\/\/www.isentieridelbenessere.com\/en\/wp-json\/wp\/v2\/comments?post=897"}],"version-history":[{"count":26,"href":"https:\/\/www.isentieridelbenessere.com\/en\/wp-json\/wp\/v2\/pages\/897\/revisions"}],"predecessor-version":[{"id":1236,"href":"https:\/\/www.isentieridelbenessere.com\/en\/wp-json\/wp\/v2\/pages\/897\/revisions\/1236"}],"wp:featuredmedia":[{"embeddable":true,"href":"https:\/\/www.isentieridelbenessere.com\/en\/wp-json\/wp\/v2\/media\/898"}],"wp:attachment":[{"href":"https:\/\/www.isentieridelbenessere.com\/en\/wp-json\/wp\/v2\/media?parent=897"}],"curies":[{"name":"wp","href":"https:\/\/api.w.org\/{rel}","templated":true}]}}