{"id":1005,"date":"2026-03-07T09:57:48","date_gmt":"2026-03-07T08:57:48","guid":{"rendered":"https:\/\/www.isentieridelbenessere.com\/?page_id=1005"},"modified":"2026-03-17T14:20:29","modified_gmt":"2026-03-17T13:20:29","slug":"attestati-del-diploma-di-massaggiatore-terme-e-spa-un-passo-nel-cammino","status":"publish","type":"page","link":"https:\/\/www.isentieridelbenessere.com\/en\/attestati-del-diploma-di-massaggiatore-terme-e-spa-un-passo-nel-cammino\/","title":{"rendered":"Attestati del Diploma di Massaggiatore Terme e Spa  \nUn passo nel cammino"},"content":{"rendered":"<div style=\"height:100px\" aria-hidden=\"true\" class=\"wp-block-spacer\"><\/div>\n\n\n\n<figure class=\"wp-block-image size-large\"><img loading=\"lazy\" decoding=\"async\" width=\"1024\" height=\"683\" src=\"https:\/\/www.isentieridelbenessere.com\/wp-content\/uploads\/2026\/03\/Foto-di-morn-in-japan-da-Pixabay-1-1024x683.jpg\" alt=\"\" class=\"wp-image-1017\" srcset=\"https:\/\/www.isentieridelbenessere.com\/wp-content\/uploads\/2026\/03\/Foto-di-morn-in-japan-da-Pixabay-1-1024x683.jpg 1024w, https:\/\/www.isentieridelbenessere.com\/wp-content\/uploads\/2026\/03\/Foto-di-morn-in-japan-da-Pixabay-1-300x200.jpg 300w, https:\/\/www.isentieridelbenessere.com\/wp-content\/uploads\/2026\/03\/Foto-di-morn-in-japan-da-Pixabay-1-768x512.jpg 768w, https:\/\/www.isentieridelbenessere.com\/wp-content\/uploads\/2026\/03\/Foto-di-morn-in-japan-da-Pixabay-1-1536x1024.jpg 1536w, https:\/\/www.isentieridelbenessere.com\/wp-content\/uploads\/2026\/03\/Foto-di-morn-in-japan-da-Pixabay-1-18x12.jpg 18w, https:\/\/www.isentieridelbenessere.com\/wp-content\/uploads\/2026\/03\/Foto-di-morn-in-japan-da-Pixabay-1.jpg 1920w\" sizes=\"auto, (max-width: 1024px) 100vw, 1024px\" \/><\/figure>\n\n\n\n<div style=\"height:40px\" aria-hidden=\"true\" class=\"wp-block-spacer\"><\/div>\n\n\n\n<h2 class=\"wp-block-heading has-text-align-center\">\ud83c\udf3f<em><strong>\u201cDove nasce il gesto\u201d<\/strong><\/em><\/h2>\n\n\n\n<div style=\"height:20px\" aria-hidden=\"true\" class=\"wp-block-spacer\"><\/div>\n\n\n\n<p class=\"has-text-align-center wp-block-paragraph\"><em>Ci sono cammini che non si percorrono con i piedi, ma con le mani che imparano ad ascoltare.<\/em><\/p>\n\n\n\n<p class=\"has-text-align-center wp-block-paragraph\"><em>Ci sono acque che non bagnano la pelle, ma sciolgono il superfluo e riportano al centro.<\/em><\/p>\n\n\n\n<p class=\"has-text-align-center wp-block-paragraph\"><em>E ci sono gesti che non appartengono alla tecnica, ma alla presenza, al respiro, alla cura silenziosa.<\/em><\/p>\n\n\n\n<p class=\"has-text-align-center wp-block-paragraph\"><em>Questa pagina raccoglie gli <strong>attestati<\/strong> che compongono il Diploma di Massaggiatore Terme e Spa. Non sono semplici certificati: sono <strong>tracce di un viaggio<\/strong>, pietre levigate dal tempo, testimonianze di un percorso fatto di ascolto, responsabilit\u00e0 e delicatezza.<\/em><\/p>\n\n\n\n<div class=\"wp-block-media-text alignwide is-stacked-on-mobile\"><figure class=\"wp-block-media-text__media\"><img loading=\"lazy\" decoding=\"async\" width=\"1024\" height=\"757\" src=\"https:\/\/www.isentieridelbenessere.com\/wp-content\/uploads\/2026\/02\/Foto-di-Ntifafa_Nyakossi-da-Pixabay-1024x757.jpg\" alt=\"\" class=\"wp-image-1007 size-full\" srcset=\"https:\/\/www.isentieridelbenessere.com\/wp-content\/uploads\/2026\/02\/Foto-di-Ntifafa_Nyakossi-da-Pixabay-1024x757.jpg 1024w, https:\/\/www.isentieridelbenessere.com\/wp-content\/uploads\/2026\/02\/Foto-di-Ntifafa_Nyakossi-da-Pixabay-300x222.jpg 300w, https:\/\/www.isentieridelbenessere.com\/wp-content\/uploads\/2026\/02\/Foto-di-Ntifafa_Nyakossi-da-Pixabay-768x568.jpg 768w, https:\/\/www.isentieridelbenessere.com\/wp-content\/uploads\/2026\/02\/Foto-di-Ntifafa_Nyakossi-da-Pixabay-1536x1135.jpg 1536w, https:\/\/www.isentieridelbenessere.com\/wp-content\/uploads\/2026\/02\/Foto-di-Ntifafa_Nyakossi-da-Pixabay-2048x1514.jpg 2048w, https:\/\/www.isentieridelbenessere.com\/wp-content\/uploads\/2026\/02\/Foto-di-Ntifafa_Nyakossi-da-Pixabay-16x12.jpg 16w\" sizes=\"auto, (max-width: 1024px) 100vw, 1024px\" \/><\/figure><div class=\"wp-block-media-text__content\">\n<p class=\"has-text-align-center wp-block-paragraph\"><em>Nel silenzio delle acque e nel respiro dei vapori, ogni gesto diventa un invito alla quiete.<\/em><br><em>Questo percorso ha scolpito in me la capacit\u00e0 di portare rilassamento, presenza e delicatezza nei luoghi dedicati al benessere.<br>Gli attestati che seguono sono le tracce di questo cammino: pietre calde, levigate dal tempo e dalla pratica.<\/em><\/p>\n\n\n\n<p class=\"wp-block-paragraph\"><\/p>\n<\/div><\/div>\n\n\n\n<div style=\"height:30px\" aria-hidden=\"true\" class=\"wp-block-spacer\"><\/div>\n\n\n\n<div class=\"wp-block-media-text alignwide has-media-on-the-right is-stacked-on-mobile\"><div class=\"wp-block-media-text__content\">\n<h2 class=\"wp-block-heading has-text-align-center\"><strong><em>Cosa rappresenta questo diploma<\/em><\/strong>:<\/h2>\n\n\n\n<p class=\"has-text-align-center wp-block-paragraph\"><strong>Professionalit\u00e0 e responsabilit\u00e0<\/strong> nel proprio operato, sempre nel quadro dell\u2019Operatore Olistico.<\/p>\n\n\n\n<p class=\"has-text-align-center wp-block-paragraph\"><em><strong>Competenza tecnica<\/strong> nelle principali manualit\u00e0 termali e spa.<\/em><\/p>\n\n\n\n<p class=\"has-text-align-center wp-block-paragraph\"><em><strong>Consapevolezza olistica<\/strong> del contatto, del ritmo, dell\u2019intenzione.<\/em><\/p>\n\n\n\n<p class=\"has-text-align-center wp-block-paragraph\"><em><strong>Capacit\u00e0 di creare ambienti di benessere<\/strong> che rispettano la persona e la sua unicit\u00e0.<\/em><\/p>\n<\/div><figure class=\"wp-block-media-text__media\"><img loading=\"lazy\" decoding=\"async\" width=\"683\" height=\"1024\" src=\"https:\/\/www.isentieridelbenessere.com\/wp-content\/uploads\/2026\/03\/Foto-di-Eva-Michalkova-1-da-Pixabay-683x1024.png\" alt=\"\" class=\"wp-image-1012 size-full\" srcset=\"https:\/\/www.isentieridelbenessere.com\/wp-content\/uploads\/2026\/03\/Foto-di-Eva-Michalkova-1-da-Pixabay-683x1024.png 683w, https:\/\/www.isentieridelbenessere.com\/wp-content\/uploads\/2026\/03\/Foto-di-Eva-Michalkova-1-da-Pixabay-200x300.png 200w, https:\/\/www.isentieridelbenessere.com\/wp-content\/uploads\/2026\/03\/Foto-di-Eva-Michalkova-1-da-Pixabay-768x1152.png 768w, https:\/\/www.isentieridelbenessere.com\/wp-content\/uploads\/2026\/03\/Foto-di-Eva-Michalkova-1-da-Pixabay-1024x1536.png 1024w, https:\/\/www.isentieridelbenessere.com\/wp-content\/uploads\/2026\/03\/Foto-di-Eva-Michalkova-1-da-Pixabay-8x12.png 8w, https:\/\/www.isentieridelbenessere.com\/wp-content\/uploads\/2026\/03\/Foto-di-Eva-Michalkova-1-da-Pixabay.png 1280w\" sizes=\"auto, (max-width: 683px) 100vw, 683px\" \/><\/figure><\/div>\n\n\n\n<div style=\"height:41px\" aria-hidden=\"true\" class=\"wp-block-spacer\"><\/div>\n\n\n\n<div class=\"wp-block-media-text alignwide is-stacked-on-mobile\"><figure class=\"wp-block-media-text__media\"><img loading=\"lazy\" decoding=\"async\" width=\"1024\" height=\"507\" src=\"https:\/\/www.isentieridelbenessere.com\/wp-content\/uploads\/2026\/03\/Foto-di-Raine-da-Pixabay-1024x507.jpg\" alt=\"\" class=\"wp-image-1014 size-full\" srcset=\"https:\/\/www.isentieridelbenessere.com\/wp-content\/uploads\/2026\/03\/Foto-di-Raine-da-Pixabay-1024x507.jpg 1024w, https:\/\/www.isentieridelbenessere.com\/wp-content\/uploads\/2026\/03\/Foto-di-Raine-da-Pixabay-300x149.jpg 300w, https:\/\/www.isentieridelbenessere.com\/wp-content\/uploads\/2026\/03\/Foto-di-Raine-da-Pixabay-768x380.jpg 768w, https:\/\/www.isentieridelbenessere.com\/wp-content\/uploads\/2026\/03\/Foto-di-Raine-da-Pixabay-18x9.jpg 18w, https:\/\/www.isentieridelbenessere.com\/wp-content\/uploads\/2026\/03\/Foto-di-Raine-da-Pixabay.jpg 1280w\" sizes=\"auto, (max-width: 1024px) 100vw, 1024px\" \/><\/figure><div class=\"wp-block-media-text__content\">\n<h2 class=\"wp-block-heading has-text-align-center\">\ud83c\udf2b\ufe0f<em><strong> Una sintesi del percorso<\/strong><\/em><\/h2>\n\n\n\n<p class=\"has-text-align-center wp-block-paragraph\"><em>Questo diploma raccoglie competenze tecniche, sensibilit\u00e0 olistica e capacit\u00e0 di creare ambienti di benessere che onorano la persona nella sua unicit\u00e0. Ogni attestato \u00e8 una pietra del sentiero, un gesto che si \u00e8 fatto pi\u00f9 consapevole, pi\u00f9 presente, pi\u00f9 radicato.<\/em><\/p>\n<\/div><\/div>\n\n\n\n<div style=\"height:30px\" aria-hidden=\"true\" class=\"wp-block-spacer\"><\/div>\n\n\n\n<div class=\"wp-block-media-text alignwide has-media-on-the-right is-stacked-on-mobile\"><div class=\"wp-block-media-text__content\">\n<h2 class=\"wp-block-heading has-text-align-center\"><em><strong>Nota importante<\/strong> <\/em><\/h2>\n\n\n\n<p class=\"has-text-align-center wp-block-paragraph\"><em>Tutti i massaggi insegnati e praticati nell\u2019ambito di questo percorso <strong>non hanno scopo sanitario n\u00e9 estetico<\/strong>. Appartengono alla sfera del benessere naturale e dell\u2019Operatore Olistico.<\/em><\/p>\n<\/div><figure class=\"wp-block-media-text__media\"><img loading=\"lazy\" decoding=\"async\" width=\"1024\" height=\"683\" src=\"https:\/\/www.isentieridelbenessere.com\/wp-content\/uploads\/2026\/03\/Foto-di-an_photos-da-Pixabay-1024x683.jpg\" alt=\"\" class=\"wp-image-1019 size-full\" srcset=\"https:\/\/www.isentieridelbenessere.com\/wp-content\/uploads\/2026\/03\/Foto-di-an_photos-da-Pixabay-1024x683.jpg 1024w, https:\/\/www.isentieridelbenessere.com\/wp-content\/uploads\/2026\/03\/Foto-di-an_photos-da-Pixabay-300x200.jpg 300w, https:\/\/www.isentieridelbenessere.com\/wp-content\/uploads\/2026\/03\/Foto-di-an_photos-da-Pixabay-768x512.jpg 768w, https:\/\/www.isentieridelbenessere.com\/wp-content\/uploads\/2026\/03\/Foto-di-an_photos-da-Pixabay-1536x1024.jpg 1536w, https:\/\/www.isentieridelbenessere.com\/wp-content\/uploads\/2026\/03\/Foto-di-an_photos-da-Pixabay-18x12.jpg 18w, https:\/\/www.isentieridelbenessere.com\/wp-content\/uploads\/2026\/03\/Foto-di-an_photos-da-Pixabay.jpg 1920w\" sizes=\"auto, (max-width: 1024px) 100vw, 1024px\" \/><\/figure><\/div>\n\n\n\n<div style=\"height:30px\" aria-hidden=\"true\" class=\"wp-block-spacer\"><\/div>\n\n\n\n<div class=\"wp-block-media-text alignwide is-stacked-on-mobile\"><figure class=\"wp-block-media-text__media\"><img loading=\"lazy\" decoding=\"async\" width=\"1024\" height=\"683\" src=\"https:\/\/www.isentieridelbenessere.com\/wp-content\/uploads\/2026\/03\/Foto-di-Dinmix-da-Pixabay-1-1024x683.jpg\" alt=\"\" class=\"wp-image-1022 size-full\" srcset=\"https:\/\/www.isentieridelbenessere.com\/wp-content\/uploads\/2026\/03\/Foto-di-Dinmix-da-Pixabay-1-1024x683.jpg 1024w, https:\/\/www.isentieridelbenessere.com\/wp-content\/uploads\/2026\/03\/Foto-di-Dinmix-da-Pixabay-1-300x200.jpg 300w, https:\/\/www.isentieridelbenessere.com\/wp-content\/uploads\/2026\/03\/Foto-di-Dinmix-da-Pixabay-1-768x512.jpg 768w, https:\/\/www.isentieridelbenessere.com\/wp-content\/uploads\/2026\/03\/Foto-di-Dinmix-da-Pixabay-1-1536x1024.jpg 1536w, https:\/\/www.isentieridelbenessere.com\/wp-content\/uploads\/2026\/03\/Foto-di-Dinmix-da-Pixabay-1-18x12.jpg 18w, https:\/\/www.isentieridelbenessere.com\/wp-content\/uploads\/2026\/03\/Foto-di-Dinmix-da-Pixabay-1.jpg 1920w\" sizes=\"auto, (max-width: 1024px) 100vw, 1024px\" \/><\/figure><div class=\"wp-block-media-text__content\">\n<h2 class=\"wp-block-heading has-text-align-center\">\ud83c\udf0a <strong><em>Gli Attestati del Percorso<\/em><\/strong><\/h2>\n\n\n\n<p class=\"has-text-align-center wp-block-paragraph\"><em>Di seguito trovi gli attestati che compongono il Diploma. Ognuno rappresenta un passo, un respiro, una consapevolezza acquisita.<\/em><\/p>\n<\/div><\/div>\n\n\n\n<div style=\"height:30px\" aria-hidden=\"true\" class=\"wp-block-spacer\"><\/div>\n\n\n\n<h3 class=\"wp-block-heading has-text-align-center\">\ud83c\udf31 <em><strong>\u201cLa prima impronta\u201d<\/strong><\/em><\/h3>\n\n\n\n<p class=\"has-text-align-center wp-block-paragraph\"><em>Ogni inizio \u00e8 un seme. Ogni seme attende solo una mano che lo ascolti.<\/em><\/p>\n\n\n\n<div style=\"height:30px\" aria-hidden=\"true\" class=\"wp-block-spacer\"><\/div>\n\n\n\n<div class=\"wp-block-media-text alignwide has-media-on-the-right is-stacked-on-mobile\"><div class=\"wp-block-media-text__content\">\n<h2 class=\"wp-block-heading has-text-align-center\"><strong><em>Attestato: Corso Massaggio Base<\/em><\/strong><\/h2>\n\n\n\n<p class=\"has-text-align-center wp-block-paragraph\"><em>Il primo mattone del cammino. Qui si impara il contatto, il ritmo, la postura, la presenza. \u00c8 il luogo dove la mano scopre il suo linguaggio naturale.<\/em><\/p>\n<\/div><figure class=\"wp-block-media-text__media\"><img loading=\"lazy\" decoding=\"async\" width=\"706\" height=\"545\" src=\"https:\/\/www.isentieridelbenessere.com\/wp-content\/uploads\/2026\/03\/Attestato-Massaggio-Base-Masfulness.jpg\" alt=\"\" class=\"wp-image-1023 size-full\" srcset=\"https:\/\/www.isentieridelbenessere.com\/wp-content\/uploads\/2026\/03\/Attestato-Massaggio-Base-Masfulness.jpg 706w, https:\/\/www.isentieridelbenessere.com\/wp-content\/uploads\/2026\/03\/Attestato-Massaggio-Base-Masfulness-300x232.jpg 300w, https:\/\/www.isentieridelbenessere.com\/wp-content\/uploads\/2026\/03\/Attestato-Massaggio-Base-Masfulness-16x12.jpg 16w\" sizes=\"auto, (max-width: 706px) 100vw, 706px\" \/><\/figure><\/div>\n\n\n\n<div style=\"height:40px\" aria-hidden=\"true\" class=\"wp-block-spacer\"><\/div>\n\n\n\n<div class=\"wp-block-media-text alignwide is-stacked-on-mobile\"><figure class=\"wp-block-media-text__media\"><img loading=\"lazy\" decoding=\"async\" width=\"1024\" height=\"683\" src=\"https:\/\/www.isentieridelbenessere.com\/wp-content\/uploads\/2026\/03\/Foto-di-Djordje-Ristic-da-Pixabay-1024x683.jpg\" alt=\"\" class=\"wp-image-1098 size-full\" srcset=\"https:\/\/www.isentieridelbenessere.com\/wp-content\/uploads\/2026\/03\/Foto-di-Djordje-Ristic-da-Pixabay-1024x683.jpg 1024w, https:\/\/www.isentieridelbenessere.com\/wp-content\/uploads\/2026\/03\/Foto-di-Djordje-Ristic-da-Pixabay-300x200.jpg 300w, https:\/\/www.isentieridelbenessere.com\/wp-content\/uploads\/2026\/03\/Foto-di-Djordje-Ristic-da-Pixabay-768x512.jpg 768w, https:\/\/www.isentieridelbenessere.com\/wp-content\/uploads\/2026\/03\/Foto-di-Djordje-Ristic-da-Pixabay-1536x1024.jpg 1536w, https:\/\/www.isentieridelbenessere.com\/wp-content\/uploads\/2026\/03\/Foto-di-Djordje-Ristic-da-Pixabay-2048x1365.jpg 2048w, https:\/\/www.isentieridelbenessere.com\/wp-content\/uploads\/2026\/03\/Foto-di-Djordje-Ristic-da-Pixabay-18x12.jpg 18w\" sizes=\"auto, (max-width: 1024px) 100vw, 1024px\" \/><\/figure><div class=\"wp-block-media-text__content\">\n<h3 class=\"wp-block-heading has-text-align-center\"><em><strong>Poesia \u2013 \u201cDove nasce il gesto\u201d<\/strong><\/em><\/h3>\n\n\n\n<p class=\"has-text-align-center wp-block-paragraph\"><em>Ogni gesto ha un\u2019origine che non si vede.<br>Nasce prima della mano, prima del tocco,<br>nel luogo silenzioso dove l\u2019intenzione si prepara.<\/em><\/p>\n\n\n\n<p class=\"has-text-align-center wp-block-paragraph\">I<em>l Massaggio Base \u00e8 un ritorno all\u2019essenziale:<br>la postura che si radica,<br>il respiro che si allinea,<br>la presenza che si fa casa.<\/em><\/p>\n\n\n\n<p class=\"has-text-align-center wp-block-paragraph\"><em>Qui la mano impara a non correre,<br>a non dimostrare,<br>a non cercare risultati.<br>Impara invece ad ascoltare,<br>a seguire il ritmo naturale del corpo,<br>a diventare strumento di quiete.<\/em><\/p>\n\n\n\n<p class=\"has-text-align-center wp-block-paragraph\"><em>E quando il gesto trova il suo centro,<br>non \u00e8 pi\u00f9 tecnica:<br>\u00e8 un modo di stare nel mondo.<\/em><\/p>\n<\/div><\/div>\n\n\n\n<div style=\"height:30px\" aria-hidden=\"true\" class=\"wp-block-spacer\"><\/div>\n\n\n\n<h3 class=\"wp-block-heading has-text-align-center\"><em><strong>\ud83c\udf31<\/strong><\/em> <strong><em>\u201cIl gesto che nasce\u201d<\/em><\/strong><\/h3>\n\n\n\n<p class=\"has-text-align-center wp-block-paragraph\"><em>C\u2019\u00e8 un istante in cui la mano tace, e proprio l\u00ec comincia ad ascoltare.<\/em><\/p>\n\n\n\n<div class=\"wp-block-media-text alignwide is-stacked-on-mobile\"><figure class=\"wp-block-media-text__media\"><img loading=\"lazy\" decoding=\"async\" width=\"706\" height=\"536\" src=\"https:\/\/www.isentieridelbenessere.com\/wp-content\/uploads\/2026\/03\/Attestato-Corso-Hot-Stone-Massage-Therapy-Masfulness.jpg\" alt=\"\" class=\"wp-image-1024 size-full\" srcset=\"https:\/\/www.isentieridelbenessere.com\/wp-content\/uploads\/2026\/03\/Attestato-Corso-Hot-Stone-Massage-Therapy-Masfulness.jpg 706w, https:\/\/www.isentieridelbenessere.com\/wp-content\/uploads\/2026\/03\/Attestato-Corso-Hot-Stone-Massage-Therapy-Masfulness-300x228.jpg 300w, https:\/\/www.isentieridelbenessere.com\/wp-content\/uploads\/2026\/03\/Attestato-Corso-Hot-Stone-Massage-Therapy-Masfulness-16x12.jpg 16w\" sizes=\"auto, (max-width: 706px) 100vw, 706px\" \/><\/figure><div class=\"wp-block-media-text__content\">\n<h2 class=\"wp-block-heading has-text-align-center\"><strong><em>Attestato: Corso Hot Stone Massage Therapy<\/em><\/strong><\/h2>\n\n\n\n<p class=\"has-text-align-center wp-block-paragraph\"><em>Il calore delle pietre diventa voce. La tecnica si intreccia con la capacit\u00e0 di creare ambienti di quiete profonda. Un massaggio che unisce terra, fuoco e ascolto.<\/em><\/p>\n\n\n\n<p class=\"wp-block-paragraph\">\ud83d\udd25 <em><strong>Micro\u2011poesia \u2013 \u201cPietre che parlano\u201d<\/strong><\/em><\/p>\n\n\n\n<p class=\"has-text-align-center wp-block-paragraph\"><em>La pietra scalda, la mano traduce, il corpo ricorda.<\/em><\/p>\n<\/div><\/div>\n\n\n\n<div style=\"height:30px\" aria-hidden=\"true\" class=\"wp-block-spacer\"><\/div>\n\n\n\n<div class=\"wp-block-media-text alignwide has-media-on-the-right is-stacked-on-mobile\"><div class=\"wp-block-media-text__content\">\n<h3 class=\"wp-block-heading has-text-align-center\"><em><strong>Poesia \u2013 \u201cIl calore che ricorda\u201d<\/strong><\/em><\/h3>\n\n\n\n<p class=\"has-text-align-center wp-block-paragraph\"><em>Ci sono calori che non scaldano soltanto:<br>risvegliano.<br>Le pietre, levigate dal tempo,<br>portano con s\u00e9 una memoria antica,<br>un respiro che viene dalla terra.<\/em><\/p>\n\n\n\n<p class=\"has-text-align-center wp-block-paragraph\"><em>Nel loro peso c\u2019\u00e8 un invito alla resa,<br>nel loro calore una voce che scioglie.<\/em><\/p>\n\n\n\n<p class=\"has-text-align-center wp-block-paragraph\"><em>La mano non guida,<br>accompagna.<br>La pietra non corregge,<br>ricorda al corpo la sua morbidezza.<\/em><\/p>\n\n\n\n<p class=\"has-text-align-center wp-block-paragraph\">E<em> mentre il calore scende,<br>qualcosa si arrende senza rumore:<br>un nodo, un pensiero, una difesa.<br>Rimane solo la presenza,<br>pura, semplice, essenziale.<\/em><\/p>\n<\/div><figure class=\"wp-block-media-text__media\"><img loading=\"lazy\" decoding=\"async\" width=\"1024\" height=\"701\" src=\"https:\/\/www.isentieridelbenessere.com\/wp-content\/uploads\/2026\/03\/Foto-di-Brett-Hondow-da-Pixabay-1024x701.jpg\" alt=\"\" class=\"wp-image-1103 size-full\" srcset=\"https:\/\/www.isentieridelbenessere.com\/wp-content\/uploads\/2026\/03\/Foto-di-Brett-Hondow-da-Pixabay-1024x701.jpg 1024w, https:\/\/www.isentieridelbenessere.com\/wp-content\/uploads\/2026\/03\/Foto-di-Brett-Hondow-da-Pixabay-300x205.jpg 300w, https:\/\/www.isentieridelbenessere.com\/wp-content\/uploads\/2026\/03\/Foto-di-Brett-Hondow-da-Pixabay-768x526.jpg 768w, https:\/\/www.isentieridelbenessere.com\/wp-content\/uploads\/2026\/03\/Foto-di-Brett-Hondow-da-Pixabay-1536x1052.jpg 1536w, https:\/\/www.isentieridelbenessere.com\/wp-content\/uploads\/2026\/03\/Foto-di-Brett-Hondow-da-Pixabay-2048x1402.jpg 2048w, https:\/\/www.isentieridelbenessere.com\/wp-content\/uploads\/2026\/03\/Foto-di-Brett-Hondow-da-Pixabay-18x12.jpg 18w\" sizes=\"auto, (max-width: 1024px) 100vw, 1024px\" \/><\/figure><\/div>\n\n\n\n<div style=\"height:50px\" aria-hidden=\"true\" class=\"wp-block-spacer\"><\/div>\n\n\n\n<h2 class=\"wp-block-heading has-text-align-center\">\ud83c\udf31<em><strong> \u201cIl gesto che distende\u201d<\/strong><\/em><\/h2>\n\n\n\n<div class=\"wp-block-media-text alignwide has-media-on-the-right is-stacked-on-mobile\"><div class=\"wp-block-media-text__content\">\n<h2 class=\"wp-block-heading has-text-align-center\"><em><strong>Attestato: Corso di Massaggio Rilassante<\/strong><\/em><\/h2>\n\n\n\n<p class=\"has-text-align-center wp-block-paragraph\">Movimenti lenti, continui, avvolgenti.<br>Un massaggio che non forza, non corregge, non pretende: accompagna.<br>Qui si impara a creare uno spazio dove il corpo pu\u00f2 finalmente appoggiarsi.<\/p>\n\n\n\n<p class=\"has-text-align-center wp-block-paragraph\"><em><strong>Micro\u2011poesia \u2013\u201cLa quiete che scende\u201d<\/strong><\/em><\/p>\n\n\n\n<p class=\"has-text-align-center wp-block-paragraph\"><em>Il gesto si allunga, il respiro si apre, la mente si posa.<\/em><\/p>\n<\/div><figure class=\"wp-block-media-text__media\"><img loading=\"lazy\" decoding=\"async\" width=\"706\" height=\"542\" src=\"https:\/\/www.isentieridelbenessere.com\/wp-content\/uploads\/2026\/03\/Attestato-Corso-Massaggio-rilassante-Masfulness.jpg\" alt=\"\" class=\"wp-image-1025 size-full\" srcset=\"https:\/\/www.isentieridelbenessere.com\/wp-content\/uploads\/2026\/03\/Attestato-Corso-Massaggio-rilassante-Masfulness.jpg 706w, https:\/\/www.isentieridelbenessere.com\/wp-content\/uploads\/2026\/03\/Attestato-Corso-Massaggio-rilassante-Masfulness-300x230.jpg 300w, https:\/\/www.isentieridelbenessere.com\/wp-content\/uploads\/2026\/03\/Attestato-Corso-Massaggio-rilassante-Masfulness-16x12.jpg 16w\" sizes=\"auto, (max-width: 706px) 100vw, 706px\" \/><\/figure><\/div>\n\n\n\n<div style=\"height:30px\" aria-hidden=\"true\" class=\"wp-block-spacer\"><\/div>\n\n\n\n<div class=\"wp-block-media-text alignwide is-stacked-on-mobile\"><figure class=\"wp-block-media-text__media\"><img loading=\"lazy\" decoding=\"async\" width=\"771\" height=\"1024\" src=\"https:\/\/www.isentieridelbenessere.com\/wp-content\/uploads\/2026\/03\/Foto-di-Alex-Bon-da-Pixabay-771x1024.jpg\" alt=\"\" class=\"wp-image-1057 size-full\" srcset=\"https:\/\/www.isentieridelbenessere.com\/wp-content\/uploads\/2026\/03\/Foto-di-Alex-Bon-da-Pixabay-771x1024.jpg 771w, https:\/\/www.isentieridelbenessere.com\/wp-content\/uploads\/2026\/03\/Foto-di-Alex-Bon-da-Pixabay-226x300.jpg 226w, https:\/\/www.isentieridelbenessere.com\/wp-content\/uploads\/2026\/03\/Foto-di-Alex-Bon-da-Pixabay-768x1020.jpg 768w, https:\/\/www.isentieridelbenessere.com\/wp-content\/uploads\/2026\/03\/Foto-di-Alex-Bon-da-Pixabay-1157x1536.jpg 1157w, https:\/\/www.isentieridelbenessere.com\/wp-content\/uploads\/2026\/03\/Foto-di-Alex-Bon-da-Pixabay-9x12.jpg 9w, https:\/\/www.isentieridelbenessere.com\/wp-content\/uploads\/2026\/03\/Foto-di-Alex-Bon-da-Pixabay.jpg 1446w\" sizes=\"auto, (max-width: 771px) 100vw, 771px\" \/><\/figure><div class=\"wp-block-media-text__content\">\n<h3 class=\"wp-block-heading has-text-align-center\"><em><strong>Poesia \u2013 \u201cLa quiete che ritorna\u201d<\/strong><\/em><\/h3>\n\n\n\n<p class=\"has-text-align-center wp-block-paragraph\"><em>Ci sono gesti che non chiedono nulla, e proprio per questo sanno restituire. La mano scivola lenta, come un ruscello che non ha fretta, e nel suo andare raccoglie i pensieri dispersi, li posa a terra, li lascia respirare.<\/em><\/p>\n\n\n\n<p class=\"has-text-align-center wp-block-paragraph\"><em>Il corpo si distende come un campo dopo la pioggia, la mente si siede accanto al cuore, e insieme ascoltano il silenzio che nasce tra un movimento e l\u2019altro. \u00c8 l\u00ec che avviene il rilascio, non nella forza, ma nella resa.<\/em><\/p>\n<\/div><\/div>\n\n\n\n<div style=\"height:30px\" aria-hidden=\"true\" class=\"wp-block-spacer\"><\/div>\n\n\n\n<h3 class=\"wp-block-heading has-text-align-center\">\ud83c\udf2c\ufe0f<em><strong> Micro\u2011poesia \u2013 \u201cIl respiro che scioglie\u201d<\/strong><\/em><\/h3>\n\n\n\n<p class=\"has-text-align-center wp-block-paragraph\"><em>Lento come il vento d\u2019alba,<\/em> <em>il gesto trova la sua strada.<\/em><\/p>\n\n\n\n<div style=\"height:30px\" aria-hidden=\"true\" class=\"wp-block-spacer\"><\/div>\n\n\n\n<h2 class=\"wp-block-heading has-text-align-center\">\ud83c\udf38<strong><em> \u201cIl volto che fiorisce\u201d<\/em><\/strong><\/h2>\n\n\n\n<div style=\"height:30px\" aria-hidden=\"true\" class=\"wp-block-spacer\"><\/div>\n\n\n\n<div class=\"wp-block-media-text alignwide has-media-on-the-right is-stacked-on-mobile\"><div class=\"wp-block-media-text__content\">\n<p class=\"has-text-align-center wp-block-paragraph\"><strong><em>Attestato: Corso di Massaggio Kobido<\/em><\/strong> <em>Manualit\u00e0 delicate e profonde, ritmo preciso, ascolto del volto come paesaggio emotivo. Un\u2019arte antica che diventa presenza moderna, sempre nel quadro del benessere naturale.<\/em><\/p>\n\n\n\n<p class=\"has-text-align-center wp-block-paragraph\"><em><strong>Micro\u2011poesia \u2013 \u201cIl fiore che si schiude\u201d<\/strong> <\/em><\/p>\n\n\n\n<p class=\"has-text-align-center wp-block-paragraph\"><em>Tra pelle e luce nasce un sorriso silenzioso.<\/em><\/p>\n<\/div><figure class=\"wp-block-media-text__media\"><img loading=\"lazy\" decoding=\"async\" width=\"681\" height=\"544\" src=\"https:\/\/www.isentieridelbenessere.com\/wp-content\/uploads\/2026\/03\/Atytestato-Corso-Massaggio-Kobido-Masfulness.jpg\" alt=\"\" class=\"wp-image-1060 size-full\" srcset=\"https:\/\/www.isentieridelbenessere.com\/wp-content\/uploads\/2026\/03\/Atytestato-Corso-Massaggio-Kobido-Masfulness.jpg 681w, https:\/\/www.isentieridelbenessere.com\/wp-content\/uploads\/2026\/03\/Atytestato-Corso-Massaggio-Kobido-Masfulness-300x240.jpg 300w, https:\/\/www.isentieridelbenessere.com\/wp-content\/uploads\/2026\/03\/Atytestato-Corso-Massaggio-Kobido-Masfulness-15x12.jpg 15w\" sizes=\"auto, (max-width: 681px) 100vw, 681px\" \/><\/figure><\/div>\n\n\n\n<div style=\"height:48px\" aria-hidden=\"true\" class=\"wp-block-spacer\"><\/div>\n\n\n\n<div class=\"wp-block-media-text alignwide is-stacked-on-mobile\"><figure class=\"wp-block-media-text__media\"><img loading=\"lazy\" decoding=\"async\" width=\"683\" height=\"1024\" src=\"https:\/\/www.isentieridelbenessere.com\/wp-content\/uploads\/2026\/03\/Foto-di-tuan-quang-da-Pixabay-683x1024.jpg\" alt=\"\" class=\"wp-image-1061 size-full\" srcset=\"https:\/\/www.isentieridelbenessere.com\/wp-content\/uploads\/2026\/03\/Foto-di-tuan-quang-da-Pixabay-683x1024.jpg 683w, https:\/\/www.isentieridelbenessere.com\/wp-content\/uploads\/2026\/03\/Foto-di-tuan-quang-da-Pixabay-200x300.jpg 200w, https:\/\/www.isentieridelbenessere.com\/wp-content\/uploads\/2026\/03\/Foto-di-tuan-quang-da-Pixabay-768x1152.jpg 768w, https:\/\/www.isentieridelbenessere.com\/wp-content\/uploads\/2026\/03\/Foto-di-tuan-quang-da-Pixabay-1024x1536.jpg 1024w, https:\/\/www.isentieridelbenessere.com\/wp-content\/uploads\/2026\/03\/Foto-di-tuan-quang-da-Pixabay-8x12.jpg 8w, https:\/\/www.isentieridelbenessere.com\/wp-content\/uploads\/2026\/03\/Foto-di-tuan-quang-da-Pixabay.jpg 1280w\" sizes=\"auto, (max-width: 683px) 100vw, 683px\" \/><\/figure><div class=\"wp-block-media-text__content\">\n<h3 class=\"wp-block-heading has-text-align-center\"><em><strong>Poesia \u2013 \u201cIl volto che ricorda la sua luce\u201d<\/strong><\/em><\/h3>\n\n\n\n<p class=\"has-text-align-center wp-block-paragraph\"><em>Ogni volto \u00e8 un giardino antico, dove emozioni e memorie crescono come fiori selvatici. Il gesto del Kobido non invade, non pretende: sfiora, risveglia, accompagna.<\/em><\/p>\n\n\n\n<p class=\"has-text-align-center wp-block-paragraph\"><em>Le dita seguono sentieri invisibili, come vento leggero tra petali che si aprono. E mentre la pelle si distende, qualcosa dentro torna a fiorire: una luce sottile, un sorriso che non ha bisogno di apparire, perch\u00e9 \u00e8 gi\u00e0 presente, silenzioso, profondo.<\/em><\/p>\n<\/div><\/div>\n\n\n\n<div style=\"height:100px\" aria-hidden=\"true\" class=\"wp-block-spacer\"><\/div>\n\n\n\n<div class=\"wp-block-media-text alignwide is-stacked-on-mobile\"><figure class=\"wp-block-media-text__media\"><img loading=\"lazy\" decoding=\"async\" width=\"706\" height=\"542\" src=\"https:\/\/www.isentieridelbenessere.com\/wp-content\/uploads\/2026\/03\/Attestato-Corso-Massaggio-Californiano-Masfulness.jpg\" alt=\"\" class=\"wp-image-1026 size-full\" srcset=\"https:\/\/www.isentieridelbenessere.com\/wp-content\/uploads\/2026\/03\/Attestato-Corso-Massaggio-Californiano-Masfulness.jpg 706w, https:\/\/www.isentieridelbenessere.com\/wp-content\/uploads\/2026\/03\/Attestato-Corso-Massaggio-Californiano-Masfulness-300x230.jpg 300w, https:\/\/www.isentieridelbenessere.com\/wp-content\/uploads\/2026\/03\/Attestato-Corso-Massaggio-Californiano-Masfulness-16x12.jpg 16w\" sizes=\"auto, (max-width: 706px) 100vw, 706px\" \/><\/figure><div class=\"wp-block-media-text__content\">\n<h2 class=\"wp-block-heading has-text-align-center\"><em><strong>Attestato: Corso Massaggio Californiano<\/strong><\/em><\/h2>\n\n\n\n<p class=\"has-text-align-center wp-block-paragraph\"><em>Onde lunghe, movimenti fluidi, continuit\u00e0. Il corpo diventa un unico paesaggio da attraversare con grazia. Un massaggio che \u00e8 quasi una danza.<\/em><\/p>\n<\/div><\/div>\n\n\n\n<div style=\"height:40px\" aria-hidden=\"true\" class=\"wp-block-spacer\"><\/div>\n\n\n\n<div class=\"wp-block-media-text alignwide has-media-on-the-right is-stacked-on-mobile\"><div class=\"wp-block-media-text__content\">\n<h3 class=\"wp-block-heading has-text-align-center\"><strong><em>Poesia \u2013 \u201cIl corpo come un\u2019unica onda\u201d<\/em><\/strong><\/h3>\n\n\n\n<p class=\"has-text-align-center wp-block-paragraph\"><em>Il Californiano non si interrompe,<br>non divide, non separa.<br>\u00c8 un\u2019onda lunga che attraversa il corpo<br>come un respiro che non finisce.<\/em><\/p>\n\n\n\n<p class=\"has-text-align-center wp-block-paragraph\"><em>La mano scivola, ritorna, avvolge,<br>e in questo fluire continuo<br>il corpo smette di difendersi.<\/em><\/p>\n\n\n\n<p class=\"has-text-align-center wp-block-paragraph\"><em>Non c\u2019\u00e8 inizio n\u00e9 fine,<br>solo un movimento che culla,<br>che ricompone,<br>che riporta tutto in un\u2019unica direzione.<\/em><\/p>\n\n\n\n<p class=\"has-text-align-center wp-block-paragraph\"><em>E quando l\u2019onda trova il suo ritmo,<br>la mente si distende,<br>il cuore si apre,<br>il corpo ricorda la sua unit\u00e0.<\/em><\/p>\n<\/div><figure class=\"wp-block-media-text__media\"><img loading=\"lazy\" decoding=\"async\" width=\"1024\" height=\"683\" src=\"https:\/\/www.isentieridelbenessere.com\/wp-content\/uploads\/2026\/03\/Foto-di-Kieu-Truong-da-Pixabay-1024x683.jpg\" alt=\"\" class=\"wp-image-1109 size-full\" srcset=\"https:\/\/www.isentieridelbenessere.com\/wp-content\/uploads\/2026\/03\/Foto-di-Kieu-Truong-da-Pixabay-1024x683.jpg 1024w, https:\/\/www.isentieridelbenessere.com\/wp-content\/uploads\/2026\/03\/Foto-di-Kieu-Truong-da-Pixabay-300x200.jpg 300w, https:\/\/www.isentieridelbenessere.com\/wp-content\/uploads\/2026\/03\/Foto-di-Kieu-Truong-da-Pixabay-768x512.jpg 768w, https:\/\/www.isentieridelbenessere.com\/wp-content\/uploads\/2026\/03\/Foto-di-Kieu-Truong-da-Pixabay-1536x1024.jpg 1536w, https:\/\/www.isentieridelbenessere.com\/wp-content\/uploads\/2026\/03\/Foto-di-Kieu-Truong-da-Pixabay-2048x1365.jpg 2048w, https:\/\/www.isentieridelbenessere.com\/wp-content\/uploads\/2026\/03\/Foto-di-Kieu-Truong-da-Pixabay-18x12.jpg 18w\" sizes=\"auto, (max-width: 1024px) 100vw, 1024px\" \/><\/figure><\/div>\n\n\n\n<div style=\"height:60px\" aria-hidden=\"true\" class=\"wp-block-spacer\"><\/div>\n\n\n\n<h2 class=\"wp-block-heading has-text-align-center\">\ud83c\udf2c\ufe0f<em><strong> \u201cIl ritmo che armonizza\u201d<\/strong><\/em><\/h2>\n\n\n\n<div style=\"height:30px\" aria-hidden=\"true\" class=\"wp-block-spacer\"><\/div>\n\n\n\n<div class=\"wp-block-media-text alignwide has-media-on-the-right is-stacked-on-mobile\"><div class=\"wp-block-media-text__content\">\n<p class=\"has-text-align-center wp-block-paragraph\"><em><strong>Attestato: Corso di Massaggio Svedese<\/strong> Pressioni, sfioramenti, impastamenti: una danza di manualit\u00e0 che sostiene il corpo nel suo naturale equilibrio. Tecnica e presenza si intrecciano in un gesto chiaro, pulito, essenziale.<\/em><\/p>\n\n\n\n<p class=\"has-text-align-center wp-block-paragraph\"><strong><em>Micro\u2011poesia \u2013 \u201cIl vento che ordina\u201d<\/em><\/strong><\/p>\n\n\n\n<p class=\"has-text-align-center wp-block-paragraph\"><em> Il gesto scorre, il corpo risponde, l\u2019armonia ritorna.<\/em><\/p>\n<\/div><figure class=\"wp-block-media-text__media\"><img loading=\"lazy\" decoding=\"async\" width=\"706\" height=\"540\" src=\"https:\/\/www.isentieridelbenessere.com\/wp-content\/uploads\/2026\/03\/Attestato-Corso-Massaggio-Svedese-Masfulness.jpg\" alt=\"\" class=\"wp-image-1064 size-full\" srcset=\"https:\/\/www.isentieridelbenessere.com\/wp-content\/uploads\/2026\/03\/Attestato-Corso-Massaggio-Svedese-Masfulness.jpg 706w, https:\/\/www.isentieridelbenessere.com\/wp-content\/uploads\/2026\/03\/Attestato-Corso-Massaggio-Svedese-Masfulness-300x229.jpg 300w, https:\/\/www.isentieridelbenessere.com\/wp-content\/uploads\/2026\/03\/Attestato-Corso-Massaggio-Svedese-Masfulness-16x12.jpg 16w\" sizes=\"auto, (max-width: 706px) 100vw, 706px\" \/><\/figure><\/div>\n\n\n\n<div style=\"height:30px\" aria-hidden=\"true\" class=\"wp-block-spacer\"><\/div>\n\n\n\n<div class=\"wp-block-media-text alignwide is-stacked-on-mobile\"><figure class=\"wp-block-media-text__media\"><img loading=\"lazy\" decoding=\"async\" width=\"1024\" height=\"1024\" src=\"https:\/\/www.isentieridelbenessere.com\/wp-content\/uploads\/2026\/03\/Foto-di-Ralph-Germany-da-Pixabay-1024x1024.jpg\" alt=\"\" class=\"wp-image-1065 size-full\" srcset=\"https:\/\/www.isentieridelbenessere.com\/wp-content\/uploads\/2026\/03\/Foto-di-Ralph-Germany-da-Pixabay-1024x1024.jpg 1024w, https:\/\/www.isentieridelbenessere.com\/wp-content\/uploads\/2026\/03\/Foto-di-Ralph-Germany-da-Pixabay-300x300.jpg 300w, https:\/\/www.isentieridelbenessere.com\/wp-content\/uploads\/2026\/03\/Foto-di-Ralph-Germany-da-Pixabay-150x150.jpg 150w, https:\/\/www.isentieridelbenessere.com\/wp-content\/uploads\/2026\/03\/Foto-di-Ralph-Germany-da-Pixabay-768x768.jpg 768w, https:\/\/www.isentieridelbenessere.com\/wp-content\/uploads\/2026\/03\/Foto-di-Ralph-Germany-da-Pixabay-1536x1536.jpg 1536w, https:\/\/www.isentieridelbenessere.com\/wp-content\/uploads\/2026\/03\/Foto-di-Ralph-Germany-da-Pixabay-2048x2048.jpg 2048w, https:\/\/www.isentieridelbenessere.com\/wp-content\/uploads\/2026\/03\/Foto-di-Ralph-Germany-da-Pixabay-12x12.jpg 12w\" sizes=\"auto, (max-width: 1024px) 100vw, 1024px\" \/><\/figure><div class=\"wp-block-media-text__content\">\n<h3 class=\"wp-block-heading has-text-align-center\"><em><strong>Poesia \u2013 \u201cIl ritmo che ordina il mondo\u201d<\/strong><\/em><\/h3>\n\n\n\n<p class=\"has-text-align-center wp-block-paragraph\"><em>Ci sono gesti che riportano ordine, non perch\u00e9 correggono, ma perch\u00e9 ricordano al corpo la sua musica.<\/em><\/p>\n\n\n\n<p class=\"has-text-align-center wp-block-paragraph\"><em>Il massaggio svedese \u00e8 un metronomo gentile: impasta, sfiora, ritorna, come un respiro che finalmente trova il suo passo. E mentre la mano danza, il corpo si ricompone, ritrova la sua direzione, si riallinea con ci\u00f2 che \u00e8 essenziale.<\/em><\/p>\n<\/div><\/div>\n\n\n\n<div style=\"height:30px\" aria-hidden=\"true\" class=\"wp-block-spacer\"><\/div>\n\n\n\n<h3 class=\"wp-block-heading has-text-align-center\">\ud83c\udf0a <em><strong>Micro\u2011poesia \u2013 \u201cOnde che guidano<\/strong>\u201d<\/em><\/h3>\n\n\n\n<p class=\"has-text-align-center wp-block-paragraph\"><em>Dove l\u2019acqua scorre, la mente tace.<\/em><\/p>\n\n\n\n<div style=\"height:30px\" aria-hidden=\"true\" class=\"wp-block-spacer\"><\/div>\n\n\n\n<h2 class=\"wp-block-heading has-text-align-center\">\ud83c\udf0a <strong><em>\u201cL\u2019onda che avvolge\u201d<\/em><\/strong><\/h2>\n\n\n\n<div style=\"height:30px\" aria-hidden=\"true\" class=\"wp-block-spacer\"><\/div>\n\n\n\n<div class=\"wp-block-media-text alignwide is-stacked-on-mobile\"><figure class=\"wp-block-media-text__media\"><img loading=\"lazy\" decoding=\"async\" width=\"706\" height=\"543\" src=\"https:\/\/www.isentieridelbenessere.com\/wp-content\/uploads\/2026\/03\/Attestato-Corso-Massaggio-Lomi-Lomi-Masfulness.jpg\" alt=\"\" class=\"wp-image-1068 size-full\" srcset=\"https:\/\/www.isentieridelbenessere.com\/wp-content\/uploads\/2026\/03\/Attestato-Corso-Massaggio-Lomi-Lomi-Masfulness.jpg 706w, https:\/\/www.isentieridelbenessere.com\/wp-content\/uploads\/2026\/03\/Attestato-Corso-Massaggio-Lomi-Lomi-Masfulness-300x231.jpg 300w, https:\/\/www.isentieridelbenessere.com\/wp-content\/uploads\/2026\/03\/Attestato-Corso-Massaggio-Lomi-Lomi-Masfulness-16x12.jpg 16w\" sizes=\"auto, (max-width: 706px) 100vw, 706px\" \/><\/figure><div class=\"wp-block-media-text__content\">\n<h3 class=\"wp-block-heading\"><em><strong>Attestato: Corso di Massaggio Lomi Lomi<\/strong><\/em> <\/h3>\n\n\n\n<p class=\"has-text-align-center wp-block-paragraph\"><em>Movimenti fluidi, continui, profondi. La mano diventa onda, il corpo diventa isola. Un massaggio che richiama l\u2019oceano: accoglie, avvolge, accompagna.<\/em><\/p>\n\n\n\n<p class=\"wp-block-paragraph\"><em><strong>Micro\u2011poesia \u2013 \u201cL\u2019oceano interiore\u201d<\/strong> <\/em><\/p>\n\n\n\n<p class=\"has-text-align-center wp-block-paragraph\"><em>Ogni gesto \u00e8 un\u2019onda che porta a riva ci\u00f2 che pesa.<\/em><\/p>\n<\/div><\/div>\n\n\n\n<div style=\"height:30px\" aria-hidden=\"true\" class=\"wp-block-spacer\"><\/div>\n\n\n\n<div style=\"height:31px\" aria-hidden=\"true\" class=\"wp-block-spacer\"><\/div>\n\n\n\n<div class=\"wp-block-media-text alignwide has-media-on-the-right is-stacked-on-mobile\"><div class=\"wp-block-media-text__content\">\n<h3 class=\"wp-block-heading has-text-align-center\"><em><strong>Poesia \u2013 \u201cL\u2019oceano che abita la pelle\u201d<\/strong><\/em><\/h3>\n\n\n\n<p class=\"has-text-align-center wp-block-paragraph\"><em>Il Lomi Lomi non si esegue: si attraversa. \u00c8 un\u2019onda che nasce lontano, cresce, avvolge, ritorna.<\/em><\/p>\n\n\n\n<p class=\"has-text-align-center wp-block-paragraph\"><em>La mano diventa mare, il braccio diventa corrente, il corpo diventa isola che accoglie. E in questo movimento continuo, qualcosa si scioglie senza rumore, come un nodo che si arrende alla marea.<\/em><\/p>\n\n\n\n<p class=\"has-text-align-center wp-block-paragraph\"><em>Ogni gesto \u00e8 un ritorno a casa, ogni onda una memoria che si lascia andare.<\/em><\/p>\n<\/div><figure class=\"wp-block-media-text__media\"><img loading=\"lazy\" decoding=\"async\" width=\"683\" height=\"1024\" src=\"https:\/\/www.isentieridelbenessere.com\/wp-content\/uploads\/2026\/03\/Foto-di-Tim-Mossholder-da-Pixabay-683x1024.jpg\" alt=\"\" class=\"wp-image-1070 size-full\" srcset=\"https:\/\/www.isentieridelbenessere.com\/wp-content\/uploads\/2026\/03\/Foto-di-Tim-Mossholder-da-Pixabay-683x1024.jpg 683w, https:\/\/www.isentieridelbenessere.com\/wp-content\/uploads\/2026\/03\/Foto-di-Tim-Mossholder-da-Pixabay-200x300.jpg 200w, https:\/\/www.isentieridelbenessere.com\/wp-content\/uploads\/2026\/03\/Foto-di-Tim-Mossholder-da-Pixabay-768x1152.jpg 768w, https:\/\/www.isentieridelbenessere.com\/wp-content\/uploads\/2026\/03\/Foto-di-Tim-Mossholder-da-Pixabay-1024x1536.jpg 1024w, https:\/\/www.isentieridelbenessere.com\/wp-content\/uploads\/2026\/03\/Foto-di-Tim-Mossholder-da-Pixabay-8x12.jpg 8w\" sizes=\"auto, (max-width: 683px) 100vw, 683px\" \/><\/figure><\/div>\n\n\n\n<div style=\"height:80px\" aria-hidden=\"true\" class=\"wp-block-spacer\"><\/div>\n\n\n\n<h2 class=\"wp-block-heading has-text-align-center\">\ud83e\udea8<em><strong>\u201cLa profondit\u00e0 che libera\u201d<\/strong><\/em><\/h2>\n\n\n\n<div style=\"height:31px\" aria-hidden=\"true\" class=\"wp-block-spacer\"><\/div>\n\n\n\n<div class=\"wp-block-media-text alignwide has-media-on-the-right is-stacked-on-mobile\"><div class=\"wp-block-media-text__content\">\n<h3 class=\"wp-block-heading has-text-align-center\"><strong><em>Attestato: Corso di Massaggio Connettivale <\/em><\/strong><\/h3>\n\n\n\n<p class=\"has-text-align-center wp-block-paragraph\"><em>Manualit\u00e0 lente, mirate, rispettose. Un lavoro che sostiene la vitalit\u00e0 dei tessuti senza finalit\u00e0 estetiche o sanitarie. Qui si impara la pazienza del gesto che ascolta.<\/em><\/p>\n\n\n\n<p class=\"has-text-align-center wp-block-paragraph\"><em><strong>Micro&nbsp;poesia \u2013 \u201cLa roccia che respira\u201d <\/strong><\/em><\/p>\n\n\n\n<p class=\"has-text-align-center wp-block-paragraph\"><em>La pressione incontra la resistenza, e insieme trovano spazio.<\/em><\/p>\n<\/div><figure class=\"wp-block-media-text__media\"><img loading=\"lazy\" decoding=\"async\" width=\"706\" height=\"540\" src=\"https:\/\/www.isentieridelbenessere.com\/wp-content\/uploads\/2026\/03\/Atestato-Massaggio-Connettivale-Masfulness.jpg\" alt=\"\" class=\"wp-image-1078 size-full\" srcset=\"https:\/\/www.isentieridelbenessere.com\/wp-content\/uploads\/2026\/03\/Atestato-Massaggio-Connettivale-Masfulness.jpg 706w, https:\/\/www.isentieridelbenessere.com\/wp-content\/uploads\/2026\/03\/Atestato-Massaggio-Connettivale-Masfulness-300x229.jpg 300w, https:\/\/www.isentieridelbenessere.com\/wp-content\/uploads\/2026\/03\/Atestato-Massaggio-Connettivale-Masfulness-16x12.jpg 16w\" sizes=\"auto, (max-width: 706px) 100vw, 706px\" \/><\/figure><\/div>\n\n\n\n<div style=\"height:30px\" aria-hidden=\"true\" class=\"wp-block-spacer\"><\/div>\n\n\n\n<div class=\"wp-block-media-text alignwide is-stacked-on-mobile\"><figure class=\"wp-block-media-text__media\"><img loading=\"lazy\" decoding=\"async\" width=\"819\" height=\"1024\" src=\"https:\/\/www.isentieridelbenessere.com\/wp-content\/uploads\/2026\/03\/Foto-di-Mikke-Strandberg-da-Pixabay-819x1024.jpg\" alt=\"\" class=\"wp-image-1079 size-full\" srcset=\"https:\/\/www.isentieridelbenessere.com\/wp-content\/uploads\/2026\/03\/Foto-di-Mikke-Strandberg-da-Pixabay-819x1024.jpg 819w, https:\/\/www.isentieridelbenessere.com\/wp-content\/uploads\/2026\/03\/Foto-di-Mikke-Strandberg-da-Pixabay-240x300.jpg 240w, https:\/\/www.isentieridelbenessere.com\/wp-content\/uploads\/2026\/03\/Foto-di-Mikke-Strandberg-da-Pixabay-768x960.jpg 768w, https:\/\/www.isentieridelbenessere.com\/wp-content\/uploads\/2026\/03\/Foto-di-Mikke-Strandberg-da-Pixabay-1229x1536.jpg 1229w, https:\/\/www.isentieridelbenessere.com\/wp-content\/uploads\/2026\/03\/Foto-di-Mikke-Strandberg-da-Pixabay-10x12.jpg 10w, https:\/\/www.isentieridelbenessere.com\/wp-content\/uploads\/2026\/03\/Foto-di-Mikke-Strandberg-da-Pixabay.jpg 1536w\" sizes=\"auto, (max-width: 819px) 100vw, 819px\" \/><\/figure><div class=\"wp-block-media-text__content\">\n<h3 class=\"wp-block-heading has-text-align-center\"><em><strong>Poesia \u2013 \u201cLa profondit\u00e0 che parla piano\u201d<\/strong><\/em><\/h3>\n\n\n\n<p class=\"has-text-align-center wp-block-paragraph\"><em>Ci sono territori del corpo che non si aprono al primo tocco. Hanno bisogno di lentezza, di ascolto, di una pressione che non forza ma invita.<\/em><\/p>\n\n\n\n<p class=\"has-text-align-center wp-block-paragraph\"><em>Il connettivale \u00e8 un dialogo antico: la mano scende, il tessuto risponde, insieme trovano un ritmo nuovo. E quando la profondit\u00e0 si concede, non \u00e8 mai per costrizione, ma per fiducia.<\/em><\/p>\n<\/div><\/div>\n\n\n\n<div style=\"height:100px\" aria-hidden=\"true\" class=\"wp-block-spacer\"><\/div>\n\n\n\n<h2 class=\"wp-block-heading has-text-align-center\">\ud83c\udf0a <strong><em>\u201cIl flusso che ritorna\u201d<\/em><\/strong><\/h2>\n\n\n\n<div style=\"height:30px\" aria-hidden=\"true\" class=\"wp-block-spacer\"><\/div>\n\n\n\n<div class=\"wp-block-media-text alignwide has-media-on-the-right is-stacked-on-mobile\"><div class=\"wp-block-media-text__content\">\n<h3 class=\"wp-block-heading has-text-align-center\"><strong><em>Attestato: Corso di Linfodrenaggio Vodder<\/em><\/strong> <\/h3>\n\n\n\n<p class=\"has-text-align-center wp-block-paragraph\">Movimenti leggeri, ritmici, costanti. Un massaggio che favorisce la naturale armonia dei fluidi corporei, sempre nel rispetto della persona.<\/p>\n\n\n\n<p class=\"has-text-align-center wp-block-paragraph\"><strong><em>Micro&nbsp;poesia \u2013 \u201cLa goccia che guida\u201d<\/em><\/strong><\/p>\n\n\n\n<p class=\"has-text-align-center wp-block-paragraph\"><em> Lenta, precisa, la mano segue il corso dell\u2019acqua.<\/em><\/p>\n<\/div><figure class=\"wp-block-media-text__media\"><img loading=\"lazy\" decoding=\"async\" width=\"706\" height=\"540\" src=\"https:\/\/www.isentieridelbenessere.com\/wp-content\/uploads\/2026\/03\/Attestato-Corso-Linfidrenaggio-Vodder-Masfulness.jpg\" alt=\"\" class=\"wp-image-1080 size-full\" srcset=\"https:\/\/www.isentieridelbenessere.com\/wp-content\/uploads\/2026\/03\/Attestato-Corso-Linfidrenaggio-Vodder-Masfulness.jpg 706w, https:\/\/www.isentieridelbenessere.com\/wp-content\/uploads\/2026\/03\/Attestato-Corso-Linfidrenaggio-Vodder-Masfulness-300x229.jpg 300w, https:\/\/www.isentieridelbenessere.com\/wp-content\/uploads\/2026\/03\/Attestato-Corso-Linfidrenaggio-Vodder-Masfulness-16x12.jpg 16w\" sizes=\"auto, (max-width: 706px) 100vw, 706px\" \/><\/figure><\/div>\n\n\n\n<div style=\"height:30px\" aria-hidden=\"true\" class=\"wp-block-spacer\"><\/div>\n\n\n\n<div class=\"wp-block-media-text alignwide is-stacked-on-mobile\"><figure class=\"wp-block-media-text__media\"><img loading=\"lazy\" decoding=\"async\" width=\"1024\" height=\"1024\" src=\"https:\/\/www.isentieridelbenessere.com\/wp-content\/uploads\/2026\/03\/Foto-di-Mystic-Art-Design-da-Pixabay-1024x1024.jpg\" alt=\"\" class=\"wp-image-1081 size-full\" srcset=\"https:\/\/www.isentieridelbenessere.com\/wp-content\/uploads\/2026\/03\/Foto-di-Mystic-Art-Design-da-Pixabay-1024x1024.jpg 1024w, https:\/\/www.isentieridelbenessere.com\/wp-content\/uploads\/2026\/03\/Foto-di-Mystic-Art-Design-da-Pixabay-300x300.jpg 300w, https:\/\/www.isentieridelbenessere.com\/wp-content\/uploads\/2026\/03\/Foto-di-Mystic-Art-Design-da-Pixabay-150x150.jpg 150w, https:\/\/www.isentieridelbenessere.com\/wp-content\/uploads\/2026\/03\/Foto-di-Mystic-Art-Design-da-Pixabay-768x768.jpg 768w, https:\/\/www.isentieridelbenessere.com\/wp-content\/uploads\/2026\/03\/Foto-di-Mystic-Art-Design-da-Pixabay-1536x1536.jpg 1536w, https:\/\/www.isentieridelbenessere.com\/wp-content\/uploads\/2026\/03\/Foto-di-Mystic-Art-Design-da-Pixabay-12x12.jpg 12w, https:\/\/www.isentieridelbenessere.com\/wp-content\/uploads\/2026\/03\/Foto-di-Mystic-Art-Design-da-Pixabay.jpg 1920w\" sizes=\"auto, (max-width: 1024px) 100vw, 1024px\" \/><\/figure><div class=\"wp-block-media-text__content\">\n<h3 class=\"wp-block-heading has-text-align-center\"><em><strong>Poesia \u2013 \u201cIl viaggio silenzioso dell\u2019acqua<\/strong>\u201d<\/em><\/h3>\n\n\n\n<p class=\"has-text-align-center wp-block-paragraph\"><em>L\u2019acqua non ha fretta, eppure arriva sempre dove deve arrivare. Cos\u00ec \u00e8 questo massaggio: un invito alla leggerezza, un ritmo che non disturba, una carezza che guida.<\/em><\/p>\n\n\n\n<p class=\"has-text-align-center wp-block-paragraph\"><em>Ogni movimento \u00e8 una goccia che trova la sua strada, ogni pressione un passo nel cammino dei fluidi. E quando il corpo segue questo flusso, ritrova la sua armonia naturale, come un fiume che torna nel suo letto.<\/em><\/p>\n<\/div><\/div>\n\n\n\n<div style=\"height:100px\" aria-hidden=\"true\" class=\"wp-block-spacer\"><\/div>\n\n\n\n<h2 class=\"wp-block-heading has-text-align-center\">\ud83c\udf8b <strong><em>\u201cIl volto che riposa\u201d<\/em><\/strong><\/h2>\n\n\n\n<div style=\"height:31px\" aria-hidden=\"true\" class=\"wp-block-spacer\"><\/div>\n\n\n\n<div class=\"wp-block-media-text alignwide has-media-on-the-right is-stacked-on-mobile\"><div class=\"wp-block-media-text__content\">\n<h3 class=\"wp-block-heading\"><strong><em>Attestato: Corso di Massaggio al Viso<\/em><\/strong><\/h3>\n\n\n\n<p class=\"wp-block-paragraph\"> Manualit\u00e0 delicate, avvolgenti, rispettose. Un lavoro che porta freschezza e quiete, accompagnando la persona verso un rilassamento naturale.<\/p>\n\n\n\n<p class=\"wp-block-paragraph\"><strong>Micro&nbsp;poesia \u2013 \u201cLa luna sulla pelle\u201d<\/strong> <\/p>\n\n\n\n<p class=\"wp-block-paragraph\"><em>Una carezza illumina ci\u00f2 che tace.<\/em><\/p>\n<\/div><figure class=\"wp-block-media-text__media\"><img loading=\"lazy\" decoding=\"async\" width=\"706\" height=\"542\" src=\"https:\/\/www.isentieridelbenessere.com\/wp-content\/uploads\/2026\/03\/Attestato-Corso-Massaggio-al-Viso-Masfulness.jpg\" alt=\"\" class=\"wp-image-1084 size-full\" srcset=\"https:\/\/www.isentieridelbenessere.com\/wp-content\/uploads\/2026\/03\/Attestato-Corso-Massaggio-al-Viso-Masfulness.jpg 706w, https:\/\/www.isentieridelbenessere.com\/wp-content\/uploads\/2026\/03\/Attestato-Corso-Massaggio-al-Viso-Masfulness-300x230.jpg 300w, https:\/\/www.isentieridelbenessere.com\/wp-content\/uploads\/2026\/03\/Attestato-Corso-Massaggio-al-Viso-Masfulness-16x12.jpg 16w\" sizes=\"auto, (max-width: 706px) 100vw, 706px\" \/><\/figure><\/div>\n\n\n\n<div style=\"height:30px\" aria-hidden=\"true\" class=\"wp-block-spacer\"><\/div>\n\n\n\n<div class=\"wp-block-media-text alignwide is-stacked-on-mobile\"><figure class=\"wp-block-media-text__media\"><img loading=\"lazy\" decoding=\"async\" width=\"827\" height=\"1024\" src=\"https:\/\/www.isentieridelbenessere.com\/wp-content\/uploads\/2026\/03\/Foto-di-Syaibatul-Hamdi-da-Pixabay-827x1024.jpg\" alt=\"\" class=\"wp-image-1085 size-full\" srcset=\"https:\/\/www.isentieridelbenessere.com\/wp-content\/uploads\/2026\/03\/Foto-di-Syaibatul-Hamdi-da-Pixabay-827x1024.jpg 827w, https:\/\/www.isentieridelbenessere.com\/wp-content\/uploads\/2026\/03\/Foto-di-Syaibatul-Hamdi-da-Pixabay-242x300.jpg 242w, https:\/\/www.isentieridelbenessere.com\/wp-content\/uploads\/2026\/03\/Foto-di-Syaibatul-Hamdi-da-Pixabay-768x951.jpg 768w, https:\/\/www.isentieridelbenessere.com\/wp-content\/uploads\/2026\/03\/Foto-di-Syaibatul-Hamdi-da-Pixabay-1241x1536.jpg 1241w, https:\/\/www.isentieridelbenessere.com\/wp-content\/uploads\/2026\/03\/Foto-di-Syaibatul-Hamdi-da-Pixabay-10x12.jpg 10w, https:\/\/www.isentieridelbenessere.com\/wp-content\/uploads\/2026\/03\/Foto-di-Syaibatul-Hamdi-da-Pixabay.jpg 1551w\" sizes=\"auto, (max-width: 827px) 100vw, 827px\" \/><\/figure><div class=\"wp-block-media-text__content\">\n<h3 class=\"wp-block-heading has-text-align-center\"><strong><em>Poesia \u2013 \u201cLa luna che posa il suo chiarore\u201d<\/em><\/strong><\/h3>\n\n\n\n<p class=\"has-text-align-center wp-block-paragraph\"><em>Il volto \u00e8 il luogo dove il mondo si posa. Stanchezze, sorrisi, pensieri: tutto passa da l\u00ec.<\/em><\/p>\n\n\n\n<p class=\"has-text-align-center wp-block-paragraph\"><em>Il massaggio al viso \u00e8 una notte serena: la mano diventa luna, la pelle diventa cielo. E in questa luce morbida, ci\u00f2 che era teso si distende, ci\u00f2 che era pesante si alleggerisce, ci\u00f2 che era nascosto si illumina.<\/em><\/p>\n<\/div><\/div>\n\n\n\n<div style=\"height:100px\" aria-hidden=\"true\" class=\"wp-block-spacer\"><\/div>\n\n\n\n<h2 class=\"wp-block-heading has-text-align-center\">\ud83c\udf38 <em><strong>\u201cLa forza che scioglie\u201d<\/strong><\/em><\/h2>\n\n\n\n<div style=\"height:32px\" aria-hidden=\"true\" class=\"wp-block-spacer\"><\/div>\n\n\n\n<div class=\"wp-block-media-text alignwide is-stacked-on-mobile\"><figure class=\"wp-block-media-text__media\"><img loading=\"lazy\" decoding=\"async\" width=\"706\" height=\"541\" src=\"https:\/\/www.isentieridelbenessere.com\/wp-content\/uploads\/2026\/03\/Attestato-Corso-Massaggio-Decontratturante-Masfulness.jpg\" alt=\"\" class=\"wp-image-1088 size-full\" srcset=\"https:\/\/www.isentieridelbenessere.com\/wp-content\/uploads\/2026\/03\/Attestato-Corso-Massaggio-Decontratturante-Masfulness.jpg 706w, https:\/\/www.isentieridelbenessere.com\/wp-content\/uploads\/2026\/03\/Attestato-Corso-Massaggio-Decontratturante-Masfulness-300x230.jpg 300w, https:\/\/www.isentieridelbenessere.com\/wp-content\/uploads\/2026\/03\/Attestato-Corso-Massaggio-Decontratturante-Masfulness-16x12.jpg 16w\" sizes=\"auto, (max-width: 706px) 100vw, 706px\" \/><\/figure><div class=\"wp-block-media-text__content\">\n<h3 class=\"wp-block-heading has-text-align-center\"><strong><em>Attestato: Corso di Massaggio Decontratturante<\/em><\/strong><\/h3>\n\n\n\n<p class=\"has-text-align-center wp-block-paragraph\"> <em>Pressioni mirate, ascolto profondo, ritmo costante. Un massaggio che sostiene la distensione naturale delle tensioni muscolari non patologiche.<\/em><\/p>\n\n\n\n<p class=\"has-text-align-center wp-block-paragraph\"><em><strong>Micro&nbsp;poesia \u2013 \u201cIl nodo che si apre\u201d <\/strong><\/em><\/p>\n\n\n\n<p class=\"has-text-align-center wp-block-paragraph\"><em>Dove il gesto insiste, il corpo si concede.<\/em><\/p>\n<\/div><\/div>\n\n\n\n<div style=\"height:30px\" aria-hidden=\"true\" class=\"wp-block-spacer\"><\/div>\n\n\n\n<div class=\"wp-block-media-text alignwide has-media-on-the-right is-stacked-on-mobile\"><div class=\"wp-block-media-text__content\">\n<h3 class=\"wp-block-heading has-text-align-center\"><em><strong>Poesia \u2013 \u201cIl nodo che si arrende al calore\u201d<\/strong><\/em><\/h3>\n\n\n\n<p class=\"has-text-align-center wp-block-paragraph\"><em>Ci sono tensioni che non parlano, si chiudono, resistono, trattengono. Il gesto decontratturante non le sfida: le incontra.<\/em><\/p>\n\n\n\n<p class=\"has-text-align-center wp-block-paragraph\"><em>La pressione scende come una mano che dice \u201csono qui\u201d, il tessuto risponde, il nodo si ammorbidisce, si apre, si lascia andare.<\/em><\/p>\n\n\n\n<p class=\"has-text-align-center wp-block-paragraph\"><em>Non \u00e8 forza, \u00e8 presenza che scioglie.<\/em><\/p>\n<\/div><figure class=\"wp-block-media-text__media\"><img loading=\"lazy\" decoding=\"async\" width=\"683\" height=\"1024\" src=\"https:\/\/www.isentieridelbenessere.com\/wp-content\/uploads\/2026\/03\/Foto-di-Ryan-Hoyme-1-da-Pixabay-683x1024.jpg\" alt=\"\" class=\"wp-image-1089 size-full\" srcset=\"https:\/\/www.isentieridelbenessere.com\/wp-content\/uploads\/2026\/03\/Foto-di-Ryan-Hoyme-1-da-Pixabay-683x1024.jpg 683w, https:\/\/www.isentieridelbenessere.com\/wp-content\/uploads\/2026\/03\/Foto-di-Ryan-Hoyme-1-da-Pixabay-200x300.jpg 200w, https:\/\/www.isentieridelbenessere.com\/wp-content\/uploads\/2026\/03\/Foto-di-Ryan-Hoyme-1-da-Pixabay-768x1152.jpg 768w, https:\/\/www.isentieridelbenessere.com\/wp-content\/uploads\/2026\/03\/Foto-di-Ryan-Hoyme-1-da-Pixabay-1024x1536.jpg 1024w, https:\/\/www.isentieridelbenessere.com\/wp-content\/uploads\/2026\/03\/Foto-di-Ryan-Hoyme-1-da-Pixabay-8x12.jpg 8w, https:\/\/www.isentieridelbenessere.com\/wp-content\/uploads\/2026\/03\/Foto-di-Ryan-Hoyme-1-da-Pixabay.jpg 1280w\" sizes=\"auto, (max-width: 683px) 100vw, 683px\" \/><\/figure><\/div>\n\n\n\n<div style=\"height:100px\" aria-hidden=\"true\" class=\"wp-block-spacer\"><\/div>\n\n\n\n<h2 class=\"wp-block-heading has-text-align-center\">\ud83d\udd4a\ufe0f <em><strong>\u201cLa mappa che parla\u201d<\/strong><\/em><\/h2>\n\n\n\n<div style=\"height:31px\" aria-hidden=\"true\" class=\"wp-block-spacer\"><\/div>\n\n\n\n<div class=\"wp-block-media-text alignwide is-stacked-on-mobile\"><figure class=\"wp-block-media-text__media\"><img loading=\"lazy\" decoding=\"async\" width=\"706\" height=\"568\" src=\"https:\/\/www.isentieridelbenessere.com\/wp-content\/uploads\/2026\/03\/Attestato-Anatomia-Palpatoria-Masfulness.jpg\" alt=\"\" class=\"wp-image-1092 size-full\" srcset=\"https:\/\/www.isentieridelbenessere.com\/wp-content\/uploads\/2026\/03\/Attestato-Anatomia-Palpatoria-Masfulness.jpg 706w, https:\/\/www.isentieridelbenessere.com\/wp-content\/uploads\/2026\/03\/Attestato-Anatomia-Palpatoria-Masfulness-300x241.jpg 300w, https:\/\/www.isentieridelbenessere.com\/wp-content\/uploads\/2026\/03\/Attestato-Anatomia-Palpatoria-Masfulness-15x12.jpg 15w\" sizes=\"auto, (max-width: 706px) 100vw, 706px\" \/><\/figure><div class=\"wp-block-media-text__content\">\n<p class=\"has-text-align-center wp-block-paragraph\"><strong><em>Attestato: Corso di Anatomia Palpatoria<\/em><\/strong><\/p>\n\n\n\n<p class=\"has-text-align-center wp-block-paragraph\"><em> Qui la mano impara a vedere. Si studiano forme, direzioni, consistenze, senza alcuna finalit\u00e0 diagnostica. \u00c8 un percorso di consapevolezza, non di valutazione.<\/em><\/p>\n\n\n\n<p class=\"has-text-align-center wp-block-paragraph\"><em><strong>Micro&nbsp;poesia \u2013 \u201cIl corpo che racconta\u201d<\/strong> <\/em><\/p>\n\n\n\n<p class=\"has-text-align-center wp-block-paragraph\"><em>Tra pelle e profondit\u00e0 nasce un linguaggio sottile.<\/em><\/p>\n<\/div><\/div>\n\n\n\n<div style=\"height:31px\" aria-hidden=\"true\" class=\"wp-block-spacer\"><\/div>\n\n\n\n<div class=\"wp-block-media-text alignwide has-media-on-the-right is-stacked-on-mobile\"><div class=\"wp-block-media-text__content\">\n<h3 class=\"wp-block-heading has-text-align-center\"><em><strong>Poesia \u2013 \u201cLa geografia segreta del corpo\u201d<\/strong><\/em><\/h3>\n\n\n\n<p class=\"has-text-align-center wp-block-paragraph\"><em>La mano impara a vedere ci\u00f2 che l\u2019occhio non pu\u00f2. Ossa, margini, direzioni, profondit\u00e0: ogni struttura \u00e8 una parola, ogni consistenza una storia.<\/em><\/p>\n\n\n\n<p class=\"has-text-align-center wp-block-paragraph\"><em>L\u2019anatomia palpatoria non \u00e8 studio, \u00e8 ascolto. \u00c8 un viaggio nella geografia segreta del corpo, dove ogni rilievo \u00e8 un confine, ogni cavit\u00e0 un respiro, ogni tessuto un paesaggio.<\/em><\/p>\n\n\n\n<p class=\"has-text-align-center wp-block-paragraph\"><em>E quando la mano comprende, non interpreta: onora.<\/em><\/p>\n<\/div><figure class=\"wp-block-media-text__media\"><img loading=\"lazy\" decoding=\"async\" width=\"666\" height=\"1024\" src=\"https:\/\/www.isentieridelbenessere.com\/wp-content\/uploads\/2026\/03\/Foto-di-Scott-Webb-da-Pixabay-666x1024.jpg\" alt=\"\" class=\"wp-image-1093 size-full\" srcset=\"https:\/\/www.isentieridelbenessere.com\/wp-content\/uploads\/2026\/03\/Foto-di-Scott-Webb-da-Pixabay-666x1024.jpg 666w, https:\/\/www.isentieridelbenessere.com\/wp-content\/uploads\/2026\/03\/Foto-di-Scott-Webb-da-Pixabay-195x300.jpg 195w, https:\/\/www.isentieridelbenessere.com\/wp-content\/uploads\/2026\/03\/Foto-di-Scott-Webb-da-Pixabay-768x1181.jpg 768w, https:\/\/www.isentieridelbenessere.com\/wp-content\/uploads\/2026\/03\/Foto-di-Scott-Webb-da-Pixabay-999x1536.jpg 999w, https:\/\/www.isentieridelbenessere.com\/wp-content\/uploads\/2026\/03\/Foto-di-Scott-Webb-da-Pixabay-8x12.jpg 8w, https:\/\/www.isentieridelbenessere.com\/wp-content\/uploads\/2026\/03\/Foto-di-Scott-Webb-da-Pixabay.jpg 1249w\" sizes=\"auto, (max-width: 666px) 100vw, 666px\" \/><\/figure><\/div>\n\n\n\n<div style=\"height:100px\" aria-hidden=\"true\" class=\"wp-block-spacer\"><\/div>\n\n\n\n<div class=\"wp-block-media-text alignwide is-stacked-on-mobile\"><figure class=\"wp-block-media-text__media\"><img loading=\"lazy\" decoding=\"async\" width=\"706\" height=\"545\" src=\"https:\/\/www.isentieridelbenessere.com\/wp-content\/uploads\/2026\/03\/Attestato-Corso-di-Bambu-Massage-Masfulness.jpg\" alt=\"\" class=\"wp-image-1027 size-full\" srcset=\"https:\/\/www.isentieridelbenessere.com\/wp-content\/uploads\/2026\/03\/Attestato-Corso-di-Bambu-Massage-Masfulness.jpg 706w, https:\/\/www.isentieridelbenessere.com\/wp-content\/uploads\/2026\/03\/Attestato-Corso-di-Bambu-Massage-Masfulness-300x232.jpg 300w, https:\/\/www.isentieridelbenessere.com\/wp-content\/uploads\/2026\/03\/Attestato-Corso-di-Bambu-Massage-Masfulness-16x12.jpg 16w\" sizes=\"auto, (max-width: 706px) 100vw, 706px\" \/><\/figure><div class=\"wp-block-media-text__content\">\n<h2 class=\"wp-block-heading has-text-align-center\"><strong><em>Attestato: Corso di Bambu Massage<\/em><\/strong><\/h2>\n\n\n\n<p class=\"has-text-align-center wp-block-paragraph\"><em>Il bamb\u00f9 diventa estensione della mano. Un massaggio ritmico, profondo, naturale, che richiama la verticalit\u00e0 e la forza elastica della pianta da cui prende il nome.<\/em><\/p>\n<\/div><\/div>\n\n\n\n<div style=\"height:100px\" aria-hidden=\"true\" class=\"wp-block-spacer\"><\/div>\n\n\n\n<div class=\"wp-block-media-text alignwide has-media-on-the-right is-stacked-on-mobile\"><div class=\"wp-block-media-text__content\">\n<h3 class=\"wp-block-heading has-text-align-center\"><em><strong>Poesia \u2013 \u201cLa forza che si piega\u201d<\/strong><\/em><\/h3>\n\n\n\n<p class=\"has-text-align-center wp-block-paragraph\">I<em>l bamb\u00f9 insegna una verit\u00e0 semplice:<br>la forza non \u00e8 rigidit\u00e0,<br>ma elasticit\u00e0.<\/em><\/p>\n\n\n\n<p class=\"has-text-align-center wp-block-paragraph\"><em>Si piega, accoglie, ritorna.<br>Non spezza, non invade,<br>non impone il suo ritmo.<\/em><\/p>\n\n\n\n<p class=\"has-text-align-center wp-block-paragraph\"><em>Nel massaggio diventa estensione della mano,<br>un ponte tra profondit\u00e0 e leggerezza.<br>Scende, risale, vibra,<br>come un vento verticale che attraversa il corpo.<\/em><\/p>\n\n\n\n<p class=\"has-text-align-center wp-block-paragraph\"><em>E in questo dialogo tra gesto e materia,<br>la persona ritrova la sua stessa flessibilit\u00e0:<br>quella che permette di stare,<br>di cedere,<br>di rinascere.<\/em><\/p>\n<\/div><figure class=\"wp-block-media-text__media\"><img loading=\"lazy\" decoding=\"async\" width=\"683\" height=\"1024\" src=\"https:\/\/www.isentieridelbenessere.com\/wp-content\/uploads\/2026\/03\/Foto-di-Sushuti-da-Pixabay-683x1024.jpg\" alt=\"\" class=\"wp-image-1112 size-full\" srcset=\"https:\/\/www.isentieridelbenessere.com\/wp-content\/uploads\/2026\/03\/Foto-di-Sushuti-da-Pixabay-683x1024.jpg 683w, https:\/\/www.isentieridelbenessere.com\/wp-content\/uploads\/2026\/03\/Foto-di-Sushuti-da-Pixabay-200x300.jpg 200w, https:\/\/www.isentieridelbenessere.com\/wp-content\/uploads\/2026\/03\/Foto-di-Sushuti-da-Pixabay-768x1152.jpg 768w, https:\/\/www.isentieridelbenessere.com\/wp-content\/uploads\/2026\/03\/Foto-di-Sushuti-da-Pixabay-1024x1536.jpg 1024w, https:\/\/www.isentieridelbenessere.com\/wp-content\/uploads\/2026\/03\/Foto-di-Sushuti-da-Pixabay-1365x2048.jpg 1365w, https:\/\/www.isentieridelbenessere.com\/wp-content\/uploads\/2026\/03\/Foto-di-Sushuti-da-Pixabay-8x12.jpg 8w, https:\/\/www.isentieridelbenessere.com\/wp-content\/uploads\/2026\/03\/Foto-di-Sushuti-da-Pixabay-scaled.jpg 1707w\" sizes=\"auto, (max-width: 683px) 100vw, 683px\" \/><\/figure><\/div>\n\n\n\n<div style=\"height:30px\" aria-hidden=\"true\" class=\"wp-block-spacer\"><\/div>\n\n\n\n<h3 class=\"wp-block-heading has-text-align-center\">\ud83c\udf8b <em><strong>Micro\u2011poesia \u2013 \u201cLa forza elastica\u201d<\/strong><\/em><\/h3>\n\n\n\n<p class=\"has-text-align-center wp-block-paragraph\"><em>Il bamb\u00f9 non spezza: accoglie, flette, ritorna.<\/em><\/p>\n\n\n\n<div style=\"height:30px\" aria-hidden=\"true\" class=\"wp-block-spacer\"><\/div>\n\n\n\n<div class=\"wp-block-media-text alignwide is-stacked-on-mobile\"><figure class=\"wp-block-media-text__media\"><img loading=\"lazy\" decoding=\"async\" width=\"706\" height=\"564\" src=\"https:\/\/www.isentieridelbenessere.com\/wp-content\/uploads\/2026\/03\/Attestato-Massaggio-Anticellulite-Masfulness.jpg\" alt=\"\" class=\"wp-image-1028 size-full\" srcset=\"https:\/\/www.isentieridelbenessere.com\/wp-content\/uploads\/2026\/03\/Attestato-Massaggio-Anticellulite-Masfulness.jpg 706w, https:\/\/www.isentieridelbenessere.com\/wp-content\/uploads\/2026\/03\/Attestato-Massaggio-Anticellulite-Masfulness-300x240.jpg 300w, https:\/\/www.isentieridelbenessere.com\/wp-content\/uploads\/2026\/03\/Attestato-Massaggio-Anticellulite-Masfulness-15x12.jpg 15w\" sizes=\"auto, (max-width: 706px) 100vw, 706px\" \/><\/figure><div class=\"wp-block-media-text__content\">\n<h2 class=\"wp-block-heading has-text-align-center\"><strong><em>Attestato: Massaggio Anticellulite<\/em><\/strong><\/h2>\n\n\n\n<p class=\"has-text-align-center wp-block-paragraph\"><em>Tecniche specifiche, ritmo costante, manualit\u00e0 mirate. Un lavoro che sostiene la vitalit\u00e0 dei tessuti, sempre nel rispetto della persona e senza finalit\u00e0 estetiche o sanitarie.<\/em><\/p>\n<\/div><\/div>\n\n\n\n<div style=\"height:40px\" aria-hidden=\"true\" class=\"wp-block-spacer\"><\/div>\n\n\n\n<div class=\"wp-block-media-text alignwide has-media-on-the-right is-stacked-on-mobile\"><div class=\"wp-block-media-text__content\">\n<h3 class=\"wp-block-heading has-text-align-center\"><em><strong>Poesia \u2013 \u201cLa forma che si addolcisce\u201d<\/strong><\/em><\/h3>\n\n\n\n<p class=\"has-text-align-center wp-block-paragraph\"><em>Ci sono gesti che non cercano di cambiare,<br>ma di accompagnare.<br>Il massaggio anticellulite \u00e8 uno di questi:<br>ritmico, costante, presente.<\/em><\/p>\n\n\n\n<p class=\"has-text-align-center wp-block-paragraph\"><em>La mano ripete,<br>la pressione ritorna,<br>il tessuto risponde piano.<\/em><\/p>\n\n\n\n<p class=\"has-text-align-center wp-block-paragraph\"><em>Non \u00e8 una lotta,<br>non \u00e8 una correzione.<br>\u00c8 un invito alla vitalit\u00e0,<br>alla circolazione,<br>al movimento che scioglie ci\u00f2 che ristagna.<\/em><\/p>\n\n\n\n<p class=\"has-text-align-center wp-block-paragraph\"><em>E mentre il gesto si ripete,<br>la forma si addolcisce,<br>il corpo respira,<br>la presenza rimane.<\/em><\/p>\n<\/div><figure class=\"wp-block-media-text__media\"><img loading=\"lazy\" decoding=\"async\" width=\"683\" height=\"1024\" src=\"https:\/\/www.isentieridelbenessere.com\/wp-content\/uploads\/2026\/03\/Foto-di-Gundula-Vogel-2-da-Pixabay-683x1024.jpg\" alt=\"\" class=\"wp-image-1115 size-full\" srcset=\"https:\/\/www.isentieridelbenessere.com\/wp-content\/uploads\/2026\/03\/Foto-di-Gundula-Vogel-2-da-Pixabay-683x1024.jpg 683w, https:\/\/www.isentieridelbenessere.com\/wp-content\/uploads\/2026\/03\/Foto-di-Gundula-Vogel-2-da-Pixabay-200x300.jpg 200w, https:\/\/www.isentieridelbenessere.com\/wp-content\/uploads\/2026\/03\/Foto-di-Gundula-Vogel-2-da-Pixabay-768x1152.jpg 768w, https:\/\/www.isentieridelbenessere.com\/wp-content\/uploads\/2026\/03\/Foto-di-Gundula-Vogel-2-da-Pixabay-1024x1536.jpg 1024w, https:\/\/www.isentieridelbenessere.com\/wp-content\/uploads\/2026\/03\/Foto-di-Gundula-Vogel-2-da-Pixabay-1365x2048.jpg 1365w, https:\/\/www.isentieridelbenessere.com\/wp-content\/uploads\/2026\/03\/Foto-di-Gundula-Vogel-2-da-Pixabay-8x12.jpg 8w, https:\/\/www.isentieridelbenessere.com\/wp-content\/uploads\/2026\/03\/Foto-di-Gundula-Vogel-2-da-Pixabay-scaled.jpg 1707w\" sizes=\"auto, (max-width: 683px) 100vw, 683px\" \/><\/figure><\/div>\n\n\n\n<div style=\"height:30px\" aria-hidden=\"true\" class=\"wp-block-spacer\"><\/div>\n\n\n\n<h3 class=\"wp-block-heading has-text-align-center\">\ud83e\udea8<em><strong> Micro\u2011poesia \u2013 \u201cLa pietra che leviga\u201d<\/strong><\/em><\/h3>\n\n\n\n<p class=\"has-text-align-center wp-block-paragraph\"><em>Il gesto ripete, la forma si addolcisce, la presenza rimane.<\/em><\/p>\n\n\n\n<div style=\"height:29px\" aria-hidden=\"true\" class=\"wp-block-spacer\"><\/div>\n\n\n\n<div class=\"wp-block-media-text alignwide has-media-on-the-right is-stacked-on-mobile\"><div class=\"wp-block-media-text__content\">\n<h2 class=\"wp-block-heading has-text-align-center\"><strong><em>Attestato: Corso Linfodrenaggio al Viso<\/em><\/strong><\/h2>\n\n\n\n<p class=\"has-text-align-center wp-block-paragraph\"><em>Manualit\u00e0 leggere, lente, rispettose. Un massaggio che favorisce la naturale armonia del volto, portando freschezza e rilassamento.<\/em><\/p>\n<\/div><figure class=\"wp-block-media-text__media\"><img loading=\"lazy\" decoding=\"async\" width=\"706\" height=\"539\" src=\"https:\/\/www.isentieridelbenessere.com\/wp-content\/uploads\/2026\/03\/Attestato-Corso-Linfodrenaggio-al-Viso-Masfulness.jpg\" alt=\"\" class=\"wp-image-1029 size-full\" srcset=\"https:\/\/www.isentieridelbenessere.com\/wp-content\/uploads\/2026\/03\/Attestato-Corso-Linfodrenaggio-al-Viso-Masfulness.jpg 706w, https:\/\/www.isentieridelbenessere.com\/wp-content\/uploads\/2026\/03\/Attestato-Corso-Linfodrenaggio-al-Viso-Masfulness-300x229.jpg 300w, https:\/\/www.isentieridelbenessere.com\/wp-content\/uploads\/2026\/03\/Attestato-Corso-Linfodrenaggio-al-Viso-Masfulness-16x12.jpg 16w\" sizes=\"auto, (max-width: 706px) 100vw, 706px\" \/><\/figure><\/div>\n\n\n\n<div style=\"height:40px\" aria-hidden=\"true\" class=\"wp-block-spacer\"><\/div>\n\n\n\n<div class=\"wp-block-media-text alignwide is-stacked-on-mobile\"><figure class=\"wp-block-media-text__media\"><img loading=\"lazy\" decoding=\"async\" width=\"683\" height=\"1024\" src=\"https:\/\/www.isentieridelbenessere.com\/wp-content\/uploads\/2026\/03\/Foto-di-Giulia-Marotta-da-Pixabay-683x1024.jpg\" alt=\"\" class=\"wp-image-1119 size-full\" srcset=\"https:\/\/www.isentieridelbenessere.com\/wp-content\/uploads\/2026\/03\/Foto-di-Giulia-Marotta-da-Pixabay-683x1024.jpg 683w, https:\/\/www.isentieridelbenessere.com\/wp-content\/uploads\/2026\/03\/Foto-di-Giulia-Marotta-da-Pixabay-200x300.jpg 200w, https:\/\/www.isentieridelbenessere.com\/wp-content\/uploads\/2026\/03\/Foto-di-Giulia-Marotta-da-Pixabay-768x1152.jpg 768w, https:\/\/www.isentieridelbenessere.com\/wp-content\/uploads\/2026\/03\/Foto-di-Giulia-Marotta-da-Pixabay-1024x1536.jpg 1024w, https:\/\/www.isentieridelbenessere.com\/wp-content\/uploads\/2026\/03\/Foto-di-Giulia-Marotta-da-Pixabay-1365x2048.jpg 1365w, https:\/\/www.isentieridelbenessere.com\/wp-content\/uploads\/2026\/03\/Foto-di-Giulia-Marotta-da-Pixabay-8x12.jpg 8w, https:\/\/www.isentieridelbenessere.com\/wp-content\/uploads\/2026\/03\/Foto-di-Giulia-Marotta-da-Pixabay-scaled.jpg 1707w\" sizes=\"auto, (max-width: 683px) 100vw, 683px\" \/><\/figure><div class=\"wp-block-media-text__content\">\n<h3 class=\"wp-block-heading has-text-align-center\"><em><strong>Poesia \u2013 \u201cIl volto che segue l\u2019acqua\u201d<\/strong><\/em><\/h3>\n\n\n\n<p class=\"has-text-align-center wp-block-paragraph\"><em>L\u2019acqua insegna la via pi\u00f9 semplice:<br>scorrere.<\/em><\/p>\n\n\n\n<p class=\"has-text-align-center wp-block-paragraph\"><em>Il linfodrenaggio al viso \u00e8 un viaggio lento,<br>quasi impercettibile,<br>dove la mano diventa goccia<br>e il volto diventa fiume.<\/em><\/p>\n\n\n\n<p class=\"has-text-align-center wp-block-paragraph\"><em>Ogni movimento \u00e8 un passo leggero,<br>una direzione precisa,<br>un invito alla leggerezza.<\/em><\/p>\n\n\n\n<p class=\"has-text-align-center wp-block-paragraph\"><em>E quando il flusso trova la sua strada,<br>il volto si illumina,<br>la mente si alleggerisce,<br>il respiro si apre.<\/em><\/p>\n\n\n\n<p class=\"has-text-align-center wp-block-paragraph\"><em>\u00c8 la quiete dell\u2019acqua<br>che ritorna alla sua sorgente.<\/em><\/p>\n<\/div><\/div>\n\n\n\n<div style=\"height:30px\" aria-hidden=\"true\" class=\"wp-block-spacer\"><\/div>\n\n\n\n<h3 class=\"wp-block-heading has-text-align-center\">\ud83d\udca7 <em><strong>Micro\u2011poesia \u2013 \u201cGocce di quiete\u201d<\/strong><\/em><\/h3>\n\n\n\n<p class=\"has-text-align-center wp-block-paragraph\"><em>Una carezza d\u2019acqua che illumina il volto.<\/em><\/p>\n\n\n\n<div style=\"height:30px\" aria-hidden=\"true\" class=\"wp-block-spacer\"><\/div>\n\n\n\n<div class=\"wp-block-media-text alignwide is-stacked-on-mobile\"><figure class=\"wp-block-media-text__media\"><img loading=\"lazy\" decoding=\"async\" width=\"684\" height=\"547\" src=\"https:\/\/www.isentieridelbenessere.com\/wp-content\/uploads\/2026\/03\/Attestato-Massaggio-Bioemozionale-Masfulness.jpg\" alt=\"\" class=\"wp-image-1030 size-full\" srcset=\"https:\/\/www.isentieridelbenessere.com\/wp-content\/uploads\/2026\/03\/Attestato-Massaggio-Bioemozionale-Masfulness.jpg 684w, https:\/\/www.isentieridelbenessere.com\/wp-content\/uploads\/2026\/03\/Attestato-Massaggio-Bioemozionale-Masfulness-300x240.jpg 300w, https:\/\/www.isentieridelbenessere.com\/wp-content\/uploads\/2026\/03\/Attestato-Massaggio-Bioemozionale-Masfulness-15x12.jpg 15w\" sizes=\"auto, (max-width: 684px) 100vw, 684px\" \/><\/figure><div class=\"wp-block-media-text__content\">\n<h2 class=\"wp-block-heading has-text-align-center\"><strong><em>Attestato: Massaggio Bioemozionale<\/em><\/strong><\/h2>\n\n\n\n<p class=\"has-text-align-center wp-block-paragraph\"><em>Il massaggio incontra l\u2019emozione. Qui si apprende a leggere il corpo come un linguaggio, a sostenere la persona nel suo sentire, con delicatezza e presenza.<\/em><\/p>\n<\/div><\/div>\n\n\n\n<div style=\"height:40px\" aria-hidden=\"true\" class=\"wp-block-spacer\"><\/div>\n\n\n\n<div class=\"wp-block-media-text alignwide has-media-on-the-right is-stacked-on-mobile\"><div class=\"wp-block-media-text__content\">\n<h3 class=\"wp-block-heading has-text-align-center\"><em><strong>Poesia \u2013 \u201cIl corpo che parla in silenzio\u201d<\/strong><\/em><\/h3>\n\n\n\n<p class=\"has-text-align-center wp-block-paragraph\"><em>Ci sono emozioni che non usano parole.<br>Vivono nei muscoli, nel respiro,<br>nelle pieghe sottili del corpo.<\/em><\/p>\n\n\n\n<p class=\"has-text-align-center wp-block-paragraph\">I<em>l massaggio bioemozionale<br>non interpreta, non giudica,<br>non forza l\u2019emergere.<br>Ascolta.<\/em><\/p>\n\n\n\n<p class=\"has-text-align-center wp-block-paragraph\"><em>La mano segue un ritmo antico,<br>sfiora, accoglie, sostiene.<br>E in questo spazio sicuro<br>qualcosa si muove,<br>si apre,<br>si lascia vedere.<\/em><\/p>\n\n\n\n<p class=\"has-text-align-center wp-block-paragraph\"><em>Non \u00e8 un rilascio,<br>\u00e8 un incontro.<br>Un dialogo silenzioso<br>tra ci\u00f2 che il corpo trattiene<br>e ci\u00f2 che finalmente pu\u00f2 fluire.<\/em><\/p>\n<\/div><figure class=\"wp-block-media-text__media\"><img loading=\"lazy\" decoding=\"async\" width=\"804\" height=\"1024\" src=\"https:\/\/www.isentieridelbenessere.com\/wp-content\/uploads\/2026\/03\/Foto-di-Jerzy-da-Pixabay-804x1024.jpg\" alt=\"\" class=\"wp-image-1122 size-full\" srcset=\"https:\/\/www.isentieridelbenessere.com\/wp-content\/uploads\/2026\/03\/Foto-di-Jerzy-da-Pixabay-804x1024.jpg 804w, https:\/\/www.isentieridelbenessere.com\/wp-content\/uploads\/2026\/03\/Foto-di-Jerzy-da-Pixabay-235x300.jpg 235w, https:\/\/www.isentieridelbenessere.com\/wp-content\/uploads\/2026\/03\/Foto-di-Jerzy-da-Pixabay-768x978.jpg 768w, https:\/\/www.isentieridelbenessere.com\/wp-content\/uploads\/2026\/03\/Foto-di-Jerzy-da-Pixabay-1206x1536.jpg 1206w, https:\/\/www.isentieridelbenessere.com\/wp-content\/uploads\/2026\/03\/Foto-di-Jerzy-da-Pixabay-1608x2048.jpg 1608w, https:\/\/www.isentieridelbenessere.com\/wp-content\/uploads\/2026\/03\/Foto-di-Jerzy-da-Pixabay-9x12.jpg 9w, https:\/\/www.isentieridelbenessere.com\/wp-content\/uploads\/2026\/03\/Foto-di-Jerzy-da-Pixabay-scaled.jpg 2010w\" sizes=\"auto, (max-width: 804px) 100vw, 804px\" \/><\/figure><\/div>\n\n\n\n<div style=\"height:30px\" aria-hidden=\"true\" class=\"wp-block-spacer\"><\/div>\n\n\n\n<h3 class=\"wp-block-heading has-text-align-center\">\ud83c\udf17 <em><strong>Micro\u2011poesia \u2013 \u201cIl sentire che emerge\u201d<\/strong><\/em><\/h3>\n\n\n\n<p class=\"has-text-align-center wp-block-paragraph\"><em>Tra pelle e respiro si apre un mondo sottile.<\/em><\/p>\n\n\n\n<div style=\"height:30px\" aria-hidden=\"true\" class=\"wp-block-spacer\"><\/div>\n\n\n\n<div class=\"wp-block-media-text alignwide has-media-on-the-right is-stacked-on-mobile\"><div class=\"wp-block-media-text__content\">\n<h2 class=\"wp-block-heading has-text-align-center\"><strong><em>Attestato: Business Massage<\/em><\/strong><\/h2>\n\n\n\n<p class=\"has-text-align-center wp-block-paragraph\"><em>Tecniche brevi, efficaci, adattabili ai contesti professionali.<\/em><\/p>\n<\/div><figure class=\"wp-block-media-text__media\"><img loading=\"lazy\" decoding=\"async\" width=\"706\" height=\"540\" src=\"https:\/\/www.isentieridelbenessere.com\/wp-content\/uploads\/2026\/03\/Attestato-Business-Massage-Masfulness-Copia.jpg\" alt=\"\" class=\"wp-image-1033 size-full\" srcset=\"https:\/\/www.isentieridelbenessere.com\/wp-content\/uploads\/2026\/03\/Attestato-Business-Massage-Masfulness-Copia.jpg 706w, https:\/\/www.isentieridelbenessere.com\/wp-content\/uploads\/2026\/03\/Attestato-Business-Massage-Masfulness-Copia-300x229.jpg 300w, https:\/\/www.isentieridelbenessere.com\/wp-content\/uploads\/2026\/03\/Attestato-Business-Massage-Masfulness-Copia-16x12.jpg 16w\" sizes=\"auto, (max-width: 706px) 100vw, 706px\" \/><\/figure><\/div>\n\n\n\n<div style=\"height:30px\" aria-hidden=\"true\" class=\"wp-block-spacer\"><\/div>\n\n\n\n<h3 class=\"wp-block-heading has-text-align-center\">\ud83d\udd4a\ufe0f <em><strong>Micro\u2011poesia \u2013 \u201cLa pausa che nutre\u201d<\/strong><\/em><\/h3>\n\n\n\n<p class=\"has-text-align-center wp-block-paragraph\"><em>Anche nel ritmo pi\u00f9 veloce c\u2019\u00e8 spazio per un istante di pace.<\/em><\/p>\n\n\n\n<div style=\"height:30px\" aria-hidden=\"true\" class=\"wp-block-spacer\"><\/div>\n\n\n\n<figure class=\"wp-block-image size-large\"><img loading=\"lazy\" decoding=\"async\" width=\"1024\" height=\"683\" src=\"https:\/\/www.isentieridelbenessere.com\/wp-content\/uploads\/2026\/03\/Foto-di-Steve-Buissinne-da-Pixabay-1024x683.jpg\" alt=\"\" class=\"wp-image-1034\" srcset=\"https:\/\/www.isentieridelbenessere.com\/wp-content\/uploads\/2026\/03\/Foto-di-Steve-Buissinne-da-Pixabay-1024x683.jpg 1024w, https:\/\/www.isentieridelbenessere.com\/wp-content\/uploads\/2026\/03\/Foto-di-Steve-Buissinne-da-Pixabay-300x200.jpg 300w, https:\/\/www.isentieridelbenessere.com\/wp-content\/uploads\/2026\/03\/Foto-di-Steve-Buissinne-da-Pixabay-768x512.jpg 768w, https:\/\/www.isentieridelbenessere.com\/wp-content\/uploads\/2026\/03\/Foto-di-Steve-Buissinne-da-Pixabay-1536x1024.jpg 1536w, https:\/\/www.isentieridelbenessere.com\/wp-content\/uploads\/2026\/03\/Foto-di-Steve-Buissinne-da-Pixabay-18x12.jpg 18w, https:\/\/www.isentieridelbenessere.com\/wp-content\/uploads\/2026\/03\/Foto-di-Steve-Buissinne-da-Pixabay.jpg 1920w\" sizes=\"auto, (max-width: 1024px) 100vw, 1024px\" \/><\/figure>\n\n\n\n<div style=\"height:29px\" aria-hidden=\"true\" class=\"wp-block-spacer\"><\/div>\n\n\n\n<h3 class=\"wp-block-heading has-text-align-center\"><strong><em>\u201cIl passo che diventa gesto\u201d<\/em><\/strong><\/h3>\n\n\n\n<p class=\"has-text-align-center wp-block-paragraph\"><em>Ogni attestato \u00e8 un passo. Ogni passo \u00e8 un gesto che si affina. Ogni gesto \u00e8 un modo di stare nel mondo.<\/em><\/p>\n\n\n\n<p class=\"has-text-align-center wp-block-paragraph\"><em>E quando la mano impara ad ascoltare, anche il silenzio diventa cura.<\/em><\/p>\n\n\n\n<div style=\"height:30px\" aria-hidden=\"true\" class=\"wp-block-spacer\"><\/div>\n\n\n\n<div class=\"wp-block-media-text alignwide is-stacked-on-mobile\"><figure class=\"wp-block-media-text__media\"><img loading=\"lazy\" decoding=\"async\" width=\"683\" height=\"1024\" src=\"https:\/\/www.isentieridelbenessere.com\/wp-content\/uploads\/2026\/03\/Foto-di-Darya-Greengrey-1-da-Pixabay-683x1024.jpg\" alt=\"\" class=\"wp-image-1035 size-full\" srcset=\"https:\/\/www.isentieridelbenessere.com\/wp-content\/uploads\/2026\/03\/Foto-di-Darya-Greengrey-1-da-Pixabay-683x1024.jpg 683w, https:\/\/www.isentieridelbenessere.com\/wp-content\/uploads\/2026\/03\/Foto-di-Darya-Greengrey-1-da-Pixabay-200x300.jpg 200w, https:\/\/www.isentieridelbenessere.com\/wp-content\/uploads\/2026\/03\/Foto-di-Darya-Greengrey-1-da-Pixabay-768x1152.jpg 768w, https:\/\/www.isentieridelbenessere.com\/wp-content\/uploads\/2026\/03\/Foto-di-Darya-Greengrey-1-da-Pixabay-1024x1536.jpg 1024w, https:\/\/www.isentieridelbenessere.com\/wp-content\/uploads\/2026\/03\/Foto-di-Darya-Greengrey-1-da-Pixabay-8x12.jpg 8w, https:\/\/www.isentieridelbenessere.com\/wp-content\/uploads\/2026\/03\/Foto-di-Darya-Greengrey-1-da-Pixabay.jpg 1280w\" sizes=\"auto, (max-width: 683px) 100vw, 683px\" \/><\/figure><div class=\"wp-block-media-text__content\">\n<h3 class=\"wp-block-heading\">\ud83c\udf3f <strong><em>Perch\u00e9 questo percorso \u00e8 unico<\/em><\/strong><\/h3>\n\n\n\n<ul class=\"wp-block-list\">\n<li><em>Perch\u00e9 ogni contenuto \u00e8 radicato nella filosofia Masfulness: lentezza, ascolto, autenticit\u00e0.<\/em><\/li>\n\n\n\n<li><em>Perch\u00e9 unisce <strong>manualit\u00e0 termali<\/strong>, tecniche olistiche e sensibilit\u00e0 umana.<\/em><\/li>\n\n\n\n<li><em>Perch\u00e9 valorizza la <strong>presenza<\/strong>, non solo la tecnica.<\/em><\/li>\n\n\n\n<li><em>Perch\u00e9 ogni studente \u00e8 accompagnato a riconoscere il proprio <strong>ritmo naturale<\/strong>.<\/em><\/li>\n\n\n\n<li><em>Perch\u00e9 ogni attestato \u00e8 parte di un <strong>cammino pi\u00f9 grande<\/strong>, che continua oltre la formazione.<\/em><\/li>\n<\/ul>\n<\/div><\/div>\n\n\n\n<div style=\"height:50px\" aria-hidden=\"true\" class=\"wp-block-spacer\"><\/div>\n\n\n\n<figure class=\"wp-block-image size-large\"><img loading=\"lazy\" decoding=\"async\" width=\"1024\" height=\"574\" src=\"https:\/\/www.isentieridelbenessere.com\/wp-content\/uploads\/2026\/03\/Foto-di-Eva-Michalkova-da-Pixabay-1024x574.jpg\" alt=\"\" class=\"wp-image-1036\" srcset=\"https:\/\/www.isentieridelbenessere.com\/wp-content\/uploads\/2026\/03\/Foto-di-Eva-Michalkova-da-Pixabay-1024x574.jpg 1024w, https:\/\/www.isentieridelbenessere.com\/wp-content\/uploads\/2026\/03\/Foto-di-Eva-Michalkova-da-Pixabay-300x168.jpg 300w, https:\/\/www.isentieridelbenessere.com\/wp-content\/uploads\/2026\/03\/Foto-di-Eva-Michalkova-da-Pixabay-768x430.jpg 768w, https:\/\/www.isentieridelbenessere.com\/wp-content\/uploads\/2026\/03\/Foto-di-Eva-Michalkova-da-Pixabay-1536x861.jpg 1536w, https:\/\/www.isentieridelbenessere.com\/wp-content\/uploads\/2026\/03\/Foto-di-Eva-Michalkova-da-Pixabay-18x10.jpg 18w, https:\/\/www.isentieridelbenessere.com\/wp-content\/uploads\/2026\/03\/Foto-di-Eva-Michalkova-da-Pixabay.jpg 1920w\" sizes=\"auto, (max-width: 1024px) 100vw, 1024px\" \/><\/figure>\n\n\n\n<div style=\"height:30px\" aria-hidden=\"true\" class=\"wp-block-spacer\"><\/div>\n\n\n\n<h3 class=\"wp-block-heading has-text-align-center\">.<\/h3>\n\n\n\n<h2 class=\"wp-block-heading has-text-align-center\">\ud83c\udf0a<strong><em>\u201cL\u2019acqua che insegna\u201d<\/em><\/strong><\/h2>\n\n\n\n<p class=\"has-text-align-center wp-block-paragraph\"><em>E cos\u00ec, come l\u2019acqua che scorre, anche il sapere si trasforma.<\/em><\/p>\n\n\n\n<p class=\"has-text-align-center wp-block-paragraph\"><em>Resta ci\u00f2 che \u00e8 essenziale: la capacit\u00e0 di portare quiete, di creare spazi di respiro, di incontrare l\u2019altro con autenticit\u00e0.<\/em><\/p>\n\n\n\n<p class=\"has-text-align-center wp-block-paragraph\"><em>Questo diploma non \u00e8 un punto di arrivo. \u00c8 <strong>un passo nel cammino<\/strong>.<\/em><\/p>\n\n\n\n<div style=\"height:50px\" aria-hidden=\"true\" class=\"wp-block-spacer\"><\/div>\n\n\n\n<div class=\"wp-block-media-text alignwide has-media-on-the-right is-stacked-on-mobile\"><div class=\"wp-block-media-text__content\">\n<h3 class=\"wp-block-heading has-text-align-center\">\ud83d\udd4a\ufe0f<em><strong> Nota di tutela e autenticit\u00e0<\/strong><\/em><\/h3>\n\n\n\n<p class=\"has-text-align-center wp-block-paragraph\"><em>Tutti gli attestati riportati in questa pagina sono rilasciati da I Sentieri del Benessere di Riccardo Patania e rappresentano competenze acquisite nel quadro dell\u2019Operatore Olistico. Ogni contenuto \u00e8 protetto e appartiene alla visione narrativa, poetica e professionale del percorso.<\/em><\/p>\n<\/div><figure class=\"wp-block-media-text__media\"><img loading=\"lazy\" decoding=\"async\" width=\"1024\" height=\"614\" src=\"https:\/\/www.isentieridelbenessere.com\/wp-content\/uploads\/2026\/03\/Foto-di-Rudy-and-Peter-Skitterians-da-Pixabay-1024x614.jpg\" alt=\"\" class=\"wp-image-1037 size-full\" srcset=\"https:\/\/www.isentieridelbenessere.com\/wp-content\/uploads\/2026\/03\/Foto-di-Rudy-and-Peter-Skitterians-da-Pixabay-1024x614.jpg 1024w, https:\/\/www.isentieridelbenessere.com\/wp-content\/uploads\/2026\/03\/Foto-di-Rudy-and-Peter-Skitterians-da-Pixabay-300x180.jpg 300w, https:\/\/www.isentieridelbenessere.com\/wp-content\/uploads\/2026\/03\/Foto-di-Rudy-and-Peter-Skitterians-da-Pixabay-768x460.jpg 768w, https:\/\/www.isentieridelbenessere.com\/wp-content\/uploads\/2026\/03\/Foto-di-Rudy-and-Peter-Skitterians-da-Pixabay-1536x921.jpg 1536w, https:\/\/www.isentieridelbenessere.com\/wp-content\/uploads\/2026\/03\/Foto-di-Rudy-and-Peter-Skitterians-da-Pixabay-18x12.jpg 18w, https:\/\/www.isentieridelbenessere.com\/wp-content\/uploads\/2026\/03\/Foto-di-Rudy-and-Peter-Skitterians-da-Pixabay.jpg 1920w\" sizes=\"auto, (max-width: 1024px) 100vw, 1024px\" \/><\/figure><\/div>\n\n\n\n<div style=\"height:100px\" aria-hidden=\"true\" class=\"wp-block-spacer\"><\/div>\n\n\n\n<div style=\"text-align:center; margin-top:12px;\">\n  <a href=\"\/en\/contatti-e-connessioni-di-benessere\/\" \n     style=\"display:inline-flex; align-items:center; gap:8px; background:#4CAF50; color:#ffffff; padding:12px 22px; border-radius:30px; text-decoration:none; font-weight:600;\">\n    <span style=\"font-size:18px;\">\ud83c\udf43<\/span>\n    Inizia un dialogo con me\n  <\/a>\n<\/div>\n\n\n\n<div style=\"text-align:center; margin: 30px 0;\">\n  <a href=\"https:\/\/www.isentieridelbenessere.com\/en\/masfulness-un-cammino-che-si-fa-radice\/\"\n     style=\"        display:inline-block;        background-color:#4b7f52;        color:#ffffff;        padding:12px 28px;        border-radius:40px;        text-decoration:none;        font-size:1.05rem;        font-weight:500;        letter-spacing:0.3px;        transition:0.3s ease;     \"\n     onmouseover=\"this.style.backgroundColor='#3f6c46'\"\n     onmouseout=\"this.style.backgroundColor='#4b7f52'\">\n     \ud83c\udf3f Torna alla pagina della Scuola Masfulness\n  <\/a>\n<\/div>\n\n\n\n<div style=\"text-align:center; margin:40px 0;\">\n   <a href=\"\/en\/\" \n      style=\"display:inline-flex; align-items:center; gap:8px; background:#4CAF50; color:#ffffff; padding:12px 22px; border-radius:30px; text-decoration:none; font-weight:600; font-size:16px;\">\n      <span style=\"font-size:18px;\">\ud83c\udf43<\/span>\n      Torna allo spazio dove nasce l\u2019armonia\n   <\/a>\n<\/div>\n\n\n\n<div style=\"height:100px\" aria-hidden=\"true\" class=\"wp-block-spacer\"><\/div>\n\n\n\n<p class=\"has-text-align-center wp-block-paragraph\"><em>\u00a9 2025 Riccardo Patania \u2013 Tutti i testi e i contenuti narrativi presenti in questo sito, incluse le poesie, sono opere originali di Riccardo Patania e sono protette dalla legge sul diritto d&#8217;autore (L: 633\/1941).<br>Ne \u00e9 vietata la copia, la riproduzione e la diffusione, anche parziale, senza autorizzazione.<\/em> <em>Per ulteriori chiarimenti consultare la pagina Note legali e di Trasparenza <\/em>\ud83d\udc47\ud83d\udc47\ud83d\udc47<\/p>\n\n\n\n<p class=\"has-text-align-center wp-block-paragraph\">\ud83d\udcdc<em>Questo sito promuove percorsi di benessere olistico nel rispetto della normativa vigente e con totale trasparenza. Per maggiori dettagli \u00e8 disponibile la pagina Note Legali e di Trasparenza.\u201d <\/em>\ud83d\udc47\ud83d\udc47\ud83d\udc47<\/p>\n\n\n\n<div class=\"button-block\">\n  <a href=\"\/en\/note-legali\/\" class=\"main-button\">\n    \ud83c\udf31 Note Legali e di Trasparenza\n  <\/a>\n<\/div>\n\n<style>\n.button-block {\n  text-align: center;\n  margin: 2rem 0;\n}\n\n.main-button {\n  display: inline-block;\n  padding: 0.8rem 1.6rem;\n  background-color: #4CAF50; \/* verde principale *\/\n  color: #fff;               \/* testo bianco *\/\n  font-size: 1rem;\n  font-weight: 600;\n  text-decoration: none;\n  border-radius: 6px;\n  transition: background-color 0.3s ease;\n}\n\n.main-button:hover,\n.main-button:focus {\n  background-color: #388E3C; \/* verde pi\u00f9 scuro al passaggio *\/\n}\n<\/style>","protected":false},"excerpt":{"rendered":"<p>\ud83c\udf3f\u201cDove nasce il gesto\u201d Ci sono cammini che non si percorrono con i piedi, ma con le mani che imparano ad ascoltare. Ci sono acque che non bagnano la pelle, ma sciolgono il superfluo e riportano al centro. E ci sono gesti che non appartengono alla tecnica, ma alla presenza, al respiro, alla cura silenziosa. [&hellip;]<\/p>\n","protected":false},"author":1,"featured_media":1018,"parent":0,"menu_order":0,"comment_status":"closed","ping_status":"closed","template":"","meta":{"footnotes":""},"class_list":["post-1005","page","type-page","status-publish","has-post-thumbnail","hentry"],"_links":{"self":[{"href":"https:\/\/www.isentieridelbenessere.com\/en\/wp-json\/wp\/v2\/pages\/1005","targetHints":{"allow":["GET"]}}],"collection":[{"href":"https:\/\/www.isentieridelbenessere.com\/en\/wp-json\/wp\/v2\/pages"}],"about":[{"href":"https:\/\/www.isentieridelbenessere.com\/en\/wp-json\/wp\/v2\/types\/page"}],"author":[{"embeddable":true,"href":"https:\/\/www.isentieridelbenessere.com\/en\/wp-json\/wp\/v2\/users\/1"}],"replies":[{"embeddable":true,"href":"https:\/\/www.isentieridelbenessere.com\/en\/wp-json\/wp\/v2\/comments?post=1005"}],"version-history":[{"count":31,"href":"https:\/\/www.isentieridelbenessere.com\/en\/wp-json\/wp\/v2\/pages\/1005\/revisions"}],"predecessor-version":[{"id":1123,"href":"https:\/\/www.isentieridelbenessere.com\/en\/wp-json\/wp\/v2\/pages\/1005\/revisions\/1123"}],"wp:featuredmedia":[{"embeddable":true,"href":"https:\/\/www.isentieridelbenessere.com\/en\/wp-json\/wp\/v2\/media\/1018"}],"wp:attachment":[{"href":"https:\/\/www.isentieridelbenessere.com\/en\/wp-json\/wp\/v2\/media?parent=1005"}],"curies":[{"name":"wp","href":"https:\/\/api.w.org\/{rel}","templated":true}]}}